{"id":30020,"date":"2022-03-19T14:53:12","date_gmt":"2022-03-19T13:53:12","guid":{"rendered":"https:\/\/controverses-groupe3.mastercommunicationnumerique.fr\/?page_id=30020"},"modified":"2022-03-24T22:39:06","modified_gmt":"2022-03-24T21:39:06","slug":"la-quadrature-du-net","status":"publish","type":"page","link":"https:\/\/mastercommunicationnumerique.fr\/2021-2022\/groupe3\/la-quadrature-du-net\/","title":{"rendered":"La Quadrature du Net"},"content":{"rendered":"<p>[et_pb_section fb_built=\u00a0\u00bb1&Prime; fullwidth=\u00a0\u00bbon\u00a0\u00bb admin_label=\u00a0\u00bbSection\u00a0\u00bb module_id=\u00a0\u00bbhome\u00a0\u00bb _builder_version=\u00a0\u00bb4.10.5&Prime; background_video_mp4=\u00a0\u00bbhttps:\/\/mastercommunicationnumerique.fr\/2021-2022\/groupe3\/wp-content\/uploads\/2022\/03\/pexels-henri-mathieusaintlaurent-8244203.mp4&Prime; custom_padding=\u00a0\u00bb0px|0px|0px|0px\u00a0\u00bb transparent_background=\u00a0\u00bboff\u00a0\u00bb make_fullwidth=\u00a0\u00bboff\u00a0\u00bb use_custom_width=\u00a0\u00bboff\u00a0\u00bb width_unit=\u00a0\u00bboff\u00a0\u00bb custom_width_px=\u00a0\u00bb1080px\u00a0\u00bb custom_width_percent=\u00a0\u00bb80%\u00a0\u00bb global_colors_info=\u00a0\u00bb{}\u00a0\u00bb][et_pb_fullwidth_slider admin_label=\u00a0\u00bbCurseur de d\u00e9filement plein \u00e9cran\u00a0\u00bb _builder_version=\u00a0\u00bb4.10.5&Prime; background_position=\u00a0\u00bbtop_left\u00a0\u00bb background_video_mp4=\u00a0\u00bbhttps:\/\/mastercommunicationnumerique.fr\/2021-2022\/groupe3\/wp-content\/uploads\/2022\/03\/pexels-taryn-elliott-5665074.mp4&Prime; custom_padding=\u00a0\u00bb|||\u00a0\u00bb custom_padding_tablet=\u00a0\u00bb|||\u00a0\u00bb custom_padding_phone=\u00a0\u00bb|||\u00a0\u00bb remove_inner_shadow=\u00a0\u00bbon\u00a0\u00bb hide_content_on_mobile=\u00a0\u00bboff\u00a0\u00bb hide_cta_on_mobile=\u00a0\u00bboff\u00a0\u00bb show_inner_shadow=\u00a0\u00bboff\u00a0\u00bb button_border_radius_hover=\u00a0\u00bb0&Prime; button_letter_spacing_hover=\u00a0\u00bb0&Prime; global_colors_info=\u00a0\u00bb{}\u00a0\u00bb button_text_size__hover_enabled=\u00a0\u00bboff\u00a0\u00bb button_one_text_size__hover_enabled=\u00a0\u00bboff\u00a0\u00bb button_two_text_size__hover_enabled=\u00a0\u00bboff\u00a0\u00bb button_text_color__hover_enabled=\u00a0\u00bboff\u00a0\u00bb button_one_text_color__hover_enabled=\u00a0\u00bboff\u00a0\u00bb button_two_text_color__hover_enabled=\u00a0\u00bboff\u00a0\u00bb button_border_width__hover_enabled=\u00a0\u00bboff\u00a0\u00bb button_one_border_width__hover_enabled=\u00a0\u00bboff\u00a0\u00bb button_two_border_width__hover_enabled=\u00a0\u00bboff\u00a0\u00bb button_border_color__hover_enabled=\u00a0\u00bboff\u00a0\u00bb button_one_border_color__hover_enabled=\u00a0\u00bboff\u00a0\u00bb button_two_border_color__hover_enabled=\u00a0\u00bboff\u00a0\u00bb button_border_radius__hover_enabled=\u00a0\u00bbon\u00a0\u00bb button_border_radius__hover=\u00a0\u00bb0&Prime; button_one_border_radius__hover_enabled=\u00a0\u00bboff\u00a0\u00bb button_two_border_radius__hover_enabled=\u00a0\u00bboff\u00a0\u00bb button_letter_spacing__hover_enabled=\u00a0\u00bbon\u00a0\u00bb button_letter_spacing__hover=\u00a0\u00bb0&Prime; button_one_letter_spacing__hover_enabled=\u00a0\u00bboff\u00a0\u00bb button_two_letter_spacing__hover_enabled=\u00a0\u00bboff\u00a0\u00bb button_bg_color__hover_enabled=\u00a0\u00bboff\u00a0\u00bb button_one_bg_color__hover_enabled=\u00a0\u00bboff\u00a0\u00bb button_two_bg_color__hover_enabled=\u00a0\u00bboff\u00a0\u00bb][et_pb_slide heading=\u00a0\u00bbZoom sur la Quadrature du Net\u00a0\u00bb button_link=\u00a0\u00bb#about\u00a0\u00bb use_bg_overlay=\u00a0\u00bbon\u00a0\u00bb bg_overlay_color=\u00a0\u00bbrgba(0,0,0,0.5)\u00a0\u00bb use_text_overlay=\u00a0\u00bboff\u00a0\u00bb _builder_version=\u00a0\u00bb4.10.5&Prime; header_level=\u00a0\u00bbh1&Prime; header_font=\u00a0\u00bbCabin||||||||\u00a0\u00bb header_font_size=\u00a0\u00bb61px\u00a0\u00bb body_font=\u00a0\u00bb||||\u00a0\u00bb body_font_size=\u00a0\u00bb33px\u00a0\u00bb body_line_height=\u00a0\u00bb1.5em\u00a0\u00bb background_color=\u00a0\u00bbrgba(38,38,38,0)\u00a0\u00bb background_enable_color=\u00a0\u00bbon\u00a0\u00bb background_enable_image=\u00a0\u00bboff\u00a0\u00bb background_position=\u00a0\u00bbtop_left\u00a0\u00bb background_enable_video_mp4=\u00a0\u00bboff\u00a0\u00bb background_enable_video_webm=\u00a0\u00bboff\u00a0\u00bb custom_button=\u00a0\u00bbon\u00a0\u00bb button_text_size=\u00a0\u00bb16px\u00a0\u00bb button_text_color=\u00a0\u00bb#ffffff\u00a0\u00bb button_border_color=\u00a0\u00bb#ffffff\u00a0\u00bb button_font=\u00a0\u00bb||||\u00a0\u00bb button_use_icon=\u00a0\u00bboff\u00a0\u00bb header_font_size_tablet=\u00a0\u00bb80px\u00a0\u00bb header_font_size_phone=\u00a0\u00bb50px\u00a0\u00bb header_font_size_last_edited=\u00a0\u00bbon|phone\u00a0\u00bb body_font_size_tablet=\u00a0\u00bb\u00a0\u00bb body_font_size_phone=\u00a0\u00bb\u00a0\u00bb body_font_size_last_edited=\u00a0\u00bbon|tablet\u00a0\u00bb body_line_height_tablet=\u00a0\u00bb1.5em\u00a0\u00bb body_line_height_phone=\u00a0\u00bb1.5em\u00a0\u00bb button_text_size_tablet=\u00a0\u00bb16px\u00a0\u00bb button_text_size_phone=\u00a0\u00bb16px\u00a0\u00bb button_text_size_last_edited=\u00a0\u00bbon|desktop\u00a0\u00bb button_text_color_hover=\u00a0\u00bb#666666&Prime; button_bg_color_hover=\u00a0\u00bb#ffffff\u00a0\u00bb video_bg_mp4=\u00a0\u00bbhttps:\/\/mastercommunicationnumerique.fr\/2021-2022\/groupe3\/wp-content\/uploads\/2017\/02\/Office-Day-1080p.mp4&Prime; video_bg_webm=\u00a0\u00bbhttps:\/\/mastercommunicationnumerique.fr\/2021-2022\/groupe3\/wp-content\/uploads\/2017\/02\/Office-Day-1080p.webm\u00a0\u00bb global_colors_info=\u00a0\u00bb{}\u00a0\u00bb button_text_size__hover_enabled=\u00a0\u00bboff\u00a0\u00bb button_one_text_size__hover_enabled=\u00a0\u00bboff\u00a0\u00bb button_two_text_size__hover_enabled=\u00a0\u00bboff\u00a0\u00bb button_text_color__hover_enabled=\u00a0\u00bbon\u00a0\u00bb button_text_color__hover=\u00a0\u00bb#666666&Prime; button_one_text_color__hover_enabled=\u00a0\u00bboff\u00a0\u00bb button_two_text_color__hover_enabled=\u00a0\u00bboff\u00a0\u00bb button_border_width__hover_enabled=\u00a0\u00bboff\u00a0\u00bb button_one_border_width__hover_enabled=\u00a0\u00bboff\u00a0\u00bb button_two_border_width__hover_enabled=\u00a0\u00bboff\u00a0\u00bb button_border_color__hover_enabled=\u00a0\u00bboff\u00a0\u00bb button_one_border_color__hover_enabled=\u00a0\u00bboff\u00a0\u00bb button_two_border_color__hover_enabled=\u00a0\u00bboff\u00a0\u00bb button_border_radius__hover_enabled=\u00a0\u00bboff\u00a0\u00bb button_one_border_radius__hover_enabled=\u00a0\u00bboff\u00a0\u00bb button_two_border_radius__hover_enabled=\u00a0\u00bboff\u00a0\u00bb button_letter_spacing__hover_enabled=\u00a0\u00bboff\u00a0\u00bb button_one_letter_spacing__hover_enabled=\u00a0\u00bboff\u00a0\u00bb button_two_letter_spacing__hover_enabled=\u00a0\u00bboff\u00a0\u00bb button_bg_color__hover_enabled=\u00a0\u00bbon\u00a0\u00bb button_bg_color__hover=\u00a0\u00bb#ffffff\u00a0\u00bb button_one_bg_color__hover_enabled=\u00a0\u00bboff\u00a0\u00bb button_two_bg_color__hover_enabled=\u00a0\u00bboff\u00a0\u00bb sticky_transition=\u00a0\u00bbon\u00a0\u00bb][\/et_pb_slide][\/et_pb_fullwidth_slider][\/et_pb_section][et_pb_section fb_built=\u00a0\u00bb1&Prime; next_background_color=\u00a0\u00bb#f0fbff\u00a0\u00bb _builder_version=\u00a0\u00bb4.10.5&Prime; _module_preset=\u00a0\u00bbdefault\u00a0\u00bb background_color=\u00a0\u00bb#1aa6b7&Prime; min_height=\u00a0\u00bb185.2px\u00a0\u00bb custom_margin=\u00a0\u00bb0px||-2px||false|false\u00a0\u00bb custom_padding=\u00a0\u00bb38px||121px||false|false\u00a0\u00bb bottom_divider_style=\u00a0\u00bbslant2&Prime; global_colors_info=\u00a0\u00bb{}\u00a0\u00bb][et_pb_row _builder_version=\u00a0\u00bb4.10.5&Prime; _module_preset=\u00a0\u00bbdefault\u00a0\u00bb global_colors_info=\u00a0\u00bb{}\u00a0\u00bb][et_pb_column type=\u00a0\u00bb4_4&Prime; _builder_version=\u00a0\u00bb4.10.5&Prime; _module_preset=\u00a0\u00bbdefault\u00a0\u00bb global_colors_info=\u00a0\u00bb{}\u00a0\u00bb][et_pb_text _builder_version=\u00a0\u00bb4.10.5&Prime; _module_preset=\u00a0\u00bbdefault\u00a0\u00bb text_text_color=\u00a0\u00bb#FFFFFF\u00a0\u00bb text_font_size=\u00a0\u00bb16px\u00a0\u00bb custom_padding=\u00a0\u00bb||5px|||\u00a0\u00bb global_colors_info=\u00a0\u00bb{}\u00a0\u00bb]<\/p>\n<p style=\"text-align: center;\">Le choix de se focaliser sur la Quadrature du Net r\u00e9sulte de leur point de vue tranch\u00e9 concernant le sujet de controverse. C\u2019est gr\u00e2ce \u00e0 son esprit critique et ses actions que cette association parvient \u00e0 faire entendre ses id\u00e9es et valeurs qu\u2019elle d\u00e9fend.<\/p>\n<p>[\/et_pb_text][\/et_pb_column][\/et_pb_row][\/et_pb_section][et_pb_section fb_built=\u00a0\u00bb1&Prime; next_background_color=\u00a0\u00bb#ffffff\u00a0\u00bb _builder_version=\u00a0\u00bb4.10.5&Prime; _module_preset=\u00a0\u00bbdefault\u00a0\u00bb background_color=\u00a0\u00bb#f0fbff\u00a0\u00bb custom_padding=\u00a0\u00bb25px||91px|||\u00a0\u00bb bottom_divider_style=\u00a0\u00bbslant2&Prime; bottom_divider_flip=\u00a0\u00bbhorizontal\u00a0\u00bb global_colors_info=\u00a0\u00bb{}\u00a0\u00bb][et_pb_row _builder_version=\u00a0\u00bb4.10.5&Prime; _module_preset=\u00a0\u00bbdefault\u00a0\u00bb custom_margin=\u00a0\u00bb||-30px||false|false\u00a0\u00bb custom_padding=\u00a0\u00bb0px|||||\u00a0\u00bb global_colors_info=\u00a0\u00bb{}\u00a0\u00bb][et_pb_column type=\u00a0\u00bb4_4&Prime; _builder_version=\u00a0\u00bb4.10.5&Prime; _module_preset=\u00a0\u00bbdefault\u00a0\u00bb global_colors_info=\u00a0\u00bb{}\u00a0\u00bb][et_pb_text _builder_version=\u00a0\u00bb4.10.5&Prime; _module_preset=\u00a0\u00bbdefault\u00a0\u00bb text_font=\u00a0\u00bbCabin||||||||\u00a0\u00bb text_font_size=\u00a0\u00bb18px\u00a0\u00bb global_colors_info=\u00a0\u00bb{}\u00a0\u00bb]<\/p>\n<h2><strong><span style=\"color: #03506f;\">LA QUADRATURE DU NET,\u00a0<\/span><\/strong><\/h2>\n<h2><span style=\"color: #03506f;\"><b>C&rsquo;EST QUOI EXACTEMENT ?<\/b><\/span><\/h2>\n<p>[\/et_pb_text][et_pb_divider color=\u00a0\u00bb#03506f\u00a0\u00bb divider_weight=\u00a0\u00bb2px\u00a0\u00bb _builder_version=\u00a0\u00bb4.10.5&Prime; _module_preset=\u00a0\u00bbdefault\u00a0\u00bb background_enable_color=\u00a0\u00bboff\u00a0\u00bb width=\u00a0\u00bb40%\u00a0\u00bb module_alignment=\u00a0\u00bbleft\u00a0\u00bb custom_margin=\u00a0\u00bb|0px||0px|false|false\u00a0\u00bb custom_padding=\u00a0\u00bb|0px|||false|false\u00a0\u00bb global_colors_info=\u00a0\u00bb{}\u00a0\u00bb][\/et_pb_divider][\/et_pb_column][\/et_pb_row][et_pb_row column_structure=\u00a0\u00bb1_2,1_2&Prime; _builder_version=\u00a0\u00bb4.10.5&Prime; _module_preset=\u00a0\u00bbdefault\u00a0\u00bb global_colors_info=\u00a0\u00bb{}\u00a0\u00bb][et_pb_column type=\u00a0\u00bb1_2&Prime; _builder_version=\u00a0\u00bb4.10.5&Prime; _module_preset=\u00a0\u00bbdefault\u00a0\u00bb global_colors_info=\u00a0\u00bb{}\u00a0\u00bb][et_pb_text _builder_version=\u00a0\u00bb4.10.5&Prime; _module_preset=\u00a0\u00bbdefault\u00a0\u00bb text_font=\u00a0\u00bbABeeZee||||||||\u00a0\u00bb text_text_color=\u00a0\u00bb#03506f\u00a0\u00bb text_font_size=\u00a0\u00bb16px\u00a0\u00bb global_colors_info=\u00a0\u00bb{}\u00a0\u00bb]<\/p>\n<p><span style=\"font-weight: 400;\"><\/span><span style=\"font-weight: 400;\">La Quadrature du Net est une association financ\u00e9e \u00e0 78% par des dons majoritairement individuels, ou provenant d&rsquo;associations. L\u2019association refuse tout financement public pour maintenir son ind\u00e9pendance d\u2019action. Depuis sa cr\u00e9ation en <strong>2008<\/strong>, elle a su nouer des liens forts avec d\u2019autres organisations de d\u00e9fense des droits humains, \u00e0 l\u2019image de ses partenaires de l\u2019Observatoire des Libert\u00e9s et du Num\u00e9rique (OLN) comme Amnesty International France ou encore la Ligue des Droits de l\u2019Homme. <\/span><\/p>\n<p><span style=\"font-weight: 400;\">La Quadrature du Net s\u2019est \u00e9galement li\u00e9e avec des associations internationales telles que EDRi, l\u2019Electronic Frontier Foundation, ou bien des ONG comme Amnesty International ou encore l\u2019ONU et le Conseil de l\u2019Europe. Ces liens permettent \u00e0 la Quadrature du Net de s\u2019imposer en tant qu\u2019association et de faire<strong> entendre sa voix<\/strong>. L\u2019association publie des <strong>articles sur son site internet<\/strong> de fa\u00e7on r\u00e9guli\u00e8re sur divers sujets li\u00e9s \u00e0 <strong>l\u2019environnement num\u00e9rique<\/strong>. <\/span><\/p>\n<p><span style=\"font-weight: 400;\">Elle inclut divers modes d\u2019action : <\/span><\/p>\n<p>[\/et_pb_text][\/et_pb_column][et_pb_column type=\u00a0\u00bb1_2&Prime; _builder_version=\u00a0\u00bb4.10.5&Prime; _module_preset=\u00a0\u00bbdefault\u00a0\u00bb global_colors_info=\u00a0\u00bb{}\u00a0\u00bb][et_pb_image src=\u00a0\u00bbhttps:\/\/mastercommunicationnumerique.fr\/2021-2022\/groupe3\/wp-content\/uploads\/2022\/03\/te\u0301le\u0301chargement-removebg-preview.png\u00a0\u00bb force_fullwidth=\u00a0\u00bbon\u00a0\u00bb _builder_version=\u00a0\u00bb4.10.5&Prime; _module_preset=\u00a0\u00bbdefault\u00a0\u00bb custom_margin=\u00a0\u00bb0px|||18px|false|false\u00a0\u00bb animation_style=\u00a0\u00bbzoom\u00a0\u00bb global_colors_info=\u00a0\u00bb{}\u00a0\u00bb][\/et_pb_image][\/et_pb_column][\/et_pb_row][et_pb_row _builder_version=\u00a0\u00bb4.10.5&Prime; _module_preset=\u00a0\u00bbdefault\u00a0\u00bb animation_style=\u00a0\u00bbzoom\u00a0\u00bb global_colors_info=\u00a0\u00bb{}\u00a0\u00bb][et_pb_column type=\u00a0\u00bb4_4&Prime; _builder_version=\u00a0\u00bb4.10.5&Prime; _module_preset=\u00a0\u00bbdefault\u00a0\u00bb global_colors_info=\u00a0\u00bb{}\u00a0\u00bb][et_pb_accordion _builder_version=\u00a0\u00bb4.10.5&Prime; _module_preset=\u00a0\u00bbdefault\u00a0\u00bb global_colors_info=\u00a0\u00bb{}\u00a0\u00bb][et_pb_accordion_item title=\u00a0\u00bbLa production et la mise en d\u00e9bat d\u2019analyses\u00a0\u00bb open=\u00a0\u00bbon\u00a0\u00bb open_toggle_text_color=\u00a0\u00bb#FFFFFF\u00a0\u00bb _builder_version=\u00a0\u00bb4.10.5&Prime; _module_preset=\u00a0\u00bbdefault\u00a0\u00bb body_font=\u00a0\u00bbABeeZee||||||||\u00a0\u00bb body_text_color=\u00a0\u00bb#FFFFFF\u00a0\u00bb background_color=\u00a0\u00bb#1aa6b7&Prime; background_enable_color=\u00a0\u00bbon\u00a0\u00bb border_radii=\u00a0\u00bbon|8px|8px|8px|8px\u00a0\u00bb global_colors_info=\u00a0\u00bb{}\u00a0\u00bb toggle_text_color=\u00a0\u00bb#FFFFFF\u00a0\u00bb toggle_font=\u00a0\u00bbCabin||||||||\u00a0\u00bb]<\/p>\n<p>\u00ab\u00a0sur les enjeux politiques et juridiques de notre monde informatis\u00e9, et sur ses devenirs possibles. Elle souhaite le faire autant que possible en anticipant plut\u00f4t qu\u2019en r\u00e9agissant, et ce afin de dessiner une trajectoire positive face \u00e0 l\u2019h\u00e9g\u00e9monie technocratique que dessine l\u2019alliance de fait des \u00c9tats et des grandes multinationales du num\u00e9rique.\u00a0\u00bb<\/p>\n<p>[\/et_pb_accordion_item][et_pb_accordion_item title=\u00a0\u00bbLe plaidoyer politique et juridique\u00a0\u00bb open_toggle_text_color=\u00a0\u00bb#FFFFFF\u00a0\u00bb _builder_version=\u00a0\u00bb4.10.5&Prime; _module_preset=\u00a0\u00bbdefault\u00a0\u00bb body_font=\u00a0\u00bbABeeZee||||||||\u00a0\u00bb body_text_color=\u00a0\u00bb#FFFFFF\u00a0\u00bb background_color=\u00a0\u00bb#1aa6b7&Prime; background_enable_color=\u00a0\u00bbon\u00a0\u00bb border_radii=\u00a0\u00bbon|8px|8px|8px|8px\u00a0\u00bb global_colors_info=\u00a0\u00bb{}\u00a0\u00bb toggle_text_color=\u00a0\u00bb#FFFFFF\u00a0\u00bb toggle_font=\u00a0\u00bbCabin||||||||\u00a0\u00bb open=\u00a0\u00bboff\u00a0\u00bb]<\/p>\n<p><span>\u00ab\u00a0pour porter ces analyses aupr\u00e8s des personnes en position de pouvoir (\u00ab plaidoyer \u00bb). Outre les parlementaires, les juridictions, le gouvernement, la Commission europ\u00e9enne ou les autorit\u00e9s administratives ind\u00e9pendantes, il s\u2019agit \u00e9galement de faire valoir ce plaidoyer et ces strat\u00e9gies d\u2019influence aupr\u00e8s de toutes et tous, afin qu\u2019elles puissent \u00eatre comprises et inspirer d\u2019autres \u00e0 aller dans le m\u00eame sens.\u00a0\u00bb<\/span><\/p>\n<p>[\/et_pb_accordion_item][et_pb_accordion_item title=\u00a0\u00bbLa sensibilisation et la formation\u00a0\u00bb _builder_version=\u00a0\u00bb4.10.5&Prime; _module_preset=\u00a0\u00bbdefault\u00a0\u00bb body_font=\u00a0\u00bbABeeZee||||||||\u00a0\u00bb body_text_color=\u00a0\u00bb#FFFFFF\u00a0\u00bb background_color=\u00a0\u00bb#1aa6b7&Prime; background_enable_color=\u00a0\u00bbon\u00a0\u00bb border_radii=\u00a0\u00bbon|8px|8px|8px|8px\u00a0\u00bb global_colors_info=\u00a0\u00bb{}\u00a0\u00bb toggle_text_color=\u00a0\u00bb#FFFFFF\u00a0\u00bb toggle_font=\u00a0\u00bbCabin||||||||\u00a0\u00bb open=\u00a0\u00bboff\u00a0\u00bb]<\/p>\n<p><span>\u00a0\u00bb afin que notre vision du num\u00e9rique et les pratiques qui en d\u00e9coulent puissent \u00eatre mises en d\u00e9bat, enrichies \u00e0 partir de l\u2019expertise de toutes et de tous, et ainsi essaimer dans la soci\u00e9t\u00e9 (\u00ab \u00e9ducation populaire \u00bb). Il s\u2019agit par exemple de faire en sorte que nos alli\u00e9s du monde militant puissent \u00e0 leur tour se saisir de certains outils, de d\u00e9velopper des m\u00e9thodes qui les \u00e9mancipent de la surveillance et de la censure. Il s\u2019agit aussi de contribuer \u00e0 ce que chacun puisse comprendre les enjeux et soit en mesure d\u2019utiliser l\u2019informatique de fa\u00e7on consciente et raisonn\u00e9e.\u00a0\u00bb<\/span><\/p>\n<p>[\/et_pb_accordion_item][\/et_pb_accordion][\/et_pb_column][\/et_pb_row][\/et_pb_section][et_pb_section fb_built=\u00a0\u00bb1&Prime; _builder_version=\u00a0\u00bb4.10.5&Prime; _module_preset=\u00a0\u00bbdefault\u00a0\u00bb custom_padding=\u00a0\u00bb45px||0px|||\u00a0\u00bb global_colors_info=\u00a0\u00bb{}\u00a0\u00bb][et_pb_row _builder_version=\u00a0\u00bb4.10.5&Prime; _module_preset=\u00a0\u00bbdefault\u00a0\u00bb global_colors_info=\u00a0\u00bb{}\u00a0\u00bb][et_pb_column type=\u00a0\u00bb4_4&Prime; _builder_version=\u00a0\u00bb4.10.5&Prime; _module_preset=\u00a0\u00bbdefault\u00a0\u00bb global_colors_info=\u00a0\u00bb{}\u00a0\u00bb][et_pb_text _builder_version=\u00a0\u00bb4.10.5&Prime; _module_preset=\u00a0\u00bbdefault\u00a0\u00bb text_font=\u00a0\u00bbCabin||||||||\u00a0\u00bb text_font_size=\u00a0\u00bb18px\u00a0\u00bb custom_margin=\u00a0\u00bb||2px|||\u00a0\u00bb custom_padding=\u00a0\u00bb||0px|||\u00a0\u00bb locked=\u00a0\u00bboff\u00a0\u00bb global_colors_info=\u00a0\u00bb{}\u00a0\u00bb]<\/p>\n<h2 style=\"text-align: center;\"><strong><span style=\"color: #03506f;\">LA QUADRATURE DU NET SUR LES R\u00c9SEAUX SOCIAUX<\/span><\/strong><\/h2>\n<p>[\/et_pb_text][\/et_pb_column][\/et_pb_row][et_pb_row _builder_version=\u00a0\u00bb4.10.5&Prime; _module_preset=\u00a0\u00bbdefault\u00a0\u00bb custom_padding=\u00a0\u00bb7px|||||\u00a0\u00bb global_colors_info=\u00a0\u00bb{}\u00a0\u00bb][et_pb_column type=\u00a0\u00bb4_4&Prime; _builder_version=\u00a0\u00bb4.10.5&Prime; _module_preset=\u00a0\u00bbdefault\u00a0\u00bb global_colors_info=\u00a0\u00bb{}\u00a0\u00bb][et_pb_divider color=\u00a0\u00bb#09506f\u00a0\u00bb divider_weight=\u00a0\u00bb3px\u00a0\u00bb _builder_version=\u00a0\u00bb4.10.5&Prime; _module_preset=\u00a0\u00bbdefault\u00a0\u00bb width=\u00a0\u00bb75%\u00a0\u00bb module_alignment=\u00a0\u00bbcenter\u00a0\u00bb global_colors_info=\u00a0\u00bb{}\u00a0\u00bb][\/et_pb_divider][\/et_pb_column][\/et_pb_row][et_pb_row column_structure=\u00a0\u00bb1_3,2_3&Prime; _builder_version=\u00a0\u00bb4.10.5&Prime; _module_preset=\u00a0\u00bbdefault\u00a0\u00bb global_colors_info=\u00a0\u00bb{}\u00a0\u00bb][et_pb_column type=\u00a0\u00bb1_3&Prime; _builder_version=\u00a0\u00bb4.10.5&Prime; _module_preset=\u00a0\u00bbdefault\u00a0\u00bb global_colors_info=\u00a0\u00bb{}\u00a0\u00bb][et_pb_image src=\u00a0\u00bbhttps:\/\/mastercommunicationnumerique.fr\/2021-2022\/groupe3\/wp-content\/uploads\/2022\/03\/re\u0301seaux-sociaux.png\u00a0\u00bb align=\u00a0\u00bbright\u00a0\u00bb _builder_version=\u00a0\u00bb4.10.5&Prime; _module_preset=\u00a0\u00bbdefault\u00a0\u00bb module_alignment=\u00a0\u00bbcenter\u00a0\u00bb custom_margin=\u00a0\u00bb-16px|||||\u00a0\u00bb animation_style=\u00a0\u00bbzoom\u00a0\u00bb global_colors_info=\u00a0\u00bb{}\u00a0\u00bb][\/et_pb_image][\/et_pb_column][et_pb_column type=\u00a0\u00bb2_3&Prime; _builder_version=\u00a0\u00bb4.10.5&Prime; _module_preset=\u00a0\u00bbdefault\u00a0\u00bb global_colors_info=\u00a0\u00bb{}\u00a0\u00bb][et_pb_text _builder_version=\u00a0\u00bb4.10.5&Prime; _module_preset=\u00a0\u00bbdefault\u00a0\u00bb text_font=\u00a0\u00bbABeeZee||||||||\u00a0\u00bb text_text_color=\u00a0\u00bb#09506f\u00a0\u00bb text_font_size=\u00a0\u00bb16px\u00a0\u00bb global_colors_info=\u00a0\u00bb{}\u00a0\u00bb]<\/p>\n<p><span style=\"font-weight: 400;\">L\u2019association est pr\u00e9sente sur Youtube (14 000), Facebook (35 000) mais surtout Twitter (98 000 abonn\u00e9s) o\u00f9 elle publie et relaie des informations jug\u00e9es importantes sur son fil d\u2019actualit\u00e9 au quotidien. On retrouve alors de nombreux retweets (d\u2019associations, ONG, personnalit\u00e9s, projets de loi) accompagn\u00e9s le plus souvent d\u2019informations compl\u00e9mentaires de l\u2019association pour<strong> confirmer les propos<\/strong> ou bien <strong>\u00e9mettre des critiques justifi\u00e9es<\/strong>. L\u2019association profite \u00e9galement de sa pr\u00e9sence sur les r\u00e9seaux pour f\u00e9d\u00e9rer sa communaut\u00e9 en organisant par exemple des \u00e9v\u00e9nements appel\u00e9s \u201cQuadrap\u00e9ro\u201d pour <strong>\u00e9changer ensemble<\/strong> autour d\u2019une th\u00e9matique.<\/span><span style=\"font-weight: 400;\">\u00a0<\/span><\/p>\n<p>[\/et_pb_text][\/et_pb_column][\/et_pb_row][et_pb_row _builder_version=\u00a0\u00bb4.10.5&Prime; _module_preset=\u00a0\u00bbdefault\u00a0\u00bb custom_padding=\u00a0\u00bb||0px|||\u00a0\u00bb animation_style=\u00a0\u00bbzoom\u00a0\u00bb global_colors_info=\u00a0\u00bb{}\u00a0\u00bb][et_pb_column type=\u00a0\u00bb4_4&Prime; _builder_version=\u00a0\u00bb4.10.5&Prime; _module_preset=\u00a0\u00bbdefault\u00a0\u00bb global_colors_info=\u00a0\u00bb{}\u00a0\u00bb][et_pb_social_media_follow _builder_version=\u00a0\u00bb4.10.5&Prime; _module_preset=\u00a0\u00bbdefault\u00a0\u00bb text_orientation=\u00a0\u00bbcenter\u00a0\u00bb custom_margin=\u00a0\u00bb-42px|||||\u00a0\u00bb global_colors_info=\u00a0\u00bb{}\u00a0\u00bb][et_pb_social_media_follow_network social_network=\u00a0\u00bbfacebook\u00a0\u00bb url=\u00a0\u00bbhttps:\/\/www.facebook.com\/LaQuadrature\/\u00a0\u00bb _builder_version=\u00a0\u00bb4.10.5&Prime; _module_preset=\u00a0\u00bbdefault\u00a0\u00bb background_color=\u00a0\u00bb#3b5998&Prime; global_colors_info=\u00a0\u00bb{}\u00a0\u00bb follow_button=\u00a0\u00bboff\u00a0\u00bb url_new_window=\u00a0\u00bbon\u00a0\u00bb]facebook[\/et_pb_social_media_follow_network][et_pb_social_media_follow_network social_network=\u00a0\u00bbtwitter\u00a0\u00bb url=\u00a0\u00bbhttps:\/\/twitter.com\/laquadrature\u00a0\u00bb _builder_version=\u00a0\u00bb4.10.5&Prime; _module_preset=\u00a0\u00bbdefault\u00a0\u00bb background_color=\u00a0\u00bb#00aced\u00a0\u00bb global_colors_info=\u00a0\u00bb{}\u00a0\u00bb follow_button=\u00a0\u00bboff\u00a0\u00bb url_new_window=\u00a0\u00bbon\u00a0\u00bb]twitter[\/et_pb_social_media_follow_network][et_pb_social_media_follow_network social_network=\u00a0\u00bbrss\u00a0\u00bb _builder_version=\u00a0\u00bb4.10.5&Prime; _module_preset=\u00a0\u00bbdefault\u00a0\u00bb background_color=\u00a0\u00bb#ff8a3c\u00a0\u00bb global_colors_info=\u00a0\u00bb{}\u00a0\u00bb follow_button=\u00a0\u00bboff\u00a0\u00bb url_new_window=\u00a0\u00bbon\u00a0\u00bb]rss[\/et_pb_social_media_follow_network][et_pb_social_media_follow_network social_network=\u00a0\u00bbyoutube\u00a0\u00bb url=\u00a0\u00bbhttps:\/\/www.youtube.com\/user\/laquadrature\u00a0\u00bb _builder_version=\u00a0\u00bb4.10.5&Prime; _module_preset=\u00a0\u00bbdefault\u00a0\u00bb background_color=\u00a0\u00bb#a82400&Prime; global_colors_info=\u00a0\u00bb{}\u00a0\u00bb follow_button=\u00a0\u00bboff\u00a0\u00bb url_new_window=\u00a0\u00bbon\u00a0\u00bb]youtube[\/et_pb_social_media_follow_network][\/et_pb_social_media_follow][\/et_pb_column][\/et_pb_row][\/et_pb_section][et_pb_section fb_built=\u00a0\u00bb1&Prime; _builder_version=\u00a0\u00bb4.10.5&Prime; _module_preset=\u00a0\u00bbdefault\u00a0\u00bb custom_padding=\u00a0\u00bb44px||58px|||\u00a0\u00bb global_colors_info=\u00a0\u00bb{}\u00a0\u00bb][et_pb_row _builder_version=\u00a0\u00bb4.10.5&Prime; _module_preset=\u00a0\u00bbdefault\u00a0\u00bb custom_padding=\u00a0\u00bb0px|||||\u00a0\u00bb global_colors_info=\u00a0\u00bb{}\u00a0\u00bb][et_pb_column type=\u00a0\u00bb4_4&Prime; _builder_version=\u00a0\u00bb4.10.5&Prime; _module_preset=\u00a0\u00bbdefault\u00a0\u00bb global_colors_info=\u00a0\u00bb{}\u00a0\u00bb][et_pb_text _builder_version=\u00a0\u00bb4.10.5&Prime; _module_preset=\u00a0\u00bbdefault\u00a0\u00bb text_font=\u00a0\u00bbABeeZee||||||||\u00a0\u00bb text_text_color=\u00a0\u00bb#03506f\u00a0\u00bb text_font_size=\u00a0\u00bb16px\u00a0\u00bb global_colors_info=\u00a0\u00bb{}\u00a0\u00bb]<\/p>\n<p><span style=\"font-weight: 400;\">La Quadrature du Net est aussi pr\u00e9sente sur le r\u00e9seau social et logiciel de microblog auto-h\u00e9berg\u00e9, \u201c<strong>Mastodon<\/strong>\u201d, ainsi que sur un autre logiciel d&rsquo;h\u00e9bergement de vid\u00e9o d\u00e9centralis\u00e9 pour la diffusion de pair \u00e0 pair appel\u00e9 \u201c<strong>Peertube<\/strong>\u201d. <\/span><span style=\"font-weight: 400;\">Ces r\u00e9seaux permettent \u00e0 l\u2019association de diffuser ses informations, analyses et d\u00e9bats, et de laisser les utilisateurs prendre part \u00e0 leurs d\u00e9bats et d\u2019\u00e9mettre des avis. <\/span><\/p>\n<p><span style=\"font-weight: 400;\">Toujours dans cette optique de diffusion de l&rsquo;information et des savoirs, la Quadrature du Net a mis en place des listes de mail, ou encore la possibilit\u00e9 de s\u2019abonner \u00e0 leur<strong> flux RSS<\/strong> pour ne pas louper d\u2019informations. Par ailleurs, l\u2019association a \u00e9labor\u00e9 quelques mod\u00e8les de messages pr\u00eats \u00e0 \u00eatre diffus\u00e9s pour ceux qui souhaiteraient diffuser leurs actions sur les r\u00e9seaux sociaux, par mail ou autour de soi. <\/span><\/p>\n<p><span style=\"font-weight: 400;\">Enfin, il s\u2019agit d\u2019une association ouverte \u00e0 la <strong>contribution de chacun<\/strong> sur divers points tels que : la contribution aux outils informatiques, la relecture de traductions, l\u2019alerte aux \u00e9lus et responsables politiques, la r\u00e9alisation d\u2019une affiche ou graphisme, etc. Sa strat\u00e9gie de communication se r\u00e9sume alors \u00e0 <strong>engager les individus<\/strong> et les faire <strong>se rallier \u00e0 diverses actions de communication pour une m\u00eame cause<\/strong>.<\/span><\/p>\n<p>[\/et_pb_text][\/et_pb_column][\/et_pb_row][\/et_pb_section][et_pb_section fb_built=\u00a0\u00bb1&Prime; fullwidth=\u00a0\u00bbon\u00a0\u00bb _builder_version=\u00a0\u00bb4.10.5&Prime; _module_preset=\u00a0\u00bbdefault\u00a0\u00bb custom_margin=\u00a0\u00bb27px|||||\u00a0\u00bb global_colors_info=\u00a0\u00bb{}\u00a0\u00bb][\/et_pb_section][et_pb_section fb_built=\u00a0\u00bb1&Prime; _builder_version=\u00a0\u00bb4.10.5&Prime; _module_preset=\u00a0\u00bbdefault\u00a0\u00bb background_color=\u00a0\u00bb#03506f\u00a0\u00bb width=\u00a0\u00bb83%\u00a0\u00bb max_width=\u00a0\u00bb100%\u00a0\u00bb module_alignment=\u00a0\u00bbcenter\u00a0\u00bb min_height=\u00a0\u00bb133.9px\u00a0\u00bb custom_margin=\u00a0\u00bb-75px||||false|false\u00a0\u00bb custom_padding=\u00a0\u00bb26px||31px|||\u00a0\u00bb animation_style=\u00a0\u00bbzoom\u00a0\u00bb box_shadow_style=\u00a0\u00bbpreset4&Prime; box_shadow_color=\u00a0\u00bb#1aa6b7&Prime; global_colors_info=\u00a0\u00bb{}\u00a0\u00bb][et_pb_row _builder_version=\u00a0\u00bb4.10.5&Prime; _module_preset=\u00a0\u00bbdefault\u00a0\u00bb custom_margin=\u00a0\u00bb-1px|auto||auto||\u00a0\u00bb global_colors_info=\u00a0\u00bb{}\u00a0\u00bb][et_pb_column type=\u00a0\u00bb4_4&Prime; _builder_version=\u00a0\u00bb4.10.5&Prime; _module_preset=\u00a0\u00bbdefault\u00a0\u00bb global_colors_info=\u00a0\u00bb{}\u00a0\u00bb][et_pb_text _builder_version=\u00a0\u00bb4.10.5&Prime; _module_preset=\u00a0\u00bbdefault\u00a0\u00bb text_font=\u00a0\u00bbCabin||||||||\u00a0\u00bb global_colors_info=\u00a0\u00bb{}\u00a0\u00bb]<\/p>\n<h2 style=\"text-align: center;\"><span style=\"color: #ffffff;\">Mais plus pr\u00e9cis\u00e9ment, comment communique-t-elle autour de TousAntiCovid ?\u00a0<\/span><\/h2>\n<p>[\/et_pb_text][\/et_pb_column][\/et_pb_row][et_pb_row _builder_version=\u00a0\u00bb4.10.5&Prime; _module_preset=\u00a0\u00bbdefault\u00a0\u00bb custom_padding=\u00a0\u00bb4px|||||\u00a0\u00bb global_colors_info=\u00a0\u00bb{}\u00a0\u00bb][et_pb_column type=\u00a0\u00bb4_4&Prime; _builder_version=\u00a0\u00bb4.10.5&Prime; _module_preset=\u00a0\u00bbdefault\u00a0\u00bb global_colors_info=\u00a0\u00bb{}\u00a0\u00bb][et_pb_divider color=\u00a0\u00bb#FFFFFF\u00a0\u00bb divider_weight=\u00a0\u00bb2px\u00a0\u00bb _builder_version=\u00a0\u00bb4.10.5&Prime; _module_preset=\u00a0\u00bbdefault\u00a0\u00bb width=\u00a0\u00bb95%\u00a0\u00bb max_width=\u00a0\u00bb100%\u00a0\u00bb module_alignment=\u00a0\u00bbcenter\u00a0\u00bb min_height=\u00a0\u00bb67.8px\u00a0\u00bb custom_margin=\u00a0\u00bb||-121px|||\u00a0\u00bb border_radii=\u00a0\u00bbon|3px|3px|3px|3px\u00a0\u00bb global_colors_info=\u00a0\u00bb{}\u00a0\u00bb][\/et_pb_divider][\/et_pb_column][\/et_pb_row][et_pb_row _builder_version=\u00a0\u00bb4.10.5&Prime; _module_preset=\u00a0\u00bbdefault\u00a0\u00bb global_colors_info=\u00a0\u00bb{}\u00a0\u00bb][et_pb_column type=\u00a0\u00bb4_4&Prime; _builder_version=\u00a0\u00bb4.10.5&Prime; _module_preset=\u00a0\u00bbdefault\u00a0\u00bb global_colors_info=\u00a0\u00bb{}\u00a0\u00bb][et_pb_text _builder_version=\u00a0\u00bb4.10.5&Prime; _module_preset=\u00a0\u00bbdefault\u00a0\u00bb text_font=\u00a0\u00bbABeeZee||||||||\u00a0\u00bb text_text_color=\u00a0\u00bb#FFFFFF\u00a0\u00bb text_font_size=\u00a0\u00bb16px\u00a0\u00bb global_colors_info=\u00a0\u00bb{}\u00a0\u00bb]<\/p>\n<p style=\"text-align: center;\"><span style=\"font-weight: 400;\">Bien que la Quadrature du Net se positionne sur un grand nombre de sujets li\u00e9s au num\u00e9rique et notamment aux donn\u00e9es personnelles sur internet, l\u2019application TousAntiCovid est devenue un sujet r\u00e9current.<\/span><\/p>\n<p>[\/et_pb_text][\/et_pb_column][\/et_pb_row][\/et_pb_section][et_pb_section fb_built=\u00a0\u00bb1&Prime; next_background_color=\u00a0\u00bb#ffffff\u00a0\u00bb _builder_version=\u00a0\u00bb4.10.5&Prime; _module_preset=\u00a0\u00bbdefault\u00a0\u00bb background_color=\u00a0\u00bb#f0fbff\u00a0\u00bb custom_padding=\u00a0\u00bb||80px|||\u00a0\u00bb bottom_divider_style=\u00a0\u00bbslant2&Prime; global_colors_info=\u00a0\u00bb{}\u00a0\u00bb][et_pb_row _builder_version=\u00a0\u00bb4.10.5&Prime; _module_preset=\u00a0\u00bbdefault\u00a0\u00bb global_colors_info=\u00a0\u00bb{}\u00a0\u00bb][et_pb_column type=\u00a0\u00bb4_4&Prime; _builder_version=\u00a0\u00bb4.10.5&Prime; _module_preset=\u00a0\u00bbdefault\u00a0\u00bb global_colors_info=\u00a0\u00bb{}\u00a0\u00bb][et_pb_text _builder_version=\u00a0\u00bb4.10.5&Prime; _module_preset=\u00a0\u00bbdefault\u00a0\u00bb text_font=\u00a0\u00bbABeeZee||||||||\u00a0\u00bb text_text_color=\u00a0\u00bb#09506f\u00a0\u00bb text_font_size=\u00a0\u00bb16px\u00a0\u00bb global_colors_info=\u00a0\u00bb{}\u00a0\u00bb]<\/p>\n<p><span style=\"font-weight: 400;\">En effet, d\u00e8s l\u2019\u00e9vocation d\u2019une potentielle application de contact tracing pour endiguer la pand\u00e9mie, la Quadrature du Net a fait part de ses <strong>inqui\u00e9tudes<\/strong> et de ses <strong>arguments<\/strong> allant \u00e0 l\u2019encontre d\u2019une telle solution. Les mois de mars et avril 2020 ont donc \u00e9t\u00e9 rythm\u00e9s par des articles sur le sujet. Au total, <strong>7 articles en lien avec la protection des donn\u00e9es<\/strong> ont \u00e9t\u00e9 diffus\u00e9s, sans compter les <strong>nombreuses actions<\/strong> et <strong>prises de parole sur les r\u00e9seaux sociaux<\/strong>. C\u2019est par des titres tr\u00e8s accrocheurs et explicites que l\u2019association communique et s\u2019exprime. Ainsi la position et l\u2019avis de l\u2019association sont tout de suite mis en avant. <\/span><\/p>\n<p><span style=\"font-weight: 400;\">Par exemple, le 8 avril 2020 \u00e9tait publi\u00e9 sur le site internet l\u2019article : \u201c<em>La crise sanitaire ne justifie pas d\u2019imposer les technologies de surveillance<\/em>\u201d, le 25 avril : \u201c<em>Stopcovid est un projet d\u00e9sastreux pilot\u00e9 par des apprentis sorciers<\/em>\u201d. Pour prendre part \u00e0 la controverse, le site pr\u00e9sente alors 4 articles uniquement au mois d\u2019avril, soit quelques semaines apr\u00e8s l\u2019annonce du gouvernement. Dans ces divers articles, les arguments sont construits autour de chiffres, citations, lois et r\u00e8glementations pour <strong>\u00e9tayer ses propos<\/strong> et <strong>les appuyer davantage<\/strong>.\u00a0<\/span><\/p>\n<p>[\/et_pb_text][\/et_pb_column][\/et_pb_row][\/et_pb_section][et_pb_section fb_built=\u00a0\u00bb1&Prime; _builder_version=\u00a0\u00bb4.10.5&Prime; _module_preset=\u00a0\u00bbdefault\u00a0\u00bb global_colors_info=\u00a0\u00bb{}\u00a0\u00bb][et_pb_row column_structure=\u00a0\u00bb3_5,2_5&Prime; _builder_version=\u00a0\u00bb4.10.5&Prime; _module_preset=\u00a0\u00bbdefault\u00a0\u00bb global_colors_info=\u00a0\u00bb{}\u00a0\u00bb][et_pb_column type=\u00a0\u00bb3_5&Prime; _builder_version=\u00a0\u00bb4.10.5&Prime; _module_preset=\u00a0\u00bbdefault\u00a0\u00bb global_colors_info=\u00a0\u00bb{}\u00a0\u00bb][et_pb_text _builder_version=\u00a0\u00bb4.10.5&Prime; _module_preset=\u00a0\u00bbdefault\u00a0\u00bb text_font=\u00a0\u00bbABeeZee||||||||\u00a0\u00bb text_font_size=\u00a0\u00bb16px\u00a0\u00bb global_colors_info=\u00a0\u00bb{}\u00a0\u00bb]<\/p>\n<p><span style=\"font-weight: 400; color: #09506f;\">Pour permettre aux utilisateurs de mieux cerner le sujet et les diverses probl\u00e9matiques, l\u2019association met des textes \u00e0 disposition sur ses articles. La Quadrature du Net a m\u00eame mis en place un<strong> formulaire pour inciter ses utilisateurs \u00e0 contacter les d\u00e9put\u00e9s<\/strong> avant le vote de l\u2019application \u00e0 l\u2019Assembl\u00e9e Nationale. Nous pouvons de ce fait lire \u201cRejetons StopCovid \u2013 Contactons les d\u00e9put\u00e9s\u201d avec leur contact pour \u201c<em>leur demander de mettre fin \u00e0 ce d\u00e9bat inutile et dangereux<\/em>\u201d.<\/span><\/p>\n<p>[\/et_pb_text][et_pb_button button_url=\u00a0\u00bbhttps:\/\/www.laquadrature.net\/stopcovid\/\u00a0\u00bb button_text=\u00a0\u00bbEn savoir plus\u00a0\u00bb button_alignment=\u00a0\u00bbcenter\u00a0\u00bb _builder_version=\u00a0\u00bb4.10.5&Prime; _module_preset=\u00a0\u00bbdefault\u00a0\u00bb custom_button=\u00a0\u00bbon\u00a0\u00bb button_text_size=\u00a0\u00bb17px\u00a0\u00bb button_text_color=\u00a0\u00bb#FFFFFF\u00a0\u00bb button_bg_color=\u00a0\u00bb#e84451&Prime; button_border_width=\u00a0\u00bb0px\u00a0\u00bb button_border_radius=\u00a0\u00bb24px\u00a0\u00bb global_colors_info=\u00a0\u00bb{}\u00a0\u00bb button_bg_color__hover_enabled=\u00a0\u00bbon|hover\u00a0\u00bb button_bg_color__hover=\u00a0\u00bb#f56a79&Prime; button_bg_enable_color__hover=\u00a0\u00bbon\u00a0\u00bb][\/et_pb_button][\/et_pb_column][et_pb_column type=\u00a0\u00bb2_5&Prime; _builder_version=\u00a0\u00bb4.10.5&Prime; _module_preset=\u00a0\u00bbdefault\u00a0\u00bb global_colors_info=\u00a0\u00bb{}\u00a0\u00bb][et_pb_image src=\u00a0\u00bbhttps:\/\/mastercommunicationnumerique.fr\/2021-2022\/groupe3\/wp-content\/uploads\/2022\/03\/Capture-de\u0301cran-2022-03-20-a\u0300-16.42.39.png\u00a0\u00bb _builder_version=\u00a0\u00bb4.10.5&Prime; _module_preset=\u00a0\u00bbdefault\u00a0\u00bb animation_style=\u00a0\u00bbzoom\u00a0\u00bb box_shadow_style=\u00a0\u00bbpreset2&Prime; global_colors_info=\u00a0\u00bb{}\u00a0\u00bb][\/et_pb_image][\/et_pb_column][\/et_pb_row][\/et_pb_section][et_pb_section fb_built=\u00a0\u00bb1&Prime; _builder_version=\u00a0\u00bb4.10.5&Prime; _module_preset=\u00a0\u00bbdefault\u00a0\u00bb custom_padding=\u00a0\u00bb18px|||||\u00a0\u00bb global_colors_info=\u00a0\u00bb{}\u00a0\u00bb][et_pb_row column_structure=\u00a0\u00bb2_5,3_5&Prime; _builder_version=\u00a0\u00bb4.10.5&Prime; _module_preset=\u00a0\u00bbdefault\u00a0\u00bb min_height=\u00a0\u00bb426.2px\u00a0\u00bb global_colors_info=\u00a0\u00bb{}\u00a0\u00bb][et_pb_column type=\u00a0\u00bb2_5&Prime; _builder_version=\u00a0\u00bb4.10.5&Prime; _module_preset=\u00a0\u00bbdefault\u00a0\u00bb global_colors_info=\u00a0\u00bb{}\u00a0\u00bb][et_pb_image src=\u00a0\u00bbhttps:\/\/mastercommunicationnumerique.fr\/2021-2022\/groupe3\/wp-content\/uploads\/2022\/03\/stop.png\u00a0\u00bb _builder_version=\u00a0\u00bb4.10.5&Prime; _module_preset=\u00a0\u00bbdefault\u00a0\u00bb min_height=\u00a0\u00bb322.2px\u00a0\u00bb filter_saturate=\u00a0\u00bb0%\u00a0\u00bb animation_style=\u00a0\u00bbzoom\u00a0\u00bb global_colors_info=\u00a0\u00bb{}\u00a0\u00bb filter_saturate__hover_enabled=\u00a0\u00bbon|hover\u00a0\u00bb filter_saturate__hover=\u00a0\u00bb100%\u00a0\u00bb][\/et_pb_image][\/et_pb_column][et_pb_column type=\u00a0\u00bb3_5&Prime; _builder_version=\u00a0\u00bb4.10.5&Prime; _module_preset=\u00a0\u00bbdefault\u00a0\u00bb global_colors_info=\u00a0\u00bb{}\u00a0\u00bb][et_pb_text _builder_version=\u00a0\u00bb4.10.5&Prime; _module_preset=\u00a0\u00bbdefault\u00a0\u00bb text_font=\u00a0\u00bbABeeZee||||||||\u00a0\u00bb text_font_size=\u00a0\u00bb16px\u00a0\u00bb global_colors_info=\u00a0\u00bb{}\u00a0\u00bb]<\/p>\n<p><span style=\"font-weight: 400; color: #09506f;\">La Quadrature du Net base par ailleurs sa communication autour de TousAntiCovid sur les r\u00e9seaux sociaux. En effet, gr\u00e2ce \u00e0 ces derniers, elle d\u00e9veloppe davantage sa notori\u00e9t\u00e9 et permet de toucher plus de monde. <\/span><\/p>\n<p><span style=\"font-weight: 400; color: #09506f;\">La Quadrature du Net met r\u00e9guli\u00e8rement en avant<strong> les propos d\u2019acteurs allant en son sens<\/strong> et qui les soutiennent ou bien \u00e0 l\u2019inverse, des<strong> propos auxquels ils s\u2019opposent fermement<\/strong>. Les r\u00e9seaux sociaux vont permettre aux membres de l\u2019association de voir l\u2019avis des utilisateurs quant \u00e0 l\u2019application et les risques qu\u2019elle entra\u00eenerait. Pour mettre en avant leurs arguments premiers pour rejeter la premi\u00e8re application StopCovid, l\u2019association va m\u00eame r\u00e9aliser des infographies pour<strong> expliciter ses arguments<\/strong> et <strong>les rendre plus compr\u00e9hensibles de tous<\/strong>. <\/span><\/p>\n<p><span style=\"font-weight: 400; color: #09506f;\">Enfin, l\u2019association fait directement <strong>entendre ses id\u00e9es<\/strong> et <strong>int\u00e9r\u00eats aux parlementaires<\/strong> pour essayer, \u00e0 son niveau, de changer la situation lorsqu\u2019elle est selon jug\u00e9e dangereuse pour les droits des individus.\u00a0<\/span><\/p>\n<p>[\/et_pb_text][\/et_pb_column][\/et_pb_row][et_pb_row _builder_version=\u00a0\u00bb4.10.5&Prime; _module_preset=\u00a0\u00bbdefault\u00a0\u00bb global_colors_info=\u00a0\u00bb{}\u00a0\u00bb][et_pb_column type=\u00a0\u00bb4_4&Prime; _builder_version=\u00a0\u00bb4.10.5&Prime; _module_preset=\u00a0\u00bbdefault\u00a0\u00bb global_colors_info=\u00a0\u00bb{}\u00a0\u00bb][et_pb_button button_url=\u00a0\u00bbhttps:\/\/mastercommunicationnumerique.fr\/2021-2022\/groupe3\/aurait-on-pu-faire-autrement\/\u00a0\u00bb button_text=\u00a0\u00bbAurait-on pu faire autrement ?\u00a0\u00bb button_alignment=\u00a0\u00bbright\u00a0\u00bb _builder_version=\u00a0\u00bb4.10.5&Prime; _module_preset=\u00a0\u00bbdefault\u00a0\u00bb custom_button=\u00a0\u00bbon\u00a0\u00bb button_text_size=\u00a0\u00bb17px\u00a0\u00bb button_text_color=\u00a0\u00bb#FFFFFF\u00a0\u00bb button_bg_color=\u00a0\u00bb#03506f\u00a0\u00bb button_border_width=\u00a0\u00bb0px\u00a0\u00bb button_border_radius=\u00a0\u00bb24px\u00a0\u00bb button_font=\u00a0\u00bbABeeZee||||||||\u00a0\u00bb global_colors_info=\u00a0\u00bb{}\u00a0\u00bb button_bg_color__hover_enabled=\u00a0\u00bbon|desktop\u00a0\u00bb button_bg_color__hover=\u00a0\u00bb#1aa6b7&Prime; button_bg_enable_color__hover=\u00a0\u00bbon\u00a0\u00bb][\/et_pb_button][\/et_pb_column][\/et_pb_row][\/et_pb_section][et_pb_section fb_built=\u00a0\u00bb1&Prime; _builder_version=\u00a0\u00bb4.10.5&Prime; _module_preset=\u00a0\u00bbdefault\u00a0\u00bb background_color=\u00a0\u00bb#03506f\u00a0\u00bb min_height=\u00a0\u00bb78px\u00a0\u00bb custom_margin=\u00a0\u00bb||-69px|||\u00a0\u00bb custom_padding=\u00a0\u00bb0px||0px|||\u00a0\u00bb global_colors_info=\u00a0\u00bb{}\u00a0\u00bb][\/et_pb_section]<\/p>\n","protected":false},"excerpt":{"rendered":"<p>Le choix de se focaliser sur la Quadrature du Net r\u00e9sulte de leur point de vue tranch\u00e9 concernant le sujet de controverse. C\u2019est gr\u00e2ce \u00e0 son esprit critique et ses actions que cette association parvient \u00e0 faire entendre ses id\u00e9es et valeurs qu\u2019elle d\u00e9fend.LA QUADRATURE DU NET,\u00a0 C&rsquo;EST QUOI EXACTEMENT ?La Quadrature du Net est [&hellip;]<\/p>\n","protected":false},"author":4,"featured_media":0,"parent":0,"menu_order":0,"comment_status":"closed","ping_status":"closed","template":"","meta":{"_et_pb_use_builder":"on","_et_pb_old_content":"","_et_gb_content_width":"","footnotes":""},"class_list":["post-30020","page","type-page","status-publish","hentry"],"_links":{"self":[{"href":"https:\/\/mastercommunicationnumerique.fr\/2021-2022\/groupe3\/wp-json\/wp\/v2\/pages\/30020","targetHints":{"allow":["GET"]}}],"collection":[{"href":"https:\/\/mastercommunicationnumerique.fr\/2021-2022\/groupe3\/wp-json\/wp\/v2\/pages"}],"about":[{"href":"https:\/\/mastercommunicationnumerique.fr\/2021-2022\/groupe3\/wp-json\/wp\/v2\/types\/page"}],"author":[{"embeddable":true,"href":"https:\/\/mastercommunicationnumerique.fr\/2021-2022\/groupe3\/wp-json\/wp\/v2\/users\/4"}],"replies":[{"embeddable":true,"href":"https:\/\/mastercommunicationnumerique.fr\/2021-2022\/groupe3\/wp-json\/wp\/v2\/comments?post=30020"}],"version-history":[{"count":51,"href":"https:\/\/mastercommunicationnumerique.fr\/2021-2022\/groupe3\/wp-json\/wp\/v2\/pages\/30020\/revisions"}],"predecessor-version":[{"id":30873,"href":"https:\/\/mastercommunicationnumerique.fr\/2021-2022\/groupe3\/wp-json\/wp\/v2\/pages\/30020\/revisions\/30873"}],"wp:attachment":[{"href":"https:\/\/mastercommunicationnumerique.fr\/2021-2022\/groupe3\/wp-json\/wp\/v2\/media?parent=30020"}],"curies":[{"name":"wp","href":"https:\/\/api.w.org\/{rel}","templated":true}]}}