{"id":29420,"date":"2022-03-11T19:32:47","date_gmt":"2022-03-11T18:32:47","guid":{"rendered":"https:\/\/controverses-groupe3.mastercommunicationnumerique.fr\/?page_id=29420"},"modified":"2022-03-23T17:41:49","modified_gmt":"2022-03-23T16:41:49","slug":"que-dit-la-loi-sur-les-donnees-personnelles","status":"publish","type":"page","link":"https:\/\/mastercommunicationnumerique.fr\/2021-2022\/groupe3\/que-dit-la-loi-sur-les-donnees-personnelles\/","title":{"rendered":"Que dit la loi sur les donn\u00e9es personnelles ?"},"content":{"rendered":"<p>[et_pb_section fb_built=\u00a0\u00bb1&Prime; fullwidth=\u00a0\u00bbon\u00a0\u00bb admin_label=\u00a0\u00bbSection\u00a0\u00bb module_id=\u00a0\u00bbhome\u00a0\u00bb _builder_version=\u00a0\u00bb4.10.5&Prime; background_video_mp4=\u00a0\u00bbhttps:\/\/mastercommunicationnumerique.fr\/2021-2022\/groupe3\/wp-content\/uploads\/2022\/03\/Vide\u0301o-loi.mp4&Prime; custom_padding=\u00a0\u00bb0px|0px|0px|0px\u00a0\u00bb transparent_background=\u00a0\u00bboff\u00a0\u00bb make_fullwidth=\u00a0\u00bboff\u00a0\u00bb use_custom_width=\u00a0\u00bboff\u00a0\u00bb width_unit=\u00a0\u00bboff\u00a0\u00bb custom_width_px=\u00a0\u00bb1080px\u00a0\u00bb custom_width_percent=\u00a0\u00bb80%\u00a0\u00bb global_colors_info=\u00a0\u00bb{}\u00a0\u00bb][et_pb_fullwidth_slider admin_label=\u00a0\u00bbCurseur de d\u00e9filement plein \u00e9cran\u00a0\u00bb _builder_version=\u00a0\u00bb4.10.5&Prime; background_enable_image=\u00a0\u00bboff\u00a0\u00bb background_position=\u00a0\u00bbtop_left\u00a0\u00bb background_enable_video_mp4=\u00a0\u00bboff\u00a0\u00bb background_enable_video_webm=\u00a0\u00bboff\u00a0\u00bb custom_padding=\u00a0\u00bb||180px|||\u00a0\u00bb custom_padding_tablet=\u00a0\u00bb|||\u00a0\u00bb custom_padding_phone=\u00a0\u00bb|||\u00a0\u00bb remove_inner_shadow=\u00a0\u00bbon\u00a0\u00bb hide_content_on_mobile=\u00a0\u00bboff\u00a0\u00bb hide_cta_on_mobile=\u00a0\u00bboff\u00a0\u00bb show_inner_shadow=\u00a0\u00bboff\u00a0\u00bb button_border_radius_hover=\u00a0\u00bb0&Prime; button_letter_spacing_hover=\u00a0\u00bb0&Prime; global_colors_info=\u00a0\u00bb{}\u00a0\u00bb button_text_size__hover_enabled=\u00a0\u00bboff\u00a0\u00bb button_one_text_size__hover_enabled=\u00a0\u00bboff\u00a0\u00bb button_two_text_size__hover_enabled=\u00a0\u00bboff\u00a0\u00bb button_text_color__hover_enabled=\u00a0\u00bboff\u00a0\u00bb button_one_text_color__hover_enabled=\u00a0\u00bboff\u00a0\u00bb button_two_text_color__hover_enabled=\u00a0\u00bboff\u00a0\u00bb button_border_width__hover_enabled=\u00a0\u00bboff\u00a0\u00bb button_one_border_width__hover_enabled=\u00a0\u00bboff\u00a0\u00bb button_two_border_width__hover_enabled=\u00a0\u00bboff\u00a0\u00bb button_border_color__hover_enabled=\u00a0\u00bboff\u00a0\u00bb button_one_border_color__hover_enabled=\u00a0\u00bboff\u00a0\u00bb button_two_border_color__hover_enabled=\u00a0\u00bboff\u00a0\u00bb button_border_radius__hover_enabled=\u00a0\u00bbon\u00a0\u00bb button_border_radius__hover=\u00a0\u00bb0&Prime; button_one_border_radius__hover_enabled=\u00a0\u00bboff\u00a0\u00bb button_two_border_radius__hover_enabled=\u00a0\u00bboff\u00a0\u00bb button_letter_spacing__hover_enabled=\u00a0\u00bbon\u00a0\u00bb button_letter_spacing__hover=\u00a0\u00bb0&Prime; button_one_letter_spacing__hover_enabled=\u00a0\u00bboff\u00a0\u00bb button_two_letter_spacing__hover_enabled=\u00a0\u00bboff\u00a0\u00bb button_bg_color__hover_enabled=\u00a0\u00bboff\u00a0\u00bb button_one_bg_color__hover_enabled=\u00a0\u00bboff\u00a0\u00bb button_two_bg_color__hover_enabled=\u00a0\u00bboff\u00a0\u00bb][et_pb_slide heading=\u00a0\u00bbQue dit la loi sur les donn\u00e9es personnelles ?\u00a0\u00bb button_link=\u00a0\u00bb#about\u00a0\u00bb use_bg_overlay=\u00a0\u00bbon\u00a0\u00bb bg_overlay_color=\u00a0\u00bbrgba(0,0,0,0.5)\u00a0\u00bb use_text_overlay=\u00a0\u00bboff\u00a0\u00bb _builder_version=\u00a0\u00bb4.10.5&Prime; header_level=\u00a0\u00bbh1&Prime; header_font=\u00a0\u00bbCabin||||||||\u00a0\u00bb header_font_size=\u00a0\u00bb51px\u00a0\u00bb body_font=\u00a0\u00bb||||\u00a0\u00bb body_font_size=\u00a0\u00bb33px\u00a0\u00bb body_line_height=\u00a0\u00bb1.5em\u00a0\u00bb background_enable_color=\u00a0\u00bboff\u00a0\u00bb background_enable_image=\u00a0\u00bboff\u00a0\u00bb background_position=\u00a0\u00bbtop_left\u00a0\u00bb background_enable_video_mp4=\u00a0\u00bboff\u00a0\u00bb background_enable_video_webm=\u00a0\u00bboff\u00a0\u00bb background_video_pause_outside_viewport=\u00a0\u00bboff\u00a0\u00bb custom_button=\u00a0\u00bbon\u00a0\u00bb button_text_size=\u00a0\u00bb16px\u00a0\u00bb button_text_color=\u00a0\u00bb#ffffff\u00a0\u00bb button_border_color=\u00a0\u00bb#ffffff\u00a0\u00bb button_font=\u00a0\u00bb||||\u00a0\u00bb button_use_icon=\u00a0\u00bboff\u00a0\u00bb header_font_size_tablet=\u00a0\u00bb80px\u00a0\u00bb header_font_size_phone=\u00a0\u00bb50px\u00a0\u00bb header_font_size_last_edited=\u00a0\u00bbon|phone\u00a0\u00bb body_font_size_tablet=\u00a0\u00bb\u00a0\u00bb body_font_size_phone=\u00a0\u00bb\u00a0\u00bb body_font_size_last_edited=\u00a0\u00bbon|tablet\u00a0\u00bb body_line_height_tablet=\u00a0\u00bb1.5em\u00a0\u00bb body_line_height_phone=\u00a0\u00bb1.5em\u00a0\u00bb button_text_size_tablet=\u00a0\u00bb16px\u00a0\u00bb button_text_size_phone=\u00a0\u00bb16px\u00a0\u00bb button_text_size_last_edited=\u00a0\u00bbon|desktop\u00a0\u00bb button_text_color_hover=\u00a0\u00bb#666666&Prime; button_bg_color_hover=\u00a0\u00bb#ffffff\u00a0\u00bb video_bg_mp4=\u00a0\u00bbhttps:\/\/mastercommunicationnumerique.fr\/2021-2022\/groupe3\/wp-content\/uploads\/2017\/02\/Office-Day-1080p.mp4&Prime; video_bg_webm=\u00a0\u00bbhttps:\/\/mastercommunicationnumerique.fr\/2021-2022\/groupe3\/wp-content\/uploads\/2017\/02\/Office-Day-1080p.webm\u00a0\u00bb global_colors_info=\u00a0\u00bb{}\u00a0\u00bb button_text_size__hover_enabled=\u00a0\u00bboff\u00a0\u00bb button_one_text_size__hover_enabled=\u00a0\u00bboff\u00a0\u00bb button_two_text_size__hover_enabled=\u00a0\u00bboff\u00a0\u00bb button_text_color__hover_enabled=\u00a0\u00bbon\u00a0\u00bb button_text_color__hover=\u00a0\u00bb#666666&Prime; button_one_text_color__hover_enabled=\u00a0\u00bboff\u00a0\u00bb button_two_text_color__hover_enabled=\u00a0\u00bboff\u00a0\u00bb button_border_width__hover_enabled=\u00a0\u00bboff\u00a0\u00bb button_one_border_width__hover_enabled=\u00a0\u00bboff\u00a0\u00bb button_two_border_width__hover_enabled=\u00a0\u00bboff\u00a0\u00bb button_border_color__hover_enabled=\u00a0\u00bboff\u00a0\u00bb button_one_border_color__hover_enabled=\u00a0\u00bboff\u00a0\u00bb button_two_border_color__hover_enabled=\u00a0\u00bboff\u00a0\u00bb button_border_radius__hover_enabled=\u00a0\u00bboff\u00a0\u00bb button_one_border_radius__hover_enabled=\u00a0\u00bboff\u00a0\u00bb button_two_border_radius__hover_enabled=\u00a0\u00bboff\u00a0\u00bb button_letter_spacing__hover_enabled=\u00a0\u00bboff\u00a0\u00bb button_one_letter_spacing__hover_enabled=\u00a0\u00bboff\u00a0\u00bb button_two_letter_spacing__hover_enabled=\u00a0\u00bboff\u00a0\u00bb button_bg_color__hover_enabled=\u00a0\u00bbon\u00a0\u00bb button_bg_color__hover=\u00a0\u00bb#ffffff\u00a0\u00bb button_one_bg_color__hover_enabled=\u00a0\u00bboff\u00a0\u00bb button_two_bg_color__hover_enabled=\u00a0\u00bboff\u00a0\u00bb sticky_transition=\u00a0\u00bbon\u00a0\u00bb]<\/p>\n<h1><\/h1>\n<p>[\/et_pb_slide][\/et_pb_fullwidth_slider][\/et_pb_section][et_pb_section fb_built=\u00a0\u00bb1&Prime; next_background_color=\u00a0\u00bb#ffffff\u00a0\u00bb _builder_version=\u00a0\u00bb4.10.5&Prime; _module_preset=\u00a0\u00bbdefault\u00a0\u00bb background_color=\u00a0\u00bb#f0fbff\u00a0\u00bb custom_padding=\u00a0\u00bb89px||78px|||\u00a0\u00bb bottom_divider_style=\u00a0\u00bbslant2&Prime; global_colors_info=\u00a0\u00bb{}\u00a0\u00bb][et_pb_row _builder_version=\u00a0\u00bb4.10.5&Prime; _module_preset=\u00a0\u00bbdefault\u00a0\u00bb global_colors_info=\u00a0\u00bb{}\u00a0\u00bb][et_pb_column type=\u00a0\u00bb4_4&Prime; _builder_version=\u00a0\u00bb4.10.5&Prime; _module_preset=\u00a0\u00bbdefault\u00a0\u00bb global_colors_info=\u00a0\u00bb{}\u00a0\u00bb][et_pb_text _builder_version=\u00a0\u00bb4.10.5&Prime; _module_preset=\u00a0\u00bbdefault\u00a0\u00bb header_2_font=\u00a0\u00bbCabin||||||||\u00a0\u00bb header_2_text_color=\u00a0\u00bb#07506f\u00a0\u00bb hover_enabled=\u00a0\u00bb0&Prime; global_colors_info=\u00a0\u00bb{}\u00a0\u00bb text_font=\u00a0\u00bbCabin||||||||\u00a0\u00bb sticky_enabled=\u00a0\u00bb0&Prime;]<\/p>\n<h2>LES DONN\u00c9ES SENSIBLES, C&rsquo;EST QUOI ?<\/h2>\n<p>[\/et_pb_text][et_pb_divider color=\u00a0\u00bb#07506f\u00a0\u00bb divider_weight=\u00a0\u00bb2px\u00a0\u00bb _builder_version=\u00a0\u00bb4.10.5&Prime; _module_preset=\u00a0\u00bbdefault\u00a0\u00bb width=\u00a0\u00bb54%\u00a0\u00bb global_colors_info=\u00a0\u00bb{}\u00a0\u00bb][\/et_pb_divider][\/et_pb_column][\/et_pb_row][et_pb_row column_structure=\u00a0\u00bb1_2,1_2&Prime; _builder_version=\u00a0\u00bb4.10.5&Prime; _module_preset=\u00a0\u00bbdefault\u00a0\u00bb background_color=\u00a0\u00bb#f0fbff\u00a0\u00bb global_colors_info=\u00a0\u00bb{}\u00a0\u00bb][et_pb_column type=\u00a0\u00bb1_2&Prime; _builder_version=\u00a0\u00bb4.10.5&Prime; _module_preset=\u00a0\u00bbdefault\u00a0\u00bb global_colors_info=\u00a0\u00bb{}\u00a0\u00bb][et_pb_image src=\u00a0\u00bbhttps:\/\/mastercommunicationnumerique.fr\/2021-2022\/groupe3\/wp-content\/uploads\/2022\/03\/cadenas.png\u00a0\u00bb align=\u00a0\u00bbcenter\u00a0\u00bb _builder_version=\u00a0\u00bb4.10.5&Prime; _module_preset=\u00a0\u00bbdefault\u00a0\u00bb width=\u00a0\u00bb49%\u00a0\u00bb module_alignment=\u00a0\u00bbcenter\u00a0\u00bb animation_style=\u00a0\u00bbzoom\u00a0\u00bb global_colors_info=\u00a0\u00bb{}\u00a0\u00bb][\/et_pb_image][\/et_pb_column][et_pb_column type=\u00a0\u00bb1_2&Prime; _builder_version=\u00a0\u00bb4.10.5&Prime; _module_preset=\u00a0\u00bbdefault\u00a0\u00bb global_colors_info=\u00a0\u00bb{}\u00a0\u00bb][et_pb_text _builder_version=\u00a0\u00bb4.10.5&Prime; _module_preset=\u00a0\u00bbdefault\u00a0\u00bb text_font=\u00a0\u00bbABeeZee||||||||\u00a0\u00bb text_text_color=\u00a0\u00bb#07506f\u00a0\u00bb text_font_size=\u00a0\u00bb16px\u00a0\u00bb global_colors_info=\u00a0\u00bb{}\u00a0\u00bb]<\/p>\n<h3><span style=\"font-weight: 400; color: #09506f;\">Voici ce que dit la loi des <strong>donn\u00e9es sensibles :<\/strong><\/span><\/h3>\n<p><span style=\"font-weight: 400;\"><strong><\/strong><\/span><\/p>\n<p><em><span style=\"font-weight: 400;\">\u201cLes donn\u00e9es sensibles forment une cat\u00e9gorie particuli\u00e8re des donn\u00e9es personnelles.<\/span><\/em><\/p>\n<p><span style=\"font-weight: 400;\">Ce sont des informations qui r\u00e9v\u00e8lent la pr\u00e9tendue <strong>origine<\/strong> raciale ou ethnique, les <strong>opinions<\/strong> politiques, les <strong>convictions <\/strong>religieuses ou philosophiques ou l&rsquo;<strong>appartenance<\/strong> syndicale, ainsi que le traitement des donn\u00e9es<strong> g\u00e9n\u00e9tiques<\/strong>, des donn\u00e9es <strong>biom\u00e9triques<\/strong> aux fins d&rsquo;<strong>identifier<\/strong> une personne physique de mani\u00e8re unique, des donn\u00e9es concernant la <strong>sant\u00e9<\/strong> ou des donn\u00e9es concernant la vie sexuelle ou l&rsquo;<strong>orientation<\/strong> sexuelle d&rsquo;une personne physique. <\/span><\/p>\n<p>[\/et_pb_text][\/et_pb_column][\/et_pb_row][et_pb_row _builder_version=\u00a0\u00bb4.10.5&Prime; _module_preset=\u00a0\u00bbdefault\u00a0\u00bb global_colors_info=\u00a0\u00bb{}\u00a0\u00bb][et_pb_column type=\u00a0\u00bb4_4&Prime; _builder_version=\u00a0\u00bb4.10.5&Prime; _module_preset=\u00a0\u00bbdefault\u00a0\u00bb global_colors_info=\u00a0\u00bb{}\u00a0\u00bb][et_pb_text _builder_version=\u00a0\u00bb4.10.5&Prime; _module_preset=\u00a0\u00bbdefault\u00a0\u00bb text_font=\u00a0\u00bbABeeZee||||||||\u00a0\u00bb text_text_color=\u00a0\u00bb#07506f\u00a0\u00bb text_font_size=\u00a0\u00bb16px\u00a0\u00bb global_colors_info=\u00a0\u00bb{}\u00a0\u00bb]<\/p>\n<p><span style=\"font-weight: 400;\">Le <strong>r\u00e8glement europ\u00e9en<\/strong> interdit de recueillir ou d\u2019utiliser ces donn\u00e9es, sauf, dans les cas suivants :<\/span><\/p>\n<p><span style=\"font-weight: 400;\"><\/span><\/p>\n<ul>\n<li style=\"font-weight: 400;\" aria-level=\"1\"><span style=\"font-weight: 400;\">si la personne concern\u00e9e a donn\u00e9 son <strong>consentement<\/strong> expr\u00e8s (d\u00e9marche active, explicite et de pr\u00e9f\u00e9rence \u00e9crite, qui doit \u00eatre libre, sp\u00e9cifique, et inform\u00e9e) ;<\/span><\/li>\n<li style=\"font-weight: 400;\" aria-level=\"1\"><span style=\"font-weight: 400;\">si les informations sont manifestement rendues <strong>publiques<\/strong> par la personne concern\u00e9e ;<\/span><\/li>\n<li style=\"font-weight: 400;\" aria-level=\"1\"><span style=\"font-weight: 400;\">si elles sont n\u00e9cessaires \u00e0 la <strong>sauvegarde<\/strong> de la vie humaine ;<\/span><\/li>\n<li style=\"font-weight: 400;\" aria-level=\"1\"><span style=\"font-weight: 400;\">si leur utilisation est justifi\u00e9e par l&rsquo;<strong>int\u00e9r\u00eat public<\/strong> et autoris\u00e9 par la CNIL ;<\/span><\/li>\n<li style=\"font-weight: 400;\" aria-level=\"1\"><span style=\"font-weight: 400;\">si elles concernent les membres ou adh\u00e9rents d&rsquo;une <strong>association ou d&rsquo;une organisation politique, religieuse, philosophique, politique ou syndicale<\/strong>.\u00a0\u00bb<\/span><\/li>\n<\/ul>\n<p>[\/et_pb_text][\/et_pb_column][\/et_pb_row][\/et_pb_section][et_pb_section fb_built=\u00a0\u00bb1&Prime; _builder_version=\u00a0\u00bb4.10.5&Prime; _module_preset=\u00a0\u00bbdefault\u00a0\u00bb global_colors_info=\u00a0\u00bb{}\u00a0\u00bb][et_pb_row _builder_version=\u00a0\u00bb4.10.5&Prime; _module_preset=\u00a0\u00bbdefault\u00a0\u00bb background_color=\u00a0\u00bb#03506f\u00a0\u00bb custom_padding=\u00a0\u00bb30px|40px|30px|40px|true|true\u00a0\u00bb animation_style=\u00a0\u00bbzoom\u00a0\u00bb box_shadow_style=\u00a0\u00bbpreset4&Prime; box_shadow_color=\u00a0\u00bb#19a6b7&Prime; global_colors_info=\u00a0\u00bb{}\u00a0\u00bb][et_pb_column type=\u00a0\u00bb4_4&Prime; _builder_version=\u00a0\u00bb4.10.5&Prime; _module_preset=\u00a0\u00bbdefault\u00a0\u00bb global_colors_info=\u00a0\u00bb{}\u00a0\u00bb][et_pb_text _builder_version=\u00a0\u00bb4.10.5&Prime; _module_preset=\u00a0\u00bbdefault\u00a0\u00bb text_font=\u00a0\u00bbCabin||||||||\u00a0\u00bb text_text_color=\u00a0\u00bb#FFFFFF\u00a0\u00bb hover_enabled=\u00a0\u00bb0&Prime; global_colors_info=\u00a0\u00bb{}\u00a0\u00bb sticky_enabled=\u00a0\u00bb0&Prime;]<\/p>\n<h2 style=\"text-align: center;\"><span style=\"color: #ffffff;\">QU&rsquo;EST-CE QUE L&rsquo;\u00c9TAT D&rsquo;URGENCE ?<\/span><\/h2>\n<p>[\/et_pb_text][et_pb_divider color=\u00a0\u00bb#FFFFFF\u00a0\u00bb divider_weight=\u00a0\u00bb2px\u00a0\u00bb _builder_version=\u00a0\u00bb4.10.5&Prime; _module_preset=\u00a0\u00bbdefault\u00a0\u00bb width=\u00a0\u00bb61%\u00a0\u00bb module_alignment=\u00a0\u00bbcenter\u00a0\u00bb global_colors_info=\u00a0\u00bb{}\u00a0\u00bb][\/et_pb_divider][et_pb_text _builder_version=\u00a0\u00bb4.10.5&Prime; _module_preset=\u00a0\u00bbdefault\u00a0\u00bb text_font=\u00a0\u00bbABeeZee||||||||\u00a0\u00bb text_text_color=\u00a0\u00bb#FFFFFF\u00a0\u00bb text_font_size=\u00a0\u00bb16px\u00a0\u00bb global_colors_info=\u00a0\u00bb{}\u00a0\u00bb]<\/p>\n<p style=\"text-align: center;\"><span style=\"font-weight: 400;\">Un \u00e9tat d\u2019urgence est une mesure qualifi\u00e9e <strong>\u00ab d\u2019exceptionnelle \u00bb<\/strong> qui peut \u00eatre d\u00e9cr\u00e9t\u00e9e lors d\u2019un conseil de ministres puis sign\u00e9e par le <strong>Pr\u00e9sident de la R\u00e9publique<\/strong>. Il peut \u00eatre d\u00e9clench\u00e9 \u00ab en cas d\u2019atteintes graves \u00e0 l&rsquo;ordre public qui s&rsquo;acheminent vers un p\u00e9ril imminent \u00bb ou \u00ab en cas d&rsquo;\u00e9v\u00e9nements graves qui rev\u00eatent pour le Minist\u00e8re de l&rsquo;int\u00e9rieur la qualification de calamit\u00e9s publiques \u00bb. <\/span><\/p>\n<p style=\"text-align: center;\"><span style=\"font-weight: 400;\">L&rsquo;\u00e9tat d&rsquo;urgence justifie ainsi la mise en place d\u2019un <strong>r\u00e9gime exceptionnel<\/strong> dans lequel les <strong>pleins pouvoirs<\/strong> sont donn\u00e9s \u00e0 l&rsquo;<strong>ex\u00e9cutif<\/strong>. Les libert\u00e9s publiques et individuelles des citoyens se voient, d\u00e8s lors, \u00eatre limit\u00e9es par des mesures sp\u00e9ciales, rendues n\u00e9cessaires et imp\u00e9ratives.\u00a0<\/span><\/p>\n<p style=\"text-align: center;\"><span style=\"font-weight: 400;\">Suite \u00e0 l\u2019arriv\u00e9e de la pand\u00e9mie de la<strong> Covid-19 en mars 2020<\/strong>, l\u2019\u00e9tat d\u2019urgence sanitaire a donc \u00e9t\u00e9 d\u00e9clar\u00e9 et est toujours en cours. <\/span><\/p>\n<p>[\/et_pb_text][\/et_pb_column][\/et_pb_row][\/et_pb_section][et_pb_section fb_built=\u00a0\u00bb1&Prime; _builder_version=\u00a0\u00bb4.10.5&Prime; _module_preset=\u00a0\u00bbdefault\u00a0\u00bb global_colors_info=\u00a0\u00bb{}\u00a0\u00bb][et_pb_row _builder_version=\u00a0\u00bb4.10.5&Prime; _module_preset=\u00a0\u00bbdefault\u00a0\u00bb global_colors_info=\u00a0\u00bb{}\u00a0\u00bb][et_pb_column type=\u00a0\u00bb4_4&Prime; _builder_version=\u00a0\u00bb4.10.5&Prime; _module_preset=\u00a0\u00bbdefault\u00a0\u00bb global_colors_info=\u00a0\u00bb{}\u00a0\u00bb][et_pb_text _builder_version=\u00a0\u00bb4.10.5&Prime; _module_preset=\u00a0\u00bbdefault\u00a0\u00bb text_font=\u00a0\u00bbCabin||||||||\u00a0\u00bb text_text_color=\u00a0\u00bb#3a06e2&Prime; header_font=\u00a0\u00bb||on||||||\u00a0\u00bb header_text_color=\u00a0\u00bb#03506f\u00a0\u00bb text_orientation=\u00a0\u00bbcenter\u00a0\u00bb hover_enabled=\u00a0\u00bb0&Prime; global_colors_info=\u00a0\u00bb{}\u00a0\u00bb sticky_enabled=\u00a0\u00bb0&Prime;]<\/p>\n<h2><span style=\"color: #03506f;\">QUE DIT LA LOI ?<\/span><\/h2>\n<p>[\/et_pb_text][et_pb_divider color=\u00a0\u00bb#03506f\u00a0\u00bb divider_weight=\u00a0\u00bb2px\u00a0\u00bb _builder_version=\u00a0\u00bb4.10.5&Prime; _module_preset=\u00a0\u00bbdefault\u00a0\u00bb width=\u00a0\u00bb32%\u00a0\u00bb module_alignment=\u00a0\u00bbcenter\u00a0\u00bb global_colors_info=\u00a0\u00bb{}\u00a0\u00bb][\/et_pb_divider][et_pb_text _builder_version=\u00a0\u00bb4.10.5&Prime; _module_preset=\u00a0\u00bbdefault\u00a0\u00bb text_font=\u00a0\u00bb||||||||\u00a0\u00bb text_text_color=\u00a0\u00bb#03506f\u00a0\u00bb text_font_size=\u00a0\u00bb16px\u00a0\u00bb global_colors_info=\u00a0\u00bb{}\u00a0\u00bb]<\/p>\n<p style=\"text-align: center;\"><span style=\"font-weight: 400;\">Le <strong>Comit\u00e9 europ\u00e9en de la protection des donn\u00e9es<\/strong> (CEPD) visant \u00e0 garantir l\u2019application coh\u00e9rente du <strong>r\u00e8glement g\u00e9n\u00e9ral sur la protection des donn\u00e9es<\/strong> (RGPD), a adopt\u00e9, le 19 mars 2020, une d\u00e9claration relative \u00e0 la protection des donn\u00e9es dans le cadre de la crise sanitaire de la Covid-19. Le CEPD indique dans sa d\u00e9claration que l\u2019\u00e9tat d\u2019urgence li\u00e9 \u00e0 la pand\u00e9mie peut justifier l\u2019<strong>adoption de mesures qui restreignent les libert\u00e9s<\/strong> dans le cas o\u00f9 elles respecteraient un certain nombre de conditions.<\/span><\/p>\n<p style=\"text-align: center;\"><span style=\"font-weight: 400;\">Sont explicit\u00e9s ci-dessous les articles <strong>5, 6 et 9 du RGPD<\/strong> relatifs aux conditions de traitement des donn\u00e9es personnelles.<\/span><\/p>\n<p>[\/et_pb_text][\/et_pb_column][\/et_pb_row][et_pb_row column_structure=\u00a0\u00bb1_3,1_3,1_3&Prime; _builder_version=\u00a0\u00bb4.10.5&Prime; _module_preset=\u00a0\u00bbdefault\u00a0\u00bb min_height=\u00a0\u00bb699.2px\u00a0\u00bb animation_style=\u00a0\u00bbzoom\u00a0\u00bb global_colors_info=\u00a0\u00bb{}\u00a0\u00bb][et_pb_column type=\u00a0\u00bb1_3&Prime; _builder_version=\u00a0\u00bb4.10.5&Prime; _module_preset=\u00a0\u00bbdefault\u00a0\u00bb global_colors_info=\u00a0\u00bb{}\u00a0\u00bb][et_pb_text _builder_version=\u00a0\u00bb4.10.5&Prime; _module_preset=\u00a0\u00bbdefault\u00a0\u00bb text_font=\u00a0\u00bbABeeZee||||||||\u00a0\u00bb text_text_color=\u00a0\u00bb#FFFFFF\u00a0\u00bb background_color=\u00a0\u00bb#03506f\u00a0\u00bb min_height=\u00a0\u00bb620px\u00a0\u00bb custom_padding=\u00a0\u00bb20px|20px|20px|20px|true|true\u00a0\u00bb box_shadow_style=\u00a0\u00bbpreset1&Prime; inline_fonts=\u00a0\u00bbABeeZee,Cabin\u00a0\u00bb global_colors_info=\u00a0\u00bb{}\u00a0\u00bb]<\/p>\n<h3 style=\"text-align: center;\"><span style=\"font-family: Cabin; font-weight: normal; color: #ffffff;\"><strong>ARTICLE 5<\/strong><\/span><\/h3>\n<p><span style=\"font-family: ABeeZee; font-weight: normal; color: #ffffff;\"><strong><\/strong><\/span><\/p>\n<p><span style=\"font-weight: 400;\">Il convient de garantir les principes relatifs aux traitements des donn\u00e9es personnelles list\u00e9s dans l\u2019article 5 du RGPD :<\/span><\/p>\n<p><span style=\"font-weight: 400;\"><\/span><\/p>\n<ul>\n<li style=\"font-weight: 400;\" aria-level=\"1\"><span style=\"font-weight: 400;\">le principe de finalit\u00e9 : le traitement de donn\u00e9es personnelles doit correspondre \u00e0 une finalit\u00e9 explicite et d\u00e9termin\u00e9e ;<\/span><\/li>\n<li style=\"font-weight: 400;\" aria-level=\"1\"><span style=\"font-weight: 400;\">le principe de transparence : toute personne concern\u00e9e par le traitement des donn\u00e9es doit en \u00eatre inform\u00e9e ;<\/span><\/li>\n<li><span style=\"font-weight: 400;\">le principe de s\u00e9curit\u00e9 et de confidentialit\u00e9 : toutes les mesures n\u00e9cessaires doivent \u00eatre prises pour garantir la s\u00e9curit\u00e9 et la confidentialit\u00e9 des donn\u00e9es trait\u00e9es ;<\/span><\/li>\n<\/ul>\n<p><span style=\"font-weight: 400;\"><\/span><\/p>\n<p><span style=\"font-weight: 400;\"><\/span><\/p>\n<p><span style=\"color: rgba(0, 0, 0, 0);\"><div class=\"show_more\"><p class=\"wpsm-show\" style=\"color: #cc0000; font-size: 100%; text-align: center;\"> Lire la suite<\/p><div class=\"wpsm-content\"><\/span><\/p>\n<ul>\n<li style=\"text-align: left;\">le principe d\u2019une conservation des donn\u00e9es limit\u00e9es \u00e0 la finalit\u00e9 : les traitements des donn\u00e9es mis en oeuvre dans le cadre de la pand\u00e9mie doivent \u00eatre limit\u00e9s dans le temps et les donn\u00e9es doivent \u00eatre supprim\u00e9es ou anonymis\u00e9es une fois la crise termin\u00e9e ;<\/li>\n<li style=\"font-weight: 400;\" aria-level=\"1\"><span style=\"font-weight: 400;\">le principe de proportionnalit\u00e9 et de minimisation des donn\u00e9es : le minimum de donn\u00e9es possible doit \u00eatre collect\u00e9 au regard de la finalit\u00e9.<\/span><\/li>\n<\/ul>\n<p>&nbsp;<\/p>\n<p style=\"text-align: center;\"><span style=\"font-family: ABeeZee; font-weight: normal;\"> <p class=\"wpsm-hide\" style=\"color: #cc0000; font-size: 100%; text-align: center;\"> Fermer<\/p><\/div><\/div><\/span><\/p>\n<p>[\/et_pb_text][\/et_pb_column][et_pb_column type=\u00a0\u00bb1_3&Prime; _builder_version=\u00a0\u00bb4.10.5&Prime; _module_preset=\u00a0\u00bbdefault\u00a0\u00bb global_colors_info=\u00a0\u00bb{}\u00a0\u00bb][et_pb_text _builder_version=\u00a0\u00bb4.10.5&Prime; _module_preset=\u00a0\u00bbdefault\u00a0\u00bb text_font=\u00a0\u00bbABeeZee||||||||\u00a0\u00bb text_text_color=\u00a0\u00bb#FFFFFF\u00a0\u00bb background_color=\u00a0\u00bb#35b8c0&Prime; min_height=\u00a0\u00bb616.7px\u00a0\u00bb custom_padding=\u00a0\u00bb31px|20px|31px|20px|true|true\u00a0\u00bb box_shadow_style=\u00a0\u00bbpreset1&Prime; inline_fonts=\u00a0\u00bbABeeZee,Cabin\u00a0\u00bb global_colors_info=\u00a0\u00bb{}\u00a0\u00bb]<\/p>\n<h3 style=\"text-align: center;\"><span style=\"font-family: Cabin; font-weight: normal; color: #ffffff;\"><strong>ARTICLE 6<\/strong><\/span><\/h3>\n<p style=\"text-align: left;\"><span style=\"font-family: ABeeZee; font-weight: normal; color: #ffffff;\"><strong><\/strong><\/span><\/p>\n<p style=\"text-align: left;\"><span style=\"font-weight: 400;\">Le traitement de donn\u00e9es personnelles doit \u00eatre fond\u00e9 sur une des bases l\u00e9gales list\u00e9es \u00e0 l\u2019article 6 du r\u00e8glement <\/span><span style=\"font-weight: 400;\">2016\/679 du 27 avril 2016 relatif \u00e0 la protection des personnes physiques \u00e0 l\u2019\u00e9gard du traitement des donn\u00e9es \u00e0 caract\u00e8re personnel et des donn\u00e9es sensibles :<\/span><\/p>\n<ul style=\"text-align: left;\">\n<li><span style=\"font-weight: 400;\">la personne concern\u00e9e a consenti au traitement de ses donn\u00e9es \u00e0 caract\u00e8re personnel pour une ou plusieurs finalit\u00e9s sp\u00e9cifiques ;<\/span><\/li>\n<li><span style=\"font-weight: 400;\">le traitement est n\u00e9cessaire \u00e0 l&rsquo;ex\u00e9cution d&rsquo;un contrat auquel la personne concern\u00e9e est partie ou \u00e0 l&rsquo;ex\u00e9cution de mesures pr\u00e9contractuelles prises \u00e0 la demande de celle-ci ;<\/span><\/li>\n<\/ul>\n<p><span style=\"font-weight: 400;\"><span style=\"font-weight: 400;\"><span style=\"color: #0000 !important;\"><div class=\"show_more\"><p class=\"wpsm-show\" style=\"color: #cc0000; font-size: 100%; text-align: center;\"> Lire la suite<\/p><div class=\"wpsm-content\"><\/span><\/span><\/span><\/p>\n<ul style=\"text-align: left;\">\n<li><span style=\"text-align: center;\">le traitement est n\u00e9cessaire au respect d&rsquo;une obligation l\u00e9gale \u00e0 laquelle le responsable du traitement est soumis ;<\/span><\/li>\n<li><span style=\"font-weight: 400;\">le traitement est n\u00e9cessaire \u00e0 la sauvegarde des int\u00e9r\u00eats vitaux de la personne concern\u00e9e ou d&rsquo;une autre personne physique.<\/span><\/li>\n<\/ul>\n<ol style=\"text-align: left;\"><\/ol>\n<p style=\"text-align: left;\"><span style=\"font-weight: 400;\"><\/span><\/p>\n<p>&nbsp;<\/p>\n<p style=\"text-align: center;\"><span style=\"font-family: ABeeZee; font-weight: normal;\"> <p class=\"wpsm-hide\" style=\"color: #cc0000; font-size: 100%; text-align: center;\"> Fermer<\/p><\/div><\/div><\/span><\/p>\n<p>[\/et_pb_text][\/et_pb_column][et_pb_column type=\u00a0\u00bb1_3&Prime; _builder_version=\u00a0\u00bb4.10.5&Prime; _module_preset=\u00a0\u00bbdefault\u00a0\u00bb global_colors_info=\u00a0\u00bb{}\u00a0\u00bb][et_pb_text _builder_version=\u00a0\u00bb4.10.5&Prime; _module_preset=\u00a0\u00bbdefault\u00a0\u00bb text_font=\u00a0\u00bbABeeZee||||||||\u00a0\u00bb text_text_color=\u00a0\u00bb#FFFFFF\u00a0\u00bb background_color=\u00a0\u00bb#03506f\u00a0\u00bb min_height=\u00a0\u00bb621px\u00a0\u00bb custom_padding=\u00a0\u00bb33px|20px|33px|20px|true|true\u00a0\u00bb box_shadow_style=\u00a0\u00bbpreset1&Prime; inline_fonts=\u00a0\u00bbABeeZee,Cabin\u00a0\u00bb global_colors_info=\u00a0\u00bb{}\u00a0\u00bb]<\/p>\n<h3 style=\"text-align: center;\"><span style=\"font-family: Cabin; font-weight: normal; color: #ffffff;\"><strong>ARTICLE 9<\/strong><\/span><\/h3>\n<p><span style=\"font-family: ABeeZee; font-weight: normal; color: #ffffff;\"><strong><\/strong><\/span><\/p>\n<p style=\"text-align: left;\"><span style=\"font-weight: 400;\">L\u2019article 9 du RGPD prohibe le traitement de donn\u00e9es sensibles, except\u00e9 pour les situations correspondant \u00e0 une des d\u00e9rogations de l\u2019article 9.2 du RGPD. <\/span><\/p>\n<p style=\"text-align: left;\"><span style=\"font-weight: 400;\">L\u2019interdiction du traitement des donn\u00e9es personnelles ne s\u2019applique pas lorsque <\/span><i><span style=\"font-weight: 400;\">\u201cle traitement est n\u00e9cessaire pour des motifs d&rsquo;int\u00e9r\u00eat public important, sur la base du droit de l&rsquo;Union ou du droit d&rsquo;un &lsquo;\u00c9tat membre qui doit \u00eatre proportionn\u00e9 \u00e0 l&rsquo;objectif poursuivi, respecter l&rsquo;essence du droit \u00e0 la protection des donn\u00e9es et pr\u00e9voir des mesures appropri\u00e9es et sp\u00e9cifiques pour la sauvegarde des droits fondamentaux et des int\u00e9r\u00eats de la personne concern\u00e9e\u201d<\/span><\/i><span style=\"font-weight: 400;\">.<\/span><\/p>\n<p>[\/et_pb_text][\/et_pb_column][\/et_pb_row][et_pb_row _builder_version=\u00a0\u00bb4.10.5&Prime; _module_preset=\u00a0\u00bbdefault\u00a0\u00bb global_colors_info=\u00a0\u00bb{}\u00a0\u00bb][et_pb_column type=\u00a0\u00bb4_4&Prime; _builder_version=\u00a0\u00bb4.10.5&Prime; _module_preset=\u00a0\u00bbdefault\u00a0\u00bb global_colors_info=\u00a0\u00bb{}\u00a0\u00bb][et_pb_button button_url=\u00a0\u00bbhttps:\/\/mastercommunicationnumerique.fr\/2021-2022\/groupe3\/comment-sont-protegees-les-donnees-recoltees\/\u00a0\u00bb button_text=\u00a0\u00bbProtection des donn\u00e9es\u00a0\u00bb button_alignment=\u00a0\u00bbright\u00a0\u00bb _builder_version=\u00a0\u00bb4.10.5&Prime; _module_preset=\u00a0\u00bbdefault\u00a0\u00bb custom_button=\u00a0\u00bbon\u00a0\u00bb button_text_size=\u00a0\u00bb17px\u00a0\u00bb button_text_color=\u00a0\u00bb#FFFFFF\u00a0\u00bb button_bg_color=\u00a0\u00bb#03506f\u00a0\u00bb button_border_width=\u00a0\u00bb0px\u00a0\u00bb button_border_radius=\u00a0\u00bb24px\u00a0\u00bb button_font=\u00a0\u00bbABeeZee||||||||\u00a0\u00bb global_colors_info=\u00a0\u00bb{}\u00a0\u00bb button_bg_color__hover_enabled=\u00a0\u00bbon|desktop\u00a0\u00bb button_bg_color__hover=\u00a0\u00bb#1aa6bf\u00a0\u00bb button_bg_enable_color__hover=\u00a0\u00bbon\u00a0\u00bb][\/et_pb_button][\/et_pb_column][\/et_pb_row][\/et_pb_section]<\/p>\n","protected":false},"excerpt":{"rendered":"<p>LES DONN\u00c9ES SENSIBLES, C&rsquo;EST QUOI ?Voici ce que dit la loi des donn\u00e9es sensibles : \u201cLes donn\u00e9es sensibles forment une cat\u00e9gorie particuli\u00e8re des donn\u00e9es personnelles. Ce sont des informations qui r\u00e9v\u00e8lent la pr\u00e9tendue origine raciale ou ethnique, les opinions politiques, les convictions religieuses ou philosophiques ou l&rsquo;appartenance syndicale, ainsi que le traitement des donn\u00e9es g\u00e9n\u00e9tiques, [&hellip;]<\/p>\n","protected":false},"author":3,"featured_media":0,"parent":0,"menu_order":0,"comment_status":"closed","ping_status":"closed","template":"","meta":{"_et_pb_use_builder":"on","_et_pb_old_content":"","_et_gb_content_width":"","footnotes":""},"class_list":["post-29420","page","type-page","status-publish","hentry"],"_links":{"self":[{"href":"https:\/\/mastercommunicationnumerique.fr\/2021-2022\/groupe3\/wp-json\/wp\/v2\/pages\/29420","targetHints":{"allow":["GET"]}}],"collection":[{"href":"https:\/\/mastercommunicationnumerique.fr\/2021-2022\/groupe3\/wp-json\/wp\/v2\/pages"}],"about":[{"href":"https:\/\/mastercommunicationnumerique.fr\/2021-2022\/groupe3\/wp-json\/wp\/v2\/types\/page"}],"author":[{"embeddable":true,"href":"https:\/\/mastercommunicationnumerique.fr\/2021-2022\/groupe3\/wp-json\/wp\/v2\/users\/3"}],"replies":[{"embeddable":true,"href":"https:\/\/mastercommunicationnumerique.fr\/2021-2022\/groupe3\/wp-json\/wp\/v2\/comments?post=29420"}],"version-history":[{"count":55,"href":"https:\/\/mastercommunicationnumerique.fr\/2021-2022\/groupe3\/wp-json\/wp\/v2\/pages\/29420\/revisions"}],"predecessor-version":[{"id":30825,"href":"https:\/\/mastercommunicationnumerique.fr\/2021-2022\/groupe3\/wp-json\/wp\/v2\/pages\/29420\/revisions\/30825"}],"wp:attachment":[{"href":"https:\/\/mastercommunicationnumerique.fr\/2021-2022\/groupe3\/wp-json\/wp\/v2\/media?parent=29420"}],"curies":[{"name":"wp","href":"https:\/\/api.w.org\/{rel}","templated":true}]}}