{"id":29385,"date":"2022-03-11T18:06:49","date_gmt":"2022-03-11T17:06:49","guid":{"rendered":"https:\/\/controverses-groupe3.mastercommunicationnumerique.fr\/?page_id=29385"},"modified":"2022-03-23T20:24:46","modified_gmt":"2022-03-23T19:24:46","slug":"des-acteurs","status":"publish","type":"page","link":"https:\/\/mastercommunicationnumerique.fr\/2021-2022\/groupe3\/des-acteurs\/","title":{"rendered":"Des acteurs"},"content":{"rendered":"<p>[et_pb_section fb_built=\u00a0\u00bb1&Prime; fullwidth=\u00a0\u00bbon\u00a0\u00bb admin_label=\u00a0\u00bbSection\u00a0\u00bb module_id=\u00a0\u00bbhome\u00a0\u00bb _builder_version=\u00a0\u00bb3.22&Prime; custom_padding=\u00a0\u00bb0px|0px|0px|0px\u00a0\u00bb transparent_background=\u00a0\u00bboff\u00a0\u00bb make_fullwidth=\u00a0\u00bboff\u00a0\u00bb use_custom_width=\u00a0\u00bboff\u00a0\u00bb width_unit=\u00a0\u00bboff\u00a0\u00bb custom_width_px=\u00a0\u00bb1080px\u00a0\u00bb custom_width_percent=\u00a0\u00bb80%\u00a0\u00bb global_colors_info=\u00a0\u00bb{}\u00a0\u00bb][et_pb_fullwidth_slider admin_label=\u00a0\u00bbCurseur de d\u00e9filement plein \u00e9cran\u00a0\u00bb _builder_version=\u00a0\u00bb4.10.5&Prime; background_position=\u00a0\u00bbtop_left\u00a0\u00bb background_video_mp4=\u00a0\u00bbhttps:\/\/mastercommunicationnumerique.fr\/2021-2022\/groupe3\/wp-content\/uploads\/2022\/03\/pexels-mikhail-nilov-8847983.mp4&Prime; background_video_webm=\u00a0\u00bbhttps:\/\/mastercommunicationnumerique.fr\/2021-2022\/groupe3\/wp-content\/uploads\/2022\/03\/pexels-mikhail-nilov-8847983.mp4&Prime; custom_padding=\u00a0\u00bb|||\u00a0\u00bb custom_padding_tablet=\u00a0\u00bb|||\u00a0\u00bb custom_padding_phone=\u00a0\u00bb|||\u00a0\u00bb remove_inner_shadow=\u00a0\u00bbon\u00a0\u00bb hide_content_on_mobile=\u00a0\u00bboff\u00a0\u00bb hide_cta_on_mobile=\u00a0\u00bboff\u00a0\u00bb show_inner_shadow=\u00a0\u00bboff\u00a0\u00bb button_border_radius_hover=\u00a0\u00bb0&Prime; button_letter_spacing_hover=\u00a0\u00bb0&Prime; global_colors_info=\u00a0\u00bb{}\u00a0\u00bb button_text_size__hover_enabled=\u00a0\u00bboff\u00a0\u00bb button_one_text_size__hover_enabled=\u00a0\u00bboff\u00a0\u00bb button_two_text_size__hover_enabled=\u00a0\u00bboff\u00a0\u00bb button_text_color__hover_enabled=\u00a0\u00bboff\u00a0\u00bb button_one_text_color__hover_enabled=\u00a0\u00bboff\u00a0\u00bb button_two_text_color__hover_enabled=\u00a0\u00bboff\u00a0\u00bb button_border_width__hover_enabled=\u00a0\u00bboff\u00a0\u00bb button_one_border_width__hover_enabled=\u00a0\u00bboff\u00a0\u00bb button_two_border_width__hover_enabled=\u00a0\u00bboff\u00a0\u00bb button_border_color__hover_enabled=\u00a0\u00bboff\u00a0\u00bb button_one_border_color__hover_enabled=\u00a0\u00bboff\u00a0\u00bb button_two_border_color__hover_enabled=\u00a0\u00bboff\u00a0\u00bb button_border_radius__hover_enabled=\u00a0\u00bbon\u00a0\u00bb button_border_radius__hover=\u00a0\u00bb0&Prime; button_one_border_radius__hover_enabled=\u00a0\u00bboff\u00a0\u00bb button_two_border_radius__hover_enabled=\u00a0\u00bboff\u00a0\u00bb button_letter_spacing__hover_enabled=\u00a0\u00bbon\u00a0\u00bb button_letter_spacing__hover=\u00a0\u00bb0&Prime; button_one_letter_spacing__hover_enabled=\u00a0\u00bboff\u00a0\u00bb button_two_letter_spacing__hover_enabled=\u00a0\u00bboff\u00a0\u00bb button_bg_color__hover_enabled=\u00a0\u00bboff\u00a0\u00bb button_one_bg_color__hover_enabled=\u00a0\u00bboff\u00a0\u00bb button_two_bg_color__hover_enabled=\u00a0\u00bboff\u00a0\u00bb][et_pb_slide heading=\u00a0\u00bbPoints de vue des acteurs\u00a0\u00bb button_link=\u00a0\u00bb#about\u00a0\u00bb use_bg_overlay=\u00a0\u00bbon\u00a0\u00bb bg_overlay_color=\u00a0\u00bbrgba(0,0,0,0.5)\u00a0\u00bb use_text_overlay=\u00a0\u00bboff\u00a0\u00bb _builder_version=\u00a0\u00bb4.10.5&Prime; header_level=\u00a0\u00bbh1&Prime; header_font=\u00a0\u00bbCabin||||||||\u00a0\u00bb header_font_size=\u00a0\u00bb61px\u00a0\u00bb body_font=\u00a0\u00bb||||\u00a0\u00bb body_font_size=\u00a0\u00bb33px\u00a0\u00bb body_line_height=\u00a0\u00bb1.5em\u00a0\u00bb background_enable_color=\u00a0\u00bboff\u00a0\u00bb background_enable_image=\u00a0\u00bboff\u00a0\u00bb background_position=\u00a0\u00bbtop_left\u00a0\u00bb background_video_mp4=\u00a0\u00bbhttps:\/\/mastercommunicationnumerique.fr\/2021-2022\/groupe3\/wp-content\/uploads\/2022\/03\/PDV-1.mp4&Prime; background_enable_video_mp4=\u00a0\u00bbon\u00a0\u00bb background_enable_video_webm=\u00a0\u00bboff\u00a0\u00bb background_video_pause_outside_viewport=\u00a0\u00bboff\u00a0\u00bb custom_button=\u00a0\u00bbon\u00a0\u00bb button_text_size=\u00a0\u00bb16px\u00a0\u00bb button_text_color=\u00a0\u00bb#ffffff\u00a0\u00bb button_border_color=\u00a0\u00bb#ffffff\u00a0\u00bb button_font=\u00a0\u00bb||||\u00a0\u00bb button_use_icon=\u00a0\u00bboff\u00a0\u00bb header_font_size_tablet=\u00a0\u00bb80px\u00a0\u00bb header_font_size_phone=\u00a0\u00bb50px\u00a0\u00bb header_font_size_last_edited=\u00a0\u00bbon|phone\u00a0\u00bb body_font_size_tablet=\u00a0\u00bb\u00a0\u00bb body_font_size_phone=\u00a0\u00bb\u00a0\u00bb body_font_size_last_edited=\u00a0\u00bbon|tablet\u00a0\u00bb body_line_height_tablet=\u00a0\u00bb1.5em\u00a0\u00bb body_line_height_phone=\u00a0\u00bb1.5em\u00a0\u00bb button_text_size_tablet=\u00a0\u00bb16px\u00a0\u00bb button_text_size_phone=\u00a0\u00bb16px\u00a0\u00bb button_text_size_last_edited=\u00a0\u00bbon|desktop\u00a0\u00bb button_text_color_hover=\u00a0\u00bb#666666&Prime; button_bg_color_hover=\u00a0\u00bb#ffffff\u00a0\u00bb video_bg_mp4=\u00a0\u00bbhttps:\/\/mastercommunicationnumerique.fr\/2021-2022\/groupe3\/wp-content\/uploads\/2017\/02\/Office-Day-1080p.mp4&Prime; video_bg_webm=\u00a0\u00bbhttps:\/\/mastercommunicationnumerique.fr\/2021-2022\/groupe3\/wp-content\/uploads\/2017\/02\/Office-Day-1080p.webm\u00a0\u00bb global_colors_info=\u00a0\u00bb{}\u00a0\u00bb button_text_size__hover_enabled=\u00a0\u00bboff\u00a0\u00bb button_one_text_size__hover_enabled=\u00a0\u00bboff\u00a0\u00bb button_two_text_size__hover_enabled=\u00a0\u00bboff\u00a0\u00bb button_text_color__hover_enabled=\u00a0\u00bbon\u00a0\u00bb button_text_color__hover=\u00a0\u00bb#666666&Prime; button_one_text_color__hover_enabled=\u00a0\u00bboff\u00a0\u00bb button_two_text_color__hover_enabled=\u00a0\u00bboff\u00a0\u00bb button_border_width__hover_enabled=\u00a0\u00bboff\u00a0\u00bb button_one_border_width__hover_enabled=\u00a0\u00bboff\u00a0\u00bb button_two_border_width__hover_enabled=\u00a0\u00bboff\u00a0\u00bb button_border_color__hover_enabled=\u00a0\u00bboff\u00a0\u00bb button_one_border_color__hover_enabled=\u00a0\u00bboff\u00a0\u00bb button_two_border_color__hover_enabled=\u00a0\u00bboff\u00a0\u00bb button_border_radius__hover_enabled=\u00a0\u00bboff\u00a0\u00bb button_one_border_radius__hover_enabled=\u00a0\u00bboff\u00a0\u00bb button_two_border_radius__hover_enabled=\u00a0\u00bboff\u00a0\u00bb button_letter_spacing__hover_enabled=\u00a0\u00bboff\u00a0\u00bb button_one_letter_spacing__hover_enabled=\u00a0\u00bboff\u00a0\u00bb button_two_letter_spacing__hover_enabled=\u00a0\u00bboff\u00a0\u00bb button_bg_color__hover_enabled=\u00a0\u00bbon\u00a0\u00bb button_bg_color__hover=\u00a0\u00bb#ffffff\u00a0\u00bb button_one_bg_color__hover_enabled=\u00a0\u00bboff\u00a0\u00bb button_two_bg_color__hover_enabled=\u00a0\u00bboff\u00a0\u00bb sticky_transition=\u00a0\u00bbon\u00a0\u00bb][\/et_pb_slide][\/et_pb_fullwidth_slider][\/et_pb_section][et_pb_section fb_built=\u00a0\u00bb1&Prime; _builder_version=\u00a0\u00bb4.10.5&Prime; _module_preset=\u00a0\u00bbdefault\u00a0\u00bb background_color=\u00a0\u00bb#FFFFFF\u00a0\u00bb min_height=\u00a0\u00bb175.8px\u00a0\u00bb custom_padding=\u00a0\u00bb||0px|||\u00a0\u00bb global_colors_info=\u00a0\u00bb{}\u00a0\u00bb][et_pb_row _builder_version=\u00a0\u00bb4.10.5&Prime; _module_preset=\u00a0\u00bbdefault\u00a0\u00bb global_colors_info=\u00a0\u00bb{}\u00a0\u00bb][et_pb_column type=\u00a0\u00bb4_4&Prime; _builder_version=\u00a0\u00bb4.10.5&Prime; _module_preset=\u00a0\u00bbdefault\u00a0\u00bb global_colors_info=\u00a0\u00bb{}\u00a0\u00bb][et_pb_text _builder_version=\u00a0\u00bb4.10.5&Prime; _module_preset=\u00a0\u00bbdefault\u00a0\u00bb text_font=\u00a0\u00bbCabin||||||||\u00a0\u00bb text_font_size=\u00a0\u00bb18px\u00a0\u00bb global_colors_info=\u00a0\u00bb{}\u00a0\u00bb]<\/p>\n<h1 style=\"text-align: center;\"><span style=\"color: #03506f;\"><strong>QUELQUES POINTS DE VUE D&rsquo;ACTEURS IMPORTANTS<\/strong><\/span><\/h1>\n<p>[\/et_pb_text][\/et_pb_column][\/et_pb_row][et_pb_row _builder_version=\u00a0\u00bb4.10.5&Prime; _module_preset=\u00a0\u00bbdefault\u00a0\u00bb width=\u00a0\u00bb100%\u00a0\u00bb max_width=\u00a0\u00bb2560px\u00a0\u00bb custom_margin=\u00a0\u00bb-33px|auto||auto||\u00a0\u00bb global_colors_info=\u00a0\u00bb{}\u00a0\u00bb][et_pb_column type=\u00a0\u00bb4_4&Prime; _builder_version=\u00a0\u00bb4.10.5&Prime; _module_preset=\u00a0\u00bbdefault\u00a0\u00bb global_colors_info=\u00a0\u00bb{}\u00a0\u00bb][et_pb_divider color=\u00a0\u00bb#03506f\u00a0\u00bb divider_weight=\u00a0\u00bb3px\u00a0\u00bb _builder_version=\u00a0\u00bb4.10.5&Prime; _module_preset=\u00a0\u00bbdefault\u00a0\u00bb background_color=\u00a0\u00bbRGBA(0,0,0,0)\u00a0\u00bb width=\u00a0\u00bb100%\u00a0\u00bb max_width=\u00a0\u00bb44%\u00a0\u00bb module_alignment=\u00a0\u00bbcenter\u00a0\u00bb global_colors_info=\u00a0\u00bb{}\u00a0\u00bb][\/et_pb_divider][\/et_pb_column][\/et_pb_row][\/et_pb_section][et_pb_section fb_built=\u00a0\u00bb1&Prime; _builder_version=\u00a0\u00bb4.10.5&Prime; _module_preset=\u00a0\u00bbdefault\u00a0\u00bb background_color=\u00a0\u00bb#FFFFFF\u00a0\u00bb min_height=\u00a0\u00bb208.8px\u00a0\u00bb height=\u00a0\u00bb1000px\u00a0\u00bb max_height=\u00a0\u00bb274px\u00a0\u00bb custom_padding=\u00a0\u00bb0px||14px|||\u00a0\u00bb bottom_divider_height=\u00a0\u00bb115px\u00a0\u00bb bottom_divider_repeat=\u00a0\u00bb1x\u00a0\u00bb global_colors_info=\u00a0\u00bb{}\u00a0\u00bb][et_pb_row _builder_version=\u00a0\u00bb4.10.5&Prime; _module_preset=\u00a0\u00bbdefault\u00a0\u00bb custom_padding=\u00a0\u00bb0px|||||\u00a0\u00bb global_colors_info=\u00a0\u00bb{}\u00a0\u00bb][et_pb_column type=\u00a0\u00bb4_4&Prime; _builder_version=\u00a0\u00bb4.10.5&Prime; _module_preset=\u00a0\u00bbdefault\u00a0\u00bb global_colors_info=\u00a0\u00bb{}\u00a0\u00bb][et_pb_text _builder_version=\u00a0\u00bb4.10.5&Prime; _module_preset=\u00a0\u00bbdefault\u00a0\u00bb text_font=\u00a0\u00bbABeeZee||||||||\u00a0\u00bb text_text_color=\u00a0\u00bb#03506f\u00a0\u00bb text_font_size=\u00a0\u00bb16px\u00a0\u00bb text_orientation=\u00a0\u00bbcenter\u00a0\u00bb custom_padding=\u00a0\u00bb||0px|||\u00a0\u00bb global_colors_info=\u00a0\u00bb{}\u00a0\u00bb]<\/p>\n<p><span style=\"font-weight: 400;\">Entre <strong>s\u00e9curit\u00e9 des citoyens<\/strong> et <strong>libert\u00e9s individuelles<\/strong>, l\u2019application TousAntiCovid se retrouve au c\u0153ur des discussions et <strong>divise la soci\u00e9t\u00e9<\/strong>.<\/span><\/p>\n<p><span style=\"font-weight: 400;\">Associations, entit\u00e9s gouvernementales ou \u00e9tablissements publics, divers acteurs entrent en jeu dans cette controverse et viennent nourrir le d\u00e9bat en mettant en avant leurs arguments, <strong>pour ou contre<\/strong> le d\u00e9ploiement de cette application.<\/span><\/p>\n<p><span style=\"font-weight: 400;\">Vous retrouverez alors ci-dessous une liste non exhaustive des diff\u00e9rents acteurs et leurs arguments cl\u00e9s.<\/span><\/p>\n<p style=\"text-align: center;\">[\/et_pb_text][\/et_pb_column][\/et_pb_row][et_pb_row column_structure=\u00a0\u00bb1_5,1_5,1_5,1_5,1_5&Prime; _builder_version=\u00a0\u00bb4.10.5&Prime; _module_preset=\u00a0\u00bbdefault\u00a0\u00bb global_colors_info=\u00a0\u00bb{}\u00a0\u00bb][et_pb_column type=\u00a0\u00bb1_5&Prime; _builder_version=\u00a0\u00bb4.10.5&Prime; _module_preset=\u00a0\u00bbdefault\u00a0\u00bb global_colors_info=\u00a0\u00bb{}\u00a0\u00bb][et_pb_button button_url=\u00a0\u00bbhttps:\/\/mastercommunicationnumerique.fr\/2021-2022\/groupe3\/des-acteurs\/#santepublique\u00a0\u00bb button_text=\u00a0\u00bbSant\u00e9 publique France\u00a0\u00bb button_alignment=\u00a0\u00bbcenter\u00a0\u00bb _builder_version=\u00a0\u00bb4.10.5&Prime; _module_preset=\u00a0\u00bbdefault\u00a0\u00bb custom_button=\u00a0\u00bbon\u00a0\u00bb button_text_size=\u00a0\u00bb16px\u00a0\u00bb button_text_color=\u00a0\u00bb#FFFFFF\u00a0\u00bb button_bg_color=\u00a0\u00bb#03506f\u00a0\u00bb button_border_width=\u00a0\u00bb0px\u00a0\u00bb button_border_radius=\u00a0\u00bb24px\u00a0\u00bb global_colors_info=\u00a0\u00bb{}\u00a0\u00bb button_bg_color__hover_enabled=\u00a0\u00bbon|hover\u00a0\u00bb button_bg_color__hover=\u00a0\u00bb#1aa6b7&Prime; button_bg_enable_color__hover=\u00a0\u00bbon\u00a0\u00bb][\/et_pb_button][\/et_pb_column][et_pb_column type=\u00a0\u00bb1_5&Prime; _builder_version=\u00a0\u00bb4.10.5&Prime; _module_preset=\u00a0\u00bbdefault\u00a0\u00bb global_colors_info=\u00a0\u00bb{}\u00a0\u00bb][et_pb_button button_url=\u00a0\u00bbhttps:\/\/mastercommunicationnumerique.fr\/2021-2022\/groupe3\/des-acteurs\/#conseilscientifique\u00a0\u00bb button_text=\u00a0\u00bbConseil scientifique\u00a0\u00bb button_alignment=\u00a0\u00bbcenter\u00a0\u00bb _builder_version=\u00a0\u00bb4.10.5&Prime; _module_preset=\u00a0\u00bbdefault\u00a0\u00bb custom_button=\u00a0\u00bbon\u00a0\u00bb button_text_size=\u00a0\u00bb16px\u00a0\u00bb button_text_color=\u00a0\u00bb#FFFFFF\u00a0\u00bb button_bg_color=\u00a0\u00bb#03506f\u00a0\u00bb button_border_width=\u00a0\u00bb0px\u00a0\u00bb button_border_color=\u00a0\u00bbRGBA(0,0,0,0)\u00a0\u00bb button_border_radius=\u00a0\u00bb24px\u00a0\u00bb button_font=\u00a0\u00bbABeeZee||||||||\u00a0\u00bb global_colors_info=\u00a0\u00bb{}\u00a0\u00bb button_bg_color__hover_enabled=\u00a0\u00bbon|hover\u00a0\u00bb button_bg_color__hover=\u00a0\u00bb#1aa6b7&Prime; button_bg_enable_color__hover=\u00a0\u00bbon\u00a0\u00bb][\/et_pb_button][\/et_pb_column][et_pb_column type=\u00a0\u00bb1_5&Prime; _builder_version=\u00a0\u00bb4.10.5&Prime; _module_preset=\u00a0\u00bbdefault\u00a0\u00bb global_colors_info=\u00a0\u00bb{}\u00a0\u00bb][et_pb_button button_url=\u00a0\u00bbhttps:\/\/mastercommunicationnumerique.fr\/2021-2022\/groupe3\/des-acteurs\/#cnil\u00a0\u00bb button_text=\u00a0\u00bbCNIL\u00a0\u00bb button_alignment=\u00a0\u00bbcenter\u00a0\u00bb _builder_version=\u00a0\u00bb4.10.5&Prime; _module_preset=\u00a0\u00bbdefault\u00a0\u00bb custom_button=\u00a0\u00bbon\u00a0\u00bb button_text_size=\u00a0\u00bb16px\u00a0\u00bb button_text_color=\u00a0\u00bb#FFFFFF\u00a0\u00bb button_bg_color=\u00a0\u00bb#03506f\u00a0\u00bb button_border_width=\u00a0\u00bb0px\u00a0\u00bb button_border_radius=\u00a0\u00bb24px\u00a0\u00bb button_font=\u00a0\u00bbABeeZee||||||||\u00a0\u00bb custom_padding=\u00a0\u00bb18px|50px|18px|50px|false|false\u00a0\u00bb custom_padding_tablet=\u00a0\u00bb\u00a0\u00bb custom_padding_phone=\u00a0\u00bb5px||5px||false|false\u00a0\u00bb custom_padding_last_edited=\u00a0\u00bbon|phone\u00a0\u00bb global_colors_info=\u00a0\u00bb{}\u00a0\u00bb button_bg_color__hover_enabled=\u00a0\u00bbon|hover\u00a0\u00bb button_bg_color__hover=\u00a0\u00bb#1aa6b7&Prime; button_bg_enable_color__hover=\u00a0\u00bbon\u00a0\u00bb custom_padding__hover_enabled=\u00a0\u00bbon|desktop\u00a0\u00bb][\/et_pb_button][\/et_pb_column][et_pb_column type=\u00a0\u00bb1_5&Prime; _builder_version=\u00a0\u00bb4.10.5&Prime; _module_preset=\u00a0\u00bbdefault\u00a0\u00bb global_colors_info=\u00a0\u00bb{}\u00a0\u00bb][et_pb_button button_url=\u00a0\u00bbhttps:\/\/mastercommunicationnumerique.fr\/2021-2022\/groupe3\/des-acteurs\/#cncdh\u00a0\u00bb button_text=\u00a0\u00bbCNCDH\u00a0\u00bb button_alignment=\u00a0\u00bbcenter\u00a0\u00bb _builder_version=\u00a0\u00bb4.10.5&Prime; _module_preset=\u00a0\u00bbdefault\u00a0\u00bb custom_button=\u00a0\u00bbon\u00a0\u00bb button_text_size=\u00a0\u00bb16px\u00a0\u00bb button_text_color=\u00a0\u00bb#FFFFFF\u00a0\u00bb button_bg_color=\u00a0\u00bb#03506f\u00a0\u00bb button_border_width=\u00a0\u00bb0px\u00a0\u00bb button_border_radius=\u00a0\u00bb24px\u00a0\u00bb button_font=\u00a0\u00bbABeeZee||||||||\u00a0\u00bb custom_padding=\u00a0\u00bb18px|40px|18px|40px|false|false\u00a0\u00bb custom_padding_tablet=\u00a0\u00bb\u00a0\u00bb custom_padding_phone=\u00a0\u00bb5px|40px|5px|40px|false|false\u00a0\u00bb custom_padding_last_edited=\u00a0\u00bbon|phone\u00a0\u00bb global_colors_info=\u00a0\u00bb{}\u00a0\u00bb button_bg_color__hover_enabled=\u00a0\u00bbon|hover\u00a0\u00bb button_bg_color__hover=\u00a0\u00bb#1aa6b7&Prime; button_bg_enable_color__hover=\u00a0\u00bbon\u00a0\u00bb][\/et_pb_button][\/et_pb_column][et_pb_column type=\u00a0\u00bb1_5&Prime; _builder_version=\u00a0\u00bb4.10.5&Prime; _module_preset=\u00a0\u00bbdefault\u00a0\u00bb global_colors_info=\u00a0\u00bb{}\u00a0\u00bb][et_pb_button button_url=\u00a0\u00bbhttps:\/\/mastercommunicationnumerique.fr\/2021-2022\/groupe3\/des-acteurs\/#quadrature\u00a0\u00bb button_text=\u00a0\u00bbLa Quadrature du Net\u00a0\u00bb button_alignment=\u00a0\u00bbcenter\u00a0\u00bb _builder_version=\u00a0\u00bb4.10.5&Prime; _module_preset=\u00a0\u00bbdefault\u00a0\u00bb custom_button=\u00a0\u00bbon\u00a0\u00bb button_text_size=\u00a0\u00bb16px\u00a0\u00bb button_text_color=\u00a0\u00bb#FFFFFF\u00a0\u00bb button_bg_color=\u00a0\u00bb#03506f\u00a0\u00bb button_border_width=\u00a0\u00bb0px\u00a0\u00bb button_border_radius=\u00a0\u00bb23px\u00a0\u00bb button_font=\u00a0\u00bbABeeZee||||||||\u00a0\u00bb global_colors_info=\u00a0\u00bb{}\u00a0\u00bb button_bg_color__hover_enabled=\u00a0\u00bbon|hover\u00a0\u00bb button_bg_color__hover=\u00a0\u00bb#1aa6b7&Prime; button_bg_enable_color__hover=\u00a0\u00bbon\u00a0\u00bb][\/et_pb_button][\/et_pb_column][\/et_pb_row][\/et_pb_section][et_pb_section fb_built=\u00a0\u00bb1&Prime; fullwidth=\u00a0\u00bbon\u00a0\u00bb _builder_version=\u00a0\u00bb4.10.5&Prime; _module_preset=\u00a0\u00bbdefault\u00a0\u00bb custom_margin=\u00a0\u00bb||||false|false\u00a0\u00bb custom_margin_tablet=\u00a0\u00bb\u00a0\u00bb custom_margin_phone=\u00a0\u00bb475px||||false|false\u00a0\u00bb custom_margin_last_edited=\u00a0\u00bbon|phone\u00a0\u00bb custom_padding=\u00a0\u00bb64px||65px|||\u00a0\u00bb global_colors_info=\u00a0\u00bb{}\u00a0\u00bb][et_pb_fullwidth_slider show_image_video_mobile=\u00a0\u00bbon\u00a0\u00bb _builder_version=\u00a0\u00bb4.10.5&Prime; _module_preset=\u00a0\u00bbdefault\u00a0\u00bb background_color=\u00a0\u00bb#1aa6b7&Prime; width=\u00a0\u00bb89%\u00a0\u00bb max_width=\u00a0\u00bb82%\u00a0\u00bb module_alignment=\u00a0\u00bbcenter\u00a0\u00bb min_height=\u00a0\u00bb350px\u00a0\u00bb custom_margin=\u00a0\u00bb||||false|false\u00a0\u00bb custom_padding=\u00a0\u00bb100px||100px||false|false\u00a0\u00bb global_colors_info=\u00a0\u00bb{}\u00a0\u00bb][et_pb_slide heading=\u00a0\u00bbOlivier V\u00e9ran\u00a0\u00bb image=\u00a0\u00bbhttps:\/\/mastercommunicationnumerique.fr\/2021-2022\/groupe3\/wp-content\/uploads\/2022\/03\/Fichier-7.png\u00a0\u00bb _builder_version=\u00a0\u00bb4.10.5&Prime; _module_preset=\u00a0\u00bbdefault\u00a0\u00bb header_font=\u00a0\u00bbCabin||||||||\u00a0\u00bb header_font_size=\u00a0\u00bb43px\u00a0\u00bb body_font=\u00a0\u00bbABeeZee||||||||\u00a0\u00bb width=\u00a0\u00bb90%\u00a0\u00bb max_width=\u00a0\u00bb81%\u00a0\u00bb custom_padding=\u00a0\u00bb0px||0px||false|false\u00a0\u00bb global_colors_info=\u00a0\u00bb{}\u00a0\u00bb sticky_transition=\u00a0\u00bbon\u00a0\u00bb]<\/p>\n<p><span style=\"font-weight: 400;\"><strong>Ministre des Solidarit\u00e9s et de la Sant\u00e9 en France<\/strong> <\/span><\/p>\n<p><span style=\"font-weight: 400;\">\u00ab\u00a0<\/span><em><span style=\"font-weight: 400;\">Le num\u00e9rique est partout dans la vie quotidienne. Il serait impensable de ne pas s\u2019en servir contre l\u2019\u00e9pid\u00e9mie.\u00a0\u00bb<\/span><\/em><\/p>\n<p>[\/et_pb_slide][et_pb_slide heading=\u00a0\u00bbC\u00e9dric O\u00a0\u00bb image=\u00a0\u00bbhttps:\/\/mastercommunicationnumerique.fr\/2021-2022\/groupe3\/wp-content\/uploads\/2022\/03\/Fichier-6.png\u00a0\u00bb _builder_version=\u00a0\u00bb4.10.5&Prime; _module_preset=\u00a0\u00bbdefault\u00a0\u00bb header_font=\u00a0\u00bbCabin||||||||\u00a0\u00bb body_font=\u00a0\u00bbABeeZee||||||||\u00a0\u00bb custom_padding=\u00a0\u00bb0px||0px||false|false\u00a0\u00bb global_colors_info=\u00a0\u00bb{}\u00a0\u00bb sticky_transition=\u00a0\u00bbon\u00a0\u00bb]<\/p>\n<p><span style=\"font-weight: 400;\"><strong>Secr\u00e9taire d&rsquo;\u00c9tat charg\u00e9 du Num\u00e9rique de la R\u00e9publique fran\u00e7aise<\/strong> <\/span><\/p>\n<p><em><span style=\"font-weight: 400;\">\u00ab\u00a0TousAntiCovid est un geste barri\u00e8re suppl\u00e9mentaire afin de lutter contre l&rsquo;\u00e9pid\u00e9mie et sa propagation. A l&rsquo;image d&rsquo;un vaccin, ce geste n&rsquo;est utile que si nous sommes tr\u00e8s nombreux \u00e0 le faire.\u00a0\u00bb<\/span><\/em><\/p>\n<p>[\/et_pb_slide][et_pb_slide heading=\u00a0\u00bbBaptiste Robert\u00a0\u00bb image=\u00a0\u00bbhttps:\/\/mastercommunicationnumerique.fr\/2021-2022\/groupe3\/wp-content\/uploads\/2022\/03\/Fichier-4-1.png\u00a0\u00bb _builder_version=\u00a0\u00bb4.10.5&Prime; _module_preset=\u00a0\u00bbdefault\u00a0\u00bb header_font=\u00a0\u00bbCabin||||||||\u00a0\u00bb header_font_size=\u00a0\u00bb43px\u00a0\u00bb body_font=\u00a0\u00bbABeeZee||||||||\u00a0\u00bb custom_padding=\u00a0\u00bb0px||0px||false|false\u00a0\u00bb global_colors_info=\u00a0\u00bb{}\u00a0\u00bb sticky_transition=\u00a0\u00bbon\u00a0\u00bb]<\/p>\n<p><span style=\"font-weight: 400;\"><strong>Hackeur toulousain juge l\u2019application \u00ab\u00a0inutile\u00a0\u00bb<\/strong><\/span><\/p>\n<p><span style=\"font-weight: 400;\"><\/span><\/p>\n<p><em><span style=\"font-weight: 400;\">\u00ab\u00a0Le contact tracing est bas\u00e9 sur du Bluetooth, or le Bluetooth n\u2019est pas fait pour mesurer une distance. On aura une approximation qui va d\u00e9pendre grandement de la qualit\u00e9 du t\u00e9l\u00e9phone. Cette impr\u00e9cision va, de fait, d\u00e9clencher des faux positifs. Avoir un syst\u00e8me de sant\u00e9 qui d\u00e9clenche des faux positifs, c\u2019est gravissime.\u00a0\u00bb<\/span><\/em><\/p>\n<p>[\/et_pb_slide][et_pb_slide heading=\u00a0\u00bbFlorent Poinsaut \u00a0\u00bb image=\u00a0\u00bbhttps:\/\/mastercommunicationnumerique.fr\/2021-2022\/groupe3\/wp-content\/uploads\/2022\/03\/Fichier-5.png\u00a0\u00bb _builder_version=\u00a0\u00bb4.10.5&Prime; _module_preset=\u00a0\u00bbdefault\u00a0\u00bb header_level=\u00a0\u00bbh2&Prime; header_font=\u00a0\u00bbCabin||||||||\u00a0\u00bb header_font_size=\u00a0\u00bb35px\u00a0\u00bb body_font=\u00a0\u00bbABeeZee||||||||\u00a0\u00bb width=\u00a0\u00bb100%\u00a0\u00bb max_width=\u00a0\u00bb100%\u00a0\u00bb custom_padding=\u00a0\u00bb0px||0px||false|false\u00a0\u00bb global_colors_info=\u00a0\u00bb{}\u00a0\u00bb sticky_transition=\u00a0\u00bbon\u00a0\u00bb]<\/p>\n<p><strong>Vid\u00e9aste vulgarisateur<\/strong><\/p>\n<p>\u00ab\u00a0Je pense que le protocole Robert part d&rsquo;une tr\u00e8s bonne intention. \u00c7a a \u00e9t\u00e9 r\u00e9fl\u00e9chi pour faire au mieux. M\u00eame s\u2019il existe cet aspect centralis\u00e9 qui m&#8217;emb\u00eate fortement, je pense que \u00e7a a \u00e9t\u00e9 fait pour faire au mieux.\u00a0\u00bb<\/p>\n<p>[\/et_pb_slide][\/et_pb_fullwidth_slider][\/et_pb_section][et_pb_section fb_built=\u00a0\u00bb1&Prime; module_id=\u00a0\u00bbsantepublique\u00a0\u00bb _builder_version=\u00a0\u00bb4.10.5&Prime; _module_preset=\u00a0\u00bbdefault\u00a0\u00bb background_color=\u00a0\u00bb#f0fbff\u00a0\u00bb min_height=\u00a0\u00bb177.8px\u00a0\u00bb custom_padding=\u00a0\u00bb||5px|||\u00a0\u00bb global_colors_info=\u00a0\u00bb{}\u00a0\u00bb][et_pb_row _builder_version=\u00a0\u00bb4.10.5&Prime; _module_preset=\u00a0\u00bbdefault\u00a0\u00bb custom_margin=\u00a0\u00bb|auto|29px|auto||\u00a0\u00bb global_colors_info=\u00a0\u00bb{}\u00a0\u00bb][et_pb_column type=\u00a0\u00bb4_4&Prime; _builder_version=\u00a0\u00bb4.10.5&Prime; _module_preset=\u00a0\u00bbdefault\u00a0\u00bb global_colors_info=\u00a0\u00bb{}\u00a0\u00bb][et_pb_text _builder_version=\u00a0\u00bb4.10.5&Prime; _module_preset=\u00a0\u00bbdefault\u00a0\u00bb text_font=\u00a0\u00bbCabin||||||||\u00a0\u00bb text_text_color=\u00a0\u00bb#03506f\u00a0\u00bb text_font_size=\u00a0\u00bb35px\u00a0\u00bb text_line_height=\u00a0\u00bb1em\u00a0\u00bb global_colors_info=\u00a0\u00bb{}\u00a0\u00bb]<\/p>\n<p>Sant\u00e9 publique France : TousAntiCovid, n\u00e9cessit\u00e9 sanitaire<\/p>\n<p>[\/et_pb_text][\/et_pb_column][\/et_pb_row][\/et_pb_section][et_pb_section fb_built=\u00a0\u00bb1&Prime; _builder_version=\u00a0\u00bb4.10.5&Prime; _module_preset=\u00a0\u00bbdefault\u00a0\u00bb background_color=\u00a0\u00bb#f0fbff\u00a0\u00bb min_height=\u00a0\u00bb725.9px\u00a0\u00bb custom_padding=\u00a0\u00bb16px||22px|||\u00a0\u00bb global_colors_info=\u00a0\u00bb{}\u00a0\u00bb][et_pb_row column_structure=\u00a0\u00bb2_5,3_5&Prime; _builder_version=\u00a0\u00bb4.10.5&Prime; _module_preset=\u00a0\u00bbdefault\u00a0\u00bb custom_margin=\u00a0\u00bb|auto|-25px|auto||\u00a0\u00bb custom_padding=\u00a0\u00bb||73px|||\u00a0\u00bb global_colors_info=\u00a0\u00bb{}\u00a0\u00bb][et_pb_column type=\u00a0\u00bb2_5&Prime; _builder_version=\u00a0\u00bb4.10.5&Prime; _module_preset=\u00a0\u00bbdefault\u00a0\u00bb global_colors_info=\u00a0\u00bb{}\u00a0\u00bb][et_pb_image src=\u00a0\u00bbhttps:\/\/mastercommunicationnumerique.fr\/2021-2022\/groupe3\/wp-content\/uploads\/2022\/03\/LOGO-SANTE\u0301-PUBLIQUE.png\u00a0\u00bb _builder_version=\u00a0\u00bb4.10.5&Prime; _module_preset=\u00a0\u00bbdefault\u00a0\u00bb width=\u00a0\u00bb80%\u00a0\u00bb module_alignment=\u00a0\u00bbcenter\u00a0\u00bb custom_margin=\u00a0\u00bb-9px||||false|false\u00a0\u00bb animation_style=\u00a0\u00bbslide\u00a0\u00bb global_colors_info=\u00a0\u00bb{}\u00a0\u00bb][\/et_pb_image][\/et_pb_column][et_pb_column type=\u00a0\u00bb3_5&Prime; _builder_version=\u00a0\u00bb4.10.5&Prime; _module_preset=\u00a0\u00bbdefault\u00a0\u00bb global_colors_info=\u00a0\u00bb{}\u00a0\u00bb][et_pb_text _builder_version=\u00a0\u00bb4.10.5&Prime; _module_preset=\u00a0\u00bbdefault\u00a0\u00bb text_font=\u00a0\u00bbABeeZee||||||||\u00a0\u00bb text_text_color=\u00a0\u00bb#03506f\u00a0\u00bb text_font_size=\u00a0\u00bb16px\u00a0\u00bb global_colors_info=\u00a0\u00bb{}\u00a0\u00bb]<\/p>\n<p><span style=\"font-weight: 400;\">Sant\u00e9 publique France se place en tant qu\u2019acteur majeur dans la <strong>mise en place<\/strong> de l\u2019application TousAntiCovid en apportant des \u00e9l\u00e9ments de<strong> param\u00e9trage<\/strong>. <\/span><span style=\"font-weight: 400;\">Sa mission est d\u2019am\u00e9liorer et <strong>prot\u00e9ger la sant\u00e9<\/strong> des populations. <\/span><\/p>\n<p><span style=\"font-weight: 400;\">En \u00e9troite <strong>collaboration<\/strong> avec le <strong>minist\u00e8re de la Sant\u00e9 et des solidarit\u00e9s<\/strong>, une <strong>campagne d\u2019information<\/strong> aupr\u00e8s de la population pour promouvoir le t\u00e9l\u00e9chargement de TousAntiCovid a \u00e9t\u00e9 r\u00e9alis\u00e9e et diffus\u00e9e depuis 2020. <\/span><\/p>\n<p><span style=\"font-weight: 400;\"><\/span><\/p>\n<p>[\/et_pb_text][\/et_pb_column][\/et_pb_row][et_pb_row _builder_version=\u00a0\u00bb4.10.5&Prime; _module_preset=\u00a0\u00bbdefault\u00a0\u00bb animation_style=\u00a0\u00bbslide\u00a0\u00bb global_colors_info=\u00a0\u00bb{}\u00a0\u00bb][et_pb_column type=\u00a0\u00bb4_4&Prime; _builder_version=\u00a0\u00bb4.10.5&Prime; _module_preset=\u00a0\u00bbdefault\u00a0\u00bb global_colors_info=\u00a0\u00bb{}\u00a0\u00bb][et_pb_accordion _builder_version=\u00a0\u00bb4.10.5&Prime; _module_preset=\u00a0\u00bbdefault\u00a0\u00bb toggle_level=\u00a0\u00bbh4&Prime; global_colors_info=\u00a0\u00bb{}\u00a0\u00bb][et_pb_accordion_item title=\u00a0\u00bbPour Sant\u00e9 publique France, c\u2019est la sant\u00e9 avant tout ! \u00a0\u00bb open=\u00a0\u00bbon\u00a0\u00bb open_toggle_background_color=\u00a0\u00bb#FFFFFF\u00a0\u00bb closed_toggle_background_color=\u00a0\u00bb#FFFFFF\u00a0\u00bb icon_color=\u00a0\u00bb#1aa6b7&Prime; _builder_version=\u00a0\u00bb4.10.5&Prime; _module_preset=\u00a0\u00bbdefault\u00a0\u00bb body_font=\u00a0\u00bbABeeZee||||||||\u00a0\u00bb body_text_color=\u00a0\u00bb#03506f\u00a0\u00bb body_font_size=\u00a0\u00bb16px\u00a0\u00bb border_radii=\u00a0\u00bbon|20px|20px|20px|20px\u00a0\u00bb border_color_all=\u00a0\u00bb#1aa6b7&Prime; global_colors_info=\u00a0\u00bb{}\u00a0\u00bb toggle_text_color=\u00a0\u00bb#1aa6b7&Prime; toggle_level=\u00a0\u00bbh3&Prime; toggle_font=\u00a0\u00bbCabin||||||||\u00a0\u00bb toggle_font_size=\u00a0\u00bb18px\u00a0\u00bb]<\/p>\n<p><span style=\"font-weight: 400;\">La menace que repr\u00e9sente la Covid-19, pour la population, <strong>justifie<\/strong> la mise en place d\u2019une application de contact tracing. <\/span><span style=\"font-weight: 400;\">L\u2019argument principal avanc\u00e9 par Sant\u00e9 publique France est donc : TousAntiCovid vient <strong>prot\u00e9ger la sant\u00e9<\/strong> des individus en leur \u00e9vitant d\u2019\u00eatre contamin\u00e9s. Elle permet de pr\u00e9venir le d\u00e9veloppement de l&rsquo;\u00e9pid\u00e9mie en <\/span><span style=\"font-weight: 400;\">brisant les <strong>cha\u00eenes de transmission<\/strong>, d\u2019identifier rapidement les personnes ayant \u00e9t\u00e9 en contact avec les personnes positives.\u00a0\u00a0<\/span><\/p>\n<p><span style=\"font-weight: 400;\">Comment ? En <strong>alertant et en se faisant alerter !<\/strong><\/span><\/p>\n<p><span style=\"font-weight: 400;\">Pour Sant\u00e9 publique France, TousAntiCovid est donc un <strong>moyen efficace<\/strong> de lutte contre la pand\u00e9mie.<\/span><\/p>\n<p>&nbsp;<\/p>\n<p>[\/et_pb_accordion_item][et_pb_accordion_item title=\u00a0\u00bbLe num\u00e9rique : Une solution n\u00e9cessaire dans une soci\u00e9t\u00e9 ultra connect\u00e9e !\u00a0\u00bb open_toggle_background_color=\u00a0\u00bb#FFFFFF\u00a0\u00bb closed_toggle_background_color=\u00a0\u00bb#FFFFFF\u00a0\u00bb icon_color=\u00a0\u00bb#1aa6b7&Prime; _builder_version=\u00a0\u00bb4.10.5&Prime; _module_preset=\u00a0\u00bbdefault\u00a0\u00bb body_font=\u00a0\u00bbABeeZee||||||||\u00a0\u00bb body_text_color=\u00a0\u00bb#03506f\u00a0\u00bb body_font_size=\u00a0\u00bb16px\u00a0\u00bb border_radii=\u00a0\u00bbon|20px|20px|20px|20px\u00a0\u00bb border_color_all=\u00a0\u00bb#1aa6b7&Prime; global_colors_info=\u00a0\u00bb{}\u00a0\u00bb toggle_text_color=\u00a0\u00bb#1aa6b7&Prime; toggle_level=\u00a0\u00bbh3&Prime; toggle_font=\u00a0\u00bbCabin||||||||\u00a0\u00bb toggle_font_size=\u00a0\u00bb18px\u00a0\u00bb open=\u00a0\u00bboff\u00a0\u00bb]<\/p>\n<p><span style=\"font-weight: 400;\">Dans le contexte d\u2019une crise sanitaire d\u2019une telle ampleur, il faut saisir tous les moyens mis \u00e0 disposition pour lutter contre celle-ci. Passer \u00e0 c\u00f4t\u00e9 du <strong>num\u00e9rique<\/strong> serait donc une erreur.<\/span><\/p>\n<p><span style=\"font-weight: 400;\">Pourquoi ?\u00a0<\/span><\/p>\n<p><span style=\"font-weight: 400;\">Omnipr\u00e9sent dans le <strong>quotidien des fran\u00e7ais<\/strong>, le num\u00e9rique constitue un moyen efficace pour lutter contre les cha\u00eenes de transmission car une grande partie de la population poss\u00e8de un <strong>smartphone.<\/strong> La mise en place de l\u2019application TousAntiCovid appara\u00eet donc comme une solution adapt\u00e9e \u00e0 la situation sanitaire.<\/span><\/p>\n<p><span style=\"font-weight: 400;\">Pour Sant\u00e9 publique France, le num\u00e9rique vient toutefois <strong>en compl\u00e9ment<\/strong> d\u2019autres actions pour pr\u00e9venir la pand\u00e9mie.<\/span><\/p>\n<p>&nbsp;<\/p>\n<p>[\/et_pb_accordion_item][\/et_pb_accordion][\/et_pb_column][\/et_pb_row][\/et_pb_section][et_pb_section fb_built=\u00a0\u00bb1&Prime; _builder_version=\u00a0\u00bb4.10.5&Prime; _module_preset=\u00a0\u00bbdefault\u00a0\u00bb background_color=\u00a0\u00bb#f0fbff\u00a0\u00bb min_height=\u00a0\u00bb184px\u00a0\u00bb custom_padding=\u00a0\u00bb0px||46px|||\u00a0\u00bb global_colors_info=\u00a0\u00bb{}\u00a0\u00bb][et_pb_row _builder_version=\u00a0\u00bb4.10.5&Prime; _module_preset=\u00a0\u00bbdefault\u00a0\u00bb width=\u00a0\u00bb75%\u00a0\u00bb max_width=\u00a0\u00bb2560px\u00a0\u00bb module_alignment=\u00a0\u00bbcenter\u00a0\u00bb custom_margin=\u00a0\u00bb0px|||0px|false|false\u00a0\u00bb custom_padding=\u00a0\u00bb|||0px|false|false\u00a0\u00bb global_colors_info=\u00a0\u00bb{}\u00a0\u00bb][et_pb_column type=\u00a0\u00bb4_4&Prime; _builder_version=\u00a0\u00bb4.10.5&Prime; _module_preset=\u00a0\u00bbdefault\u00a0\u00bb global_colors_info=\u00a0\u00bb{}\u00a0\u00bb][et_pb_testimonial author=\u00a0\u00bbSant\u00e9 publique France\u00a0\u00bb quote_icon_color=\u00a0\u00bb#03506f\u00a0\u00bb _builder_version=\u00a0\u00bb4.10.5&Prime; _module_preset=\u00a0\u00bbdefault\u00a0\u00bb body_font=\u00a0\u00bbABeeZee||||||||\u00a0\u00bb body_font_size=\u00a0\u00bb16px\u00a0\u00bb author_font=\u00a0\u00bbCabin|700|||||||\u00a0\u00bb author_text_align=\u00a0\u00bbright\u00a0\u00bb author_text_color=\u00a0\u00bb#03506f\u00a0\u00bb author_line_height=\u00a0\u00bb1.4em\u00a0\u00bb background_color=\u00a0\u00bb#FFFFFF\u00a0\u00bb custom_margin=\u00a0\u00bb||-25px|0px|false|false\u00a0\u00bb custom_padding=\u00a0\u00bb25px|20px|25px|20px|true|true\u00a0\u00bb box_shadow_style=\u00a0\u00bbpreset2&Prime; global_colors_info=\u00a0\u00bb{}\u00a0\u00bb]<\/p>\n<p style=\"text-align: center;\"><em><span style=\"font-weight: 400; color: #03506f;\">Sant\u00e9 publique France participe activement \u00e0 la strat\u00e9gie gouvernementale et joue un r\u00f4le majeur, notamment dans l\u2019appui au d\u00e9veloppement des outils de lutte contre la propagation du virus.\u00a0<\/span><\/em><\/p>\n<p>[\/et_pb_testimonial][\/et_pb_column][\/et_pb_row][\/et_pb_section][et_pb_section fb_built=\u00a0\u00bb1&Prime; _builder_version=\u00a0\u00bb4.10.5&Prime; _module_preset=\u00a0\u00bbdefault\u00a0\u00bb min_height=\u00a0\u00bb395.6px\u00a0\u00bb custom_margin=\u00a0\u00bb||0px||false|false\u00a0\u00bb custom_padding=\u00a0\u00bb24px||31px|||\u00a0\u00bb global_colors_info=\u00a0\u00bb{}\u00a0\u00bb][et_pb_row _builder_version=\u00a0\u00bb4.10.5&Prime; _module_preset=\u00a0\u00bbdefault\u00a0\u00bb custom_margin=\u00a0\u00bb|auto|42px|auto||\u00a0\u00bb custom_padding=\u00a0\u00bb33px||33px|||\u00a0\u00bb global_colors_info=\u00a0\u00bb{}\u00a0\u00bb][et_pb_column type=\u00a0\u00bb4_4&Prime; _builder_version=\u00a0\u00bb4.10.5&Prime; _module_preset=\u00a0\u00bbdefault\u00a0\u00bb global_colors_info=\u00a0\u00bb{}\u00a0\u00bb][et_pb_text module_id=\u00a0\u00bbconseilscientifique\u00a0\u00bb _builder_version=\u00a0\u00bb4.10.5&Prime; _module_preset=\u00a0\u00bbdefault\u00a0\u00bb text_font=\u00a0\u00bbCabin||||||||\u00a0\u00bb text_text_color=\u00a0\u00bb#03506f\u00a0\u00bb text_font_size=\u00a0\u00bb35px\u00a0\u00bb text_line_height=\u00a0\u00bb1em\u00a0\u00bb custom_margin=\u00a0\u00bb||20px||false|false\u00a0\u00bb global_colors_info=\u00a0\u00bb{}\u00a0\u00bb]<\/p>\n<p style=\"text-align: right;\">\u00a0Conseil scientifique : TousAntiCovid &amp; donn\u00e9es personnelles<\/p>\n<p>[\/et_pb_text][\/et_pb_column][\/et_pb_row][et_pb_row column_structure=\u00a0\u00bb3_5,2_5&Prime; _builder_version=\u00a0\u00bb4.10.5&Prime; _module_preset=\u00a0\u00bbdefault\u00a0\u00bb global_colors_info=\u00a0\u00bb{}\u00a0\u00bb][et_pb_column type=\u00a0\u00bb3_5&Prime; _builder_version=\u00a0\u00bb4.10.5&Prime; _module_preset=\u00a0\u00bbdefault\u00a0\u00bb global_colors_info=\u00a0\u00bb{}\u00a0\u00bb][et_pb_text _builder_version=\u00a0\u00bb4.10.5&Prime; _module_preset=\u00a0\u00bbdefault\u00a0\u00bb text_font=\u00a0\u00bbABeeZee||||||||\u00a0\u00bb text_text_color=\u00a0\u00bb#03506f\u00a0\u00bb text_font_size=\u00a0\u00bb16px\u00a0\u00bb global_colors_info=\u00a0\u00bb{}\u00a0\u00bb]<\/p>\n<p><span style=\"font-weight: 400;\">A l\u2019origine de nombreuses <strong>d\u00e9cisions<\/strong> majeures quant \u00e0 la crise sanitaire, les 17 membres du conseil scientifique de la Covid-19 se prononcent en<strong> faveur<\/strong> de l\u2019application TousAntiCovid. <\/span><\/p>\n<p><span style=\"font-weight: 400;\">Ils confortent ainsi les <strong>pouvoirs publics<\/strong> \u00e0 la mise en place et au maintien de l\u2019application. Le conseil scientifique vient <strong>l\u00e9gitimer et cr\u00e9dibiliser<\/strong> la parole du gouvernement s&rsquo;agissant de l&rsquo;<strong>efficacit\u00e9<\/strong> de ce dispositif. <\/span><\/p>\n<p>[\/et_pb_text][\/et_pb_column][et_pb_column type=\u00a0\u00bb2_5&Prime; _builder_version=\u00a0\u00bb4.10.5&Prime; _module_preset=\u00a0\u00bbdefault\u00a0\u00bb global_colors_info=\u00a0\u00bb{}\u00a0\u00bb][et_pb_image src=\u00a0\u00bbhttps:\/\/mastercommunicationnumerique.fr\/2021-2022\/groupe3\/wp-content\/uploads\/2022\/03\/CONSEIL-SCIENTIFIQUE.png\u00a0\u00bb _builder_version=\u00a0\u00bb4.10.5&Prime; _module_preset=\u00a0\u00bbdefault\u00a0\u00bb width=\u00a0\u00bb65%\u00a0\u00bb module_alignment=\u00a0\u00bbcenter\u00a0\u00bb custom_margin=\u00a0\u00bb-25px||||false|false\u00a0\u00bb animation_style=\u00a0\u00bbslide\u00a0\u00bb global_colors_info=\u00a0\u00bb{}\u00a0\u00bb][\/et_pb_image][\/et_pb_column][\/et_pb_row][et_pb_row _builder_version=\u00a0\u00bb4.10.5&Prime; _module_preset=\u00a0\u00bbdefault\u00a0\u00bb animation_style=\u00a0\u00bbslide\u00a0\u00bb global_colors_info=\u00a0\u00bb{}\u00a0\u00bb][et_pb_column type=\u00a0\u00bb4_4&Prime; _builder_version=\u00a0\u00bb4.10.5&Prime; _module_preset=\u00a0\u00bbdefault\u00a0\u00bb global_colors_info=\u00a0\u00bb{}\u00a0\u00bb][et_pb_accordion closed_toggle_background_color=\u00a0\u00bb#7cda24&Prime; icon_color=\u00a0\u00bb#1aa6b7&Prime; _builder_version=\u00a0\u00bb4.10.5&Prime; _module_preset=\u00a0\u00bbdefault\u00a0\u00bb body_text_color=\u00a0\u00bb#03506f\u00a0\u00bb border_radii=\u00a0\u00bbon|20px|20px|20px|20px\u00a0\u00bb border_color_all=\u00a0\u00bb#1aa6b7&Prime; global_colors_info=\u00a0\u00bb{}\u00a0\u00bb][et_pb_accordion_item title=\u00a0\u00bbTousAntiCovid : bouclier contre le virus\u00a0\u00bb open=\u00a0\u00bbon\u00a0\u00bb open_toggle_background_color=\u00a0\u00bb#FFFFFF\u00a0\u00bb closed_toggle_background_color=\u00a0\u00bb#FFFFFF\u00a0\u00bb _builder_version=\u00a0\u00bb4.10.5&Prime; _module_preset=\u00a0\u00bbdefault\u00a0\u00bb body_font=\u00a0\u00bbABeeZee||||||||\u00a0\u00bb body_font_size=\u00a0\u00bb16px\u00a0\u00bb border_color_all=\u00a0\u00bb#1aa6b7&Prime; global_colors_info=\u00a0\u00bb{}\u00a0\u00bb toggle_text_color=\u00a0\u00bb#1aa6b7&Prime; toggle_font=\u00a0\u00bbCabin|700|||||||\u00a0\u00bb toggle_font_size=\u00a0\u00bb18px\u00a0\u00bb closed_toggle_font=\u00a0\u00bbCabin||||||||\u00a0\u00bb]<\/p>\n<p><span style=\"font-weight: 400;\">Pour le conseil scientifique de la Covid-19, l\u2019application est un <strong>instrument<\/strong> compl\u00e9mentaire et essentiel pour lutter contre la pand\u00e9mie. <\/span><\/p>\n<p><span style=\"font-weight: 400;\">TousAntiCovid permettrait de retracer les <strong>cha\u00eenes de contamination<\/strong> notamment lorsque la circulation du virus est \u00e9lev\u00e9e.<\/span><\/p>\n<p>[\/et_pb_accordion_item][et_pb_accordion_item title=\u00a0\u00bbL\u2019application qui respecte les donn\u00e9es personnelles !\u00a0\u00bb open_toggle_background_color=\u00a0\u00bb#FFFFFF\u00a0\u00bb closed_toggle_background_color=\u00a0\u00bb#FFFFFF\u00a0\u00bb _builder_version=\u00a0\u00bb4.10.5&Prime; _module_preset=\u00a0\u00bbdefault\u00a0\u00bb body_font=\u00a0\u00bbABeeZee||||||||\u00a0\u00bb body_font_size=\u00a0\u00bb16px\u00a0\u00bb border_color_all=\u00a0\u00bb#1aa6b7&Prime; global_colors_info=\u00a0\u00bb{}\u00a0\u00bb toggle_text_color=\u00a0\u00bb#1aa6b7&Prime; toggle_level=\u00a0\u00bbh4&Prime; toggle_font=\u00a0\u00bbCabin|700|||||||\u00a0\u00bb open=\u00a0\u00bboff\u00a0\u00bb]<\/p>\n<p><span style=\"font-weight: 400;\">Cet outil qui a vocation \u00e0 <strong>endiguer la pand\u00e9mie,<\/strong> prot\u00e8ge \u00e9galement les <strong>donn\u00e9es personnelles<\/strong> des citoyens. <\/span><\/p>\n<p><span style=\"font-weight: 400;\">Le conseil scientifique recommande ainsi fortement l\u2019utilisation de celle-ci car elle permet de<\/span><i><span style=\"font-weight: 400;\"> \u201cne pas <strong>montrer<\/strong> toutes les donn\u00e9es personnelles quand on produit son certificat\u201d. <\/span><\/i><\/p>\n<p>[\/et_pb_accordion_item][\/et_pb_accordion][\/et_pb_column][\/et_pb_row][et_pb_row _builder_version=\u00a0\u00bb4.10.5&Prime; _module_preset=\u00a0\u00bbdefault\u00a0\u00bb width=\u00a0\u00bb75%\u00a0\u00bb max_width=\u00a0\u00bb2560px\u00a0\u00bb global_colors_info=\u00a0\u00bb{}\u00a0\u00bb][et_pb_column type=\u00a0\u00bb4_4&Prime; _builder_version=\u00a0\u00bb4.10.5&Prime; _module_preset=\u00a0\u00bbdefault\u00a0\u00bb global_colors_info=\u00a0\u00bb{}\u00a0\u00bb][et_pb_testimonial author=\u00a0\u00bbLe conseil scientifique de la Covid-19&Prime; quote_icon_color=\u00a0\u00bb#03506f\u00a0\u00bb quote_icon_background_color=\u00a0\u00bb#FFFFFF\u00a0\u00bb _builder_version=\u00a0\u00bb4.10.5&Prime; _module_preset=\u00a0\u00bbdefault\u00a0\u00bb body_font=\u00a0\u00bbABeeZee||||||||\u00a0\u00bb body_text_color=\u00a0\u00bb#03506f\u00a0\u00bb body_font_size=\u00a0\u00bb16px\u00a0\u00bb author_font=\u00a0\u00bbCabin|700|||||||\u00a0\u00bb author_text_align=\u00a0\u00bbright\u00a0\u00bb background_color=\u00a0\u00bb#FFFFFF\u00a0\u00bb custom_margin=\u00a0\u00bb||||false|false\u00a0\u00bb custom_padding=\u00a0\u00bb25px|20px|25px|20px|true|true\u00a0\u00bb box_shadow_style=\u00a0\u00bbpreset1&Prime; global_colors_info=\u00a0\u00bb{}\u00a0\u00bb]<\/p>\n<p style=\"text-align: center;\"><em><span style=\"font-weight: 400;\">L\u2019utilisation du format num\u00e9rique permet \u00e0 l\u2019utilisateur de ne pas voir certaines informations et donn\u00e9es m\u00e9dicales le concernant et en particulier la source d\u2019obtention du pass sanitaire. L\u2019utilisation et la communication du format papier \u00e0 un tiers ne permet pas de masquer des donn\u00e9es personnelles et m\u00e9dicales, que le contr\u00f4leur du pass sanitaire n\u2019a pas \u00e0 conna\u00eetre.<\/span><\/em><\/p>\n<p>[\/et_pb_testimonial][\/et_pb_column][\/et_pb_row][\/et_pb_section][et_pb_section fb_built=\u00a0\u00bb1&Prime; _builder_version=\u00a0\u00bb4.10.5&Prime; _module_preset=\u00a0\u00bbdefault\u00a0\u00bb background_color=\u00a0\u00bb#f0fbff\u00a0\u00bb min_height=\u00a0\u00bb104.8px\u00a0\u00bb custom_margin=\u00a0\u00bb0px||||false|false\u00a0\u00bb custom_padding=\u00a0\u00bb0px||||false|false\u00a0\u00bb global_colors_info=\u00a0\u00bb{}\u00a0\u00bb][et_pb_row _builder_version=\u00a0\u00bb4.10.5&Prime; _module_preset=\u00a0\u00bbdefault\u00a0\u00bb min_height=\u00a0\u00bb141.8px\u00a0\u00bb custom_padding=\u00a0\u00bb46px|||||\u00a0\u00bb global_colors_info=\u00a0\u00bb{}\u00a0\u00bb][et_pb_column type=\u00a0\u00bb4_4&Prime; _builder_version=\u00a0\u00bb4.10.5&Prime; _module_preset=\u00a0\u00bbdefault\u00a0\u00bb global_colors_info=\u00a0\u00bb{}\u00a0\u00bb][et_pb_text module_id=\u00a0\u00bbcnil\u00a0\u00bb _builder_version=\u00a0\u00bb4.10.5&Prime; _module_preset=\u00a0\u00bbdefault\u00a0\u00bb text_font=\u00a0\u00bbCabin||||||||\u00a0\u00bb text_text_color=\u00a0\u00bb#03506f\u00a0\u00bb text_font_size=\u00a0\u00bb35px\u00a0\u00bb text_line_height=\u00a0\u00bb1em\u00a0\u00bb header_text_color=\u00a0\u00bb#000000&Prime; header_font_size=\u00a0\u00bb35px\u00a0\u00bb header_2_font_size=\u00a0\u00bb27px\u00a0\u00bb custom_margin=\u00a0\u00bb||19px|||\u00a0\u00bb global_colors_info=\u00a0\u00bb{}\u00a0\u00bb]<\/p>\n<p>CNIL : le respect des donn\u00e9es avant tout<\/p>\n<p>[\/et_pb_text][\/et_pb_column][\/et_pb_row][\/et_pb_section][et_pb_section fb_built=\u00a0\u00bb1&Prime; _builder_version=\u00a0\u00bb4.10.5&Prime; _module_preset=\u00a0\u00bbdefault\u00a0\u00bb background_color=\u00a0\u00bb#f0fbff\u00a0\u00bb min_height=\u00a0\u00bb314.5px\u00a0\u00bb custom_margin=\u00a0\u00bb-49px||||false|false\u00a0\u00bb custom_padding=\u00a0\u00bb25px||0px||false|false\u00a0\u00bb global_colors_info=\u00a0\u00bb{}\u00a0\u00bb][et_pb_row column_structure=\u00a0\u00bb2_5,3_5&Prime; _builder_version=\u00a0\u00bb4.10.5&Prime; _module_preset=\u00a0\u00bbdefault\u00a0\u00bb custom_padding=\u00a0\u00bb||13px|||\u00a0\u00bb global_colors_info=\u00a0\u00bb{}\u00a0\u00bb][et_pb_column type=\u00a0\u00bb2_5&Prime; _builder_version=\u00a0\u00bb4.10.5&Prime; _module_preset=\u00a0\u00bbdefault\u00a0\u00bb global_colors_info=\u00a0\u00bb{}\u00a0\u00bb][et_pb_image src=\u00a0\u00bbhttps:\/\/mastercommunicationnumerique.fr\/2021-2022\/groupe3\/wp-content\/uploads\/2022\/03\/CNIL-LOGO.png\u00a0\u00bb _builder_version=\u00a0\u00bb4.10.5&Prime; _module_preset=\u00a0\u00bbdefault\u00a0\u00bb width=\u00a0\u00bb80%\u00a0\u00bb module_alignment=\u00a0\u00bbcenter\u00a0\u00bb custom_margin=\u00a0\u00bb|||0px|false|false\u00a0\u00bb animation_style=\u00a0\u00bbslide\u00a0\u00bb global_colors_info=\u00a0\u00bb{}\u00a0\u00bb][\/et_pb_image][\/et_pb_column][et_pb_column type=\u00a0\u00bb3_5&Prime; _builder_version=\u00a0\u00bb4.10.5&Prime; _module_preset=\u00a0\u00bbdefault\u00a0\u00bb global_colors_info=\u00a0\u00bb{}\u00a0\u00bb][et_pb_text _builder_version=\u00a0\u00bb4.10.5&Prime; _module_preset=\u00a0\u00bbdefault\u00a0\u00bb text_font=\u00a0\u00bbABeeZee||||||||\u00a0\u00bb text_text_color=\u00a0\u00bb#03506f\u00a0\u00bb text_font_size=\u00a0\u00bb16px\u00a0\u00bb global_colors_info=\u00a0\u00bb{}\u00a0\u00bb]<\/p>\n<p><span style=\"font-weight: 400;\">Dans le cadre de l\u2019application TousAntiCovid, la CNIL joue son r\u00f4le de <strong>gardienne<\/strong> du droit \u00e0<\/span><span style=\"font-weight: 400;\"> la <strong>protection des donn\u00e9es personnelles<\/strong> et de la<strong> vie priv\u00e9e des individus<\/strong>. <\/span><\/p>\n<p><span style=\"font-weight: 400;\">La commission encadre la mise en <strong>conformit\u00e9<\/strong> de l\u2019application par rapport au <strong>RGPD<\/strong> (r\u00e8glement g\u00e9n\u00e9ral sur la protection des donn\u00e9es).\u00a0<\/span><\/p>\n<p><span style=\"font-weight: 400;\">Depuis sa mise en \u0153uvre, TousAntiCovid a fait l\u2019objet de <strong>8 d\u00e9lib\u00e9rations par la CNIL<\/strong>.<\/span><\/p>\n<p>[\/et_pb_text][\/et_pb_column][\/et_pb_row][\/et_pb_section][et_pb_section fb_built=\u00a0\u00bb1&Prime; _builder_version=\u00a0\u00bb4.10.5&Prime; _module_preset=\u00a0\u00bbdefault\u00a0\u00bb background_color=\u00a0\u00bb#f0fbff\u00a0\u00bb min_height=\u00a0\u00bb1152.3px\u00a0\u00bb custom_margin=\u00a0\u00bb||||false|false\u00a0\u00bb custom_padding=\u00a0\u00bb0px|||||\u00a0\u00bb global_colors_info=\u00a0\u00bb{}\u00a0\u00bb][et_pb_row custom_padding_last_edited=\u00a0\u00bbon|desktop\u00a0\u00bb _builder_version=\u00a0\u00bb4.10.5&Prime; _module_preset=\u00a0\u00bbdefault\u00a0\u00bb custom_margin=\u00a0\u00bb||0px||false|false\u00a0\u00bb custom_padding=\u00a0\u00bb0px||84px|||\u00a0\u00bb custom_padding_tablet=\u00a0\u00bb\u00a0\u00bb custom_padding_phone=\u00a0\u00bb||0px||false|false\u00a0\u00bb animation_style=\u00a0\u00bbslide\u00a0\u00bb global_colors_info=\u00a0\u00bb{}\u00a0\u00bb][et_pb_column type=\u00a0\u00bb4_4&Prime; _builder_version=\u00a0\u00bb4.10.5&Prime; _module_preset=\u00a0\u00bbdefault\u00a0\u00bb global_colors_info=\u00a0\u00bb{}\u00a0\u00bb][et_pb_image src=\u00a0\u00bbhttps:\/\/mastercommunicationnumerique.fr\/2021-2022\/groupe3\/wp-content\/uploads\/2022\/03\/Arrow-Timeline-Process-Diagram-Infographic-Brainstorm.png\u00a0\u00bb align=\u00a0\u00bbcenter\u00a0\u00bb _builder_version=\u00a0\u00bb4.10.5&Prime; _module_preset=\u00a0\u00bbdefault\u00a0\u00bb width=\u00a0\u00bb100%\u00a0\u00bb global_colors_info=\u00a0\u00bb{}\u00a0\u00bb][\/et_pb_image][\/et_pb_column][\/et_pb_row][et_pb_row _builder_version=\u00a0\u00bb4.10.5&Prime; _module_preset=\u00a0\u00bbdefault\u00a0\u00bb min_height=\u00a0\u00bb259.9px\u00a0\u00bb custom_margin=\u00a0\u00bb-26px||||false|false\u00a0\u00bb custom_padding=\u00a0\u00bb0px||||false|false\u00a0\u00bb global_colors_info=\u00a0\u00bb{}\u00a0\u00bb][et_pb_column type=\u00a0\u00bb4_4&Prime; _builder_version=\u00a0\u00bb4.10.5&Prime; _module_preset=\u00a0\u00bbdefault\u00a0\u00bb global_colors_info=\u00a0\u00bb{}\u00a0\u00bb][et_pb_accordion open_toggle_background_color=\u00a0\u00bb#FFFFFF\u00a0\u00bb closed_toggle_background_color=\u00a0\u00bb#FFFFFF\u00a0\u00bb icon_color=\u00a0\u00bb#1aa6b7&Prime; _builder_version=\u00a0\u00bb4.10.5&Prime; _module_preset=\u00a0\u00bbdefault\u00a0\u00bb toggle_text_color=\u00a0\u00bb#1aa6b7&Prime; toggle_level=\u00a0\u00bbh4&Prime; toggle_font=\u00a0\u00bbCabin||||||||\u00a0\u00bb body_font=\u00a0\u00bbABeeZee||||||||\u00a0\u00bb body_text_color=\u00a0\u00bb#03506f\u00a0\u00bb body_font_size=\u00a0\u00bb16px\u00a0\u00bb custom_margin=\u00a0\u00bb12px||||false|false\u00a0\u00bb border_radii=\u00a0\u00bbon|20px|20px|20px|20px\u00a0\u00bb border_color_all=\u00a0\u00bb#1aa6b7&Prime; global_colors_info=\u00a0\u00bb{}\u00a0\u00bb][et_pb_accordion_item title=\u00a0\u00bbUne acceptation du dispositif, mais sous certaines conditions\u2026\u00a0\u00bb open=\u00a0\u00bbon\u00a0\u00bb open_toggle_text_color=\u00a0\u00bb#1aa6b7&Prime; _builder_version=\u00a0\u00bb4.10.5&Prime; _module_preset=\u00a0\u00bbdefault\u00a0\u00bb body_font=\u00a0\u00bbABeeZee||||||||\u00a0\u00bb global_colors_info=\u00a0\u00bb{}\u00a0\u00bb toggle_level=\u00a0\u00bbh4&Prime; toggle_font=\u00a0\u00bbCabin||||||||\u00a0\u00bb]<\/p>\n<p><span style=\"font-weight: 400;\">La CNIL n\u2019\u00e9met pas de <strong>contre-indication<\/strong> au d\u00e9ploiement de cette application, d\u00e8s lors que celle-ci garantit la mise en application du <strong>protocole ROBERT<\/strong>, dans une logique <strong>d\u2019anonymisation<\/strong> et de minimisation des donn\u00e9es collect\u00e9es. <\/span><\/p>\n<p><span style=\"font-weight: 400;\">La CNIL \u00e9met des <strong>recommandations<\/strong> qui encadrent l\u2019application TousAntiCovid et effectue des contr\u00f4les afin de garantir la pleine application de ce protocole. <\/span><\/p>\n<p>[\/et_pb_accordion_item][et_pb_accordion_item title=\u00a0\u00bb\u2026qui ne lui emp\u00eache pas d&rsquo;\u00e9mettre des r\u00e9ticences\u00a0\u00bb _builder_version=\u00a0\u00bb4.10.5&Prime; _module_preset=\u00a0\u00bbdefault\u00a0\u00bb body_font=\u00a0\u00bbABeeZee||||||||\u00a0\u00bb body_font_size=\u00a0\u00bb16px\u00a0\u00bb global_colors_info=\u00a0\u00bb{}\u00a0\u00bb toggle_level=\u00a0\u00bbh4&Prime; toggle_font=\u00a0\u00bbCabin||||||||\u00a0\u00bb open=\u00a0\u00bboff\u00a0\u00bb]<\/p>\n<p><span style=\"font-weight: 400;\">L\u2019atteinte port\u00e9e au <strong>droit \u00e0 la vie priv\u00e9e<\/strong> et \u00e0 la <strong>protection des donn\u00e9es personnelles<\/strong> doit \u00eatre justifi\u00e9e par un motif d\u2019<strong>int\u00e9r\u00eat g\u00e9n\u00e9ral<\/strong> et <\/span><span style=\"font-weight: 400;\"><strong>proportionn\u00e9e<\/strong> \u00e0 la r\u00e9alisation de cet objectif.<\/span><span style=\"font-weight: 400;\"> La CNIL cherche ainsi \u00e0 r\u00e9colter des preuves aupr\u00e8s du gouvernement afin de<strong> juger<\/strong> et d\u2019\u00e9valuer l&rsquo;efficacit\u00e9 de l\u2019application. <\/span><\/p>\n<p><span style=\"font-weight: 400;\">Elle <\/span><span style=\"font-weight: 400;\">demande \u00e9galement une d\u00e9monstration que la mise en place de ces outils ne rentre pas dans un <strong>\u201c<\/strong><\/span><strong><i>solutionnisme technologique \u201d<\/i><\/strong><i><span style=\"font-weight: 400;\">,<\/span><\/i><span style=\"font-weight: 400;\"> qu\u2019elle n\u2019a toutefois pas obtenu depuis la mise en place de l\u2019application. <\/span><\/p>\n<p><span style=\"font-weight: 400;\">Plus encore, la CNIL est inqui\u00e8te de voir dans le futur une <strong>banalisation<\/strong> de ce type de dispositifs attentatoires \u00e0 la vie priv\u00e9e.<\/span><\/p>\n<p>[\/et_pb_accordion_item][\/et_pb_accordion][\/et_pb_column][\/et_pb_row][et_pb_row _builder_version=\u00a0\u00bb4.10.5&Prime; _module_preset=\u00a0\u00bbdefault\u00a0\u00bb width=\u00a0\u00bb100%\u00a0\u00bb max_width=\u00a0\u00bb2560px\u00a0\u00bb custom_margin=\u00a0\u00bb|auto|0px|auto|false|false\u00a0\u00bb custom_padding=\u00a0\u00bb0px|||||\u00a0\u00bb global_colors_info=\u00a0\u00bb{}\u00a0\u00bb][et_pb_column type=\u00a0\u00bb4_4&Prime; _builder_version=\u00a0\u00bb4.10.5&Prime; _module_preset=\u00a0\u00bbdefault\u00a0\u00bb global_colors_info=\u00a0\u00bb{}\u00a0\u00bb][et_pb_testimonial author=\u00a0\u00bbLa CNIL\u00a0\u00bb quote_icon_color=\u00a0\u00bb#03506f\u00a0\u00bb quote_icon_background_color=\u00a0\u00bb#FFFFFF\u00a0\u00bb _builder_version=\u00a0\u00bb4.10.5&Prime; _module_preset=\u00a0\u00bbdefault\u00a0\u00bb body_font_size=\u00a0\u00bb16px\u00a0\u00bb author_font=\u00a0\u00bbCabin|700|||||||\u00a0\u00bb author_text_align=\u00a0\u00bbright\u00a0\u00bb author_text_color=\u00a0\u00bb#03506f\u00a0\u00bb background_color=\u00a0\u00bb#FFFFFF\u00a0\u00bb width=\u00a0\u00bb78%\u00a0\u00bb module_alignment=\u00a0\u00bbcenter\u00a0\u00bb custom_margin=\u00a0\u00bb44px||||false|false\u00a0\u00bb custom_padding=\u00a0\u00bb25px|80px|25px|80px|true|true\u00a0\u00bb custom_padding_tablet=\u00a0\u00bb\u00a0\u00bb custom_padding_phone=\u00a0\u00bb25px|20px|25px|20px|true|true\u00a0\u00bb custom_padding_last_edited=\u00a0\u00bbon|phone\u00a0\u00bb box_shadow_style=\u00a0\u00bbpreset2&Prime; global_colors_info=\u00a0\u00bb{}\u00a0\u00bb]<\/p>\n<p style=\"text-align: center;\"><span style=\"color: #03506f;\"><i><span style=\"font-weight: 400;\">La Commission rappelle que la multiplication des dispositifs num\u00e9riques mis en \u0153uvre dans le cadre de la gestion de l&rsquo;\u00e9pid\u00e9mie rend absolument n\u00e9cessaire une \u00e9valuation quantifi\u00e9e et objective de leur efficacit\u00e9 dans la contribution \u00e0 la lutte contre la COVID-19, ce qu&rsquo;elle a rappel\u00e9 \u00e0 de nombreuses reprises depuis le d\u00e9but de l&rsquo;\u00e9pid\u00e9mie, afin de s&rsquo;assurer que le recours \u00e0 ces dispositifs prendra fin d\u00e8s que cette n\u00e9cessit\u00e9 aura disparu. <\/span><\/i><span style=\"font-weight: 400;\">Or, la Commission<\/span><i><span style=\"font-weight: 400;\"> \u00ab\u00a0regrette qu&rsquo;\u00e0 ce jour, les \u00e9tudes et \u00e9valuations demand\u00e9es de fa\u00e7on r\u00e9it\u00e9r\u00e9e ne lui aient pas \u00e9t\u00e9 transmises\u00a0\u00bb<\/span><\/i><span style=\"font-weight: 400;\">.<\/span><\/span><\/p>\n<p>[\/et_pb_testimonial][\/et_pb_column][\/et_pb_row][\/et_pb_section][et_pb_section fb_built=\u00a0\u00bb1&Prime; _builder_version=\u00a0\u00bb4.10.5&Prime; _module_preset=\u00a0\u00bbdefault\u00a0\u00bb background_color=\u00a0\u00bb#FFFFFF\u00a0\u00bb min_height=\u00a0\u00bb143.8px\u00a0\u00bb custom_margin=\u00a0\u00bb0px||0px||false|false\u00a0\u00bb custom_padding=\u00a0\u00bb0px||34px|||\u00a0\u00bb global_colors_info=\u00a0\u00bb{}\u00a0\u00bb][et_pb_row _builder_version=\u00a0\u00bb4.10.5&Prime; _module_preset=\u00a0\u00bbdefault\u00a0\u00bb min_height=\u00a0\u00bb112.8px\u00a0\u00bb custom_margin=\u00a0\u00bb0px|auto|1px|auto|false|false\u00a0\u00bb custom_padding=\u00a0\u00bb84px|||||\u00a0\u00bb global_colors_info=\u00a0\u00bb{}\u00a0\u00bb][et_pb_column type=\u00a0\u00bb4_4&Prime; _builder_version=\u00a0\u00bb4.10.5&Prime; _module_preset=\u00a0\u00bbdefault\u00a0\u00bb global_colors_info=\u00a0\u00bb{}\u00a0\u00bb][et_pb_text module_id=\u00a0\u00bbcncdh\u00a0\u00bb _builder_version=\u00a0\u00bb4.10.5&Prime; _module_preset=\u00a0\u00bbdefault\u00a0\u00bb text_font=\u00a0\u00bbCabin||||||||\u00a0\u00bb text_text_color=\u00a0\u00bb#03506f\u00a0\u00bb text_font_size=\u00a0\u00bb35px\u00a0\u00bb text_line_height=\u00a0\u00bb1em\u00a0\u00bb min_height=\u00a0\u00bb71.8px\u00a0\u00bb custom_margin=\u00a0\u00bb8px|||||\u00a0\u00bb global_colors_info=\u00a0\u00bb{}\u00a0\u00bb]<\/p>\n<p style=\"text-align: right;\">CNCDH : lanceur d&rsquo;alerte concernant TousAntiCovid<\/p>\n<p>[\/et_pb_text][\/et_pb_column][\/et_pb_row][\/et_pb_section][et_pb_section fb_built=\u00a0\u00bb1&Prime; _builder_version=\u00a0\u00bb4.10.5&Prime; _module_preset=\u00a0\u00bbdefault\u00a0\u00bb background_color=\u00a0\u00bb#FFFFFF\u00a0\u00bb min_height=\u00a0\u00bb450px\u00a0\u00bb custom_margin=\u00a0\u00bb-61px|||||\u00a0\u00bb custom_padding=\u00a0\u00bb43px||47px|||\u00a0\u00bb global_colors_info=\u00a0\u00bb{}\u00a0\u00bb][et_pb_row column_structure=\u00a0\u00bb3_5,2_5&Prime; _builder_version=\u00a0\u00bb4.10.5&Prime; _module_preset=\u00a0\u00bbdefault\u00a0\u00bb custom_margin=\u00a0\u00bb|auto|-55px|auto||\u00a0\u00bb custom_padding=\u00a0\u00bb18px|||||\u00a0\u00bb global_colors_info=\u00a0\u00bb{}\u00a0\u00bb][et_pb_column type=\u00a0\u00bb3_5&Prime; _builder_version=\u00a0\u00bb4.10.5&Prime; _module_preset=\u00a0\u00bbdefault\u00a0\u00bb global_colors_info=\u00a0\u00bb{}\u00a0\u00bb][et_pb_text _builder_version=\u00a0\u00bb4.10.5&Prime; _module_preset=\u00a0\u00bbdefault\u00a0\u00bb text_text_color=\u00a0\u00bb#03506f\u00a0\u00bb text_font_size=\u00a0\u00bb16px\u00a0\u00bb global_colors_info=\u00a0\u00bb{}\u00a0\u00bb]<\/p>\n<p><span style=\"font-weight: 400;\">La CNCDH a un r\u00f4le de<strong> vigilance, de proposition, de suivi et de sensibilisation<\/strong> aupr\u00e8s du Gouvernement et du Parlement sur tous les sujets relatifs aux <strong>droits de l\u2019Homme et au droit international humanitaire.<\/strong><\/span><\/p>\n<p><span style=\"font-weight: 400;\"> Cette institution ne cesse de rappeler qu\u2019une conformit\u00e9 au RGPD n\u2019est pas <strong>suffisante<\/strong> pour la garantie totale du respect de l\u2019ensemble des droits et libert\u00e9s fondamentaux. C\u2019est en ce sens qu\u2019elle se soucie des potentielles <strong>cons\u00e9quences<\/strong> de l\u2019application TousAntiCovid vis-\u00e0-vis des libert\u00e9s et droits de l\u2019Homme. <\/span><\/p>\n<p><span style=\"font-weight: 400;\">La CNCDH a <strong>alert\u00e9<\/strong> \u00e0 plusieurs reprises les pouvoirs publics sur les <strong>dangers<\/strong> que repr\u00e9sentent les applications de contact tracing. Pour la CNCDH, il s\u2019agit donc d\u2019une <strong>atteinte disproportionn\u00e9e<\/strong> aux droits et libert\u00e9s de l\u2019ensemble des citoyens. <\/span><\/p>\n<p><span style=\"font-weight: 400;\">Au sens plus large, la commission s\u2019est tenue de rappeler que l\u2019utilisation de <strong>nouvelles technologies<\/strong> ne pouvaient se substituer \u00e0 une nouvelle politique de sant\u00e9 ambitieuse et a donc appel\u00e9 le Gouvernement et le Parlement \u00e0 <strong>r\u00e9\u00e9valuer<\/strong> la n\u00e9cessit\u00e9 de cette application de suivi num\u00e9rique des personnes dans le cadre de la lutte contre la Covid-19.<\/span><\/p>\n<p>[\/et_pb_text][\/et_pb_column][et_pb_column type=\u00a0\u00bb2_5&Prime; _builder_version=\u00a0\u00bb4.10.5&Prime; _module_preset=\u00a0\u00bbdefault\u00a0\u00bb global_colors_info=\u00a0\u00bb{}\u00a0\u00bb][et_pb_image src=\u00a0\u00bbhttps:\/\/mastercommunicationnumerique.fr\/2021-2022\/groupe3\/wp-content\/uploads\/2022\/03\/CNCDH.png\u00a0\u00bb _builder_version=\u00a0\u00bb4.10.5&Prime; _module_preset=\u00a0\u00bbdefault\u00a0\u00bb width=\u00a0\u00bb85%\u00a0\u00bb module_alignment=\u00a0\u00bbcenter\u00a0\u00bb custom_padding=\u00a0\u00bb90px||||false|false\u00a0\u00bb animation_style=\u00a0\u00bbslide\u00a0\u00bb global_colors_info=\u00a0\u00bb{}\u00a0\u00bb][\/et_pb_image][\/et_pb_column][\/et_pb_row][\/et_pb_section][et_pb_section fb_built=\u00a0\u00bb1&Prime; _builder_version=\u00a0\u00bb4.10.5&Prime; _module_preset=\u00a0\u00bbdefault\u00a0\u00bb background_color=\u00a0\u00bb#FFFFFF\u00a0\u00bb custom_padding=\u00a0\u00bb0px||40px||false|false\u00a0\u00bb global_colors_info=\u00a0\u00bb{}\u00a0\u00bb][et_pb_row _builder_version=\u00a0\u00bb4.10.5&Prime; _module_preset=\u00a0\u00bbdefault\u00a0\u00bb min_height=\u00a0\u00bb459.2px\u00a0\u00bb animation_style=\u00a0\u00bbslide\u00a0\u00bb global_colors_info=\u00a0\u00bb{}\u00a0\u00bb][et_pb_column type=\u00a0\u00bb4_4&Prime; _builder_version=\u00a0\u00bb4.10.5&Prime; _module_preset=\u00a0\u00bbdefault\u00a0\u00bb global_colors_info=\u00a0\u00bb{}\u00a0\u00bb][et_pb_accordion closed_toggle_background_color=\u00a0\u00bbRGBA(0,0,0,0)\u00a0\u00bb icon_color=\u00a0\u00bb#1aa6b7&Prime; _builder_version=\u00a0\u00bb4.10.5&Prime; _module_preset=\u00a0\u00bbdefault\u00a0\u00bb toggle_text_color=\u00a0\u00bb#1aa6b7&Prime; toggle_level=\u00a0\u00bbh4&Prime; toggle_font=\u00a0\u00bbCabin||||||||\u00a0\u00bb body_font=\u00a0\u00bbABeeZee||||||||\u00a0\u00bb body_text_color=\u00a0\u00bb#03506f\u00a0\u00bb border_radii=\u00a0\u00bbon|20px|20px|20px|20px\u00a0\u00bb border_color_all=\u00a0\u00bb#1aa6b7&Prime; global_colors_info=\u00a0\u00bb{}\u00a0\u00bb][et_pb_accordion_item title=\u00a0\u00bbTousAntiCovid : atteinte \u00e0 la coh\u00e9sion sociale !\u00a0\u00bb open=\u00a0\u00bbon\u00a0\u00bb _builder_version=\u00a0\u00bb4.10.5&Prime; _module_preset=\u00a0\u00bbdefault\u00a0\u00bb body_font_size=\u00a0\u00bb16px\u00a0\u00bb global_colors_info=\u00a0\u00bb{}\u00a0\u00bb]<\/p>\n<p><span style=\"font-weight: 400;\">Pour la CNCDH, si l\u2019objectif premier de l\u2019application est de <strong>prot\u00e9ger la sant\u00e9<\/strong> des individus, celui-ci <strong>n\u2019est pas atteint<\/strong>, puisqu\u2019en voulant prot\u00e9ger la sant\u00e9 physique, ils attaquent la <strong>sant\u00e9 mentale<\/strong>. TousAntiCovid pourrait susciter de l\u2019anxi\u00e9t\u00e9, de la stigmatisation et des <strong>discriminations<\/strong> \u00e0 l\u2019\u00e9gard des personnes contaminantes ou contamin\u00e9es ou de celles qui refuseront d\u2019installer l\u2019application. <\/span><\/p>\n<p><span style=\"font-weight: 400;\">C\u2019est en ce sens que la CNCDH <strong>accuse<\/strong> les pouvoirs publics de <strong>fragiliser la coh\u00e9sion sociale<\/strong> \u00e0 travers l\u2019application. Plus encore, la commission rappelle que la population n\u2019est <strong>pas \u00e9gale en termes d\u2019acc\u00e8s au num\u00e9rique<\/strong> et que TousAntiCovid vient creuser davantage l\u2019\u00e9cart existant.<\/span><\/p>\n<p>[\/et_pb_accordion_item][et_pb_accordion_item title=\u00a0\u00bbUne application inefficace !\u00a0\u00bb _builder_version=\u00a0\u00bb4.10.5&Prime; _module_preset=\u00a0\u00bbdefault\u00a0\u00bb body_font_size=\u00a0\u00bb16px\u00a0\u00bb global_colors_info=\u00a0\u00bb{}\u00a0\u00bb open=\u00a0\u00bboff\u00a0\u00bb]<\/p>\n<p><span style=\"font-weight: 400;\">La CNCDH affirme qu\u2019il faut <strong>60% d\u2019utilisateurs<\/strong> au minimum pour que TousAntiCovid soit efficace. Pour la CNCDH, l\u2019application ne fonctionne pas car un <strong>nombre insuffisant<\/strong> de personnes l\u2019ont t\u00e9l\u00e9charg\u00e9e, puisqu\u2019il est inf\u00e9rieur au nombre qu\u2019ils ont annonc\u00e9. Plus encore, tr\u00e8s peu d\u2019entre eux ont <strong>activ\u00e9 la fonction bluetooth.\u00a0<\/strong><\/span><\/p>\n<p><span style=\"font-weight: 400;\">L\u2019utilisation des technologies pour lutter contre la pand\u00e9mie laisse \u00e0 la <strong>marge<\/strong> une partie de la population. La CNCDH affirme que <strong>18 millions de Fran\u00e7ais<\/strong> ne poss\u00e8dent pas de smartphone et se retrouvent <strong>exclus<\/strong> du processus de l\u2019application. Elles ne b\u00e9n\u00e9ficient donc pas de la m\u00eame <strong>protection<\/strong> que le reste de la population. Ces personnes sont g\u00e9n\u00e9ralement des <strong>personnes \u00e2g\u00e9es ou \u00e0 faible revenu,<\/strong> soit des personnes <strong>vuln\u00e9rables<\/strong> face \u00e0 la maladie.\u00a0<\/span><\/p>\n<p><span style=\"font-weight: 400;\">Enfin, pour la commission, TousAntiCovid viendrait accentuer le nombre de <strong>dysfonctionnement<\/strong> notamment s\u2019agissant des <strong>cas de faux positifs<\/strong> et <strong>faux n\u00e9gatifs<\/strong>. Ce qui remet en question la<strong> fiabilit\u00e9<\/strong> de l\u2019application d\u2019autant plus que le <strong>mod\u00e8le de transmission<\/strong> du virus est incertain.<\/span><\/p>\n<p>[\/et_pb_accordion_item][et_pb_accordion_item title=\u00a0\u00bbTousAntiCovid : un affront au droit \u00e0 la protection des donn\u00e9es personnelles !\u00a0\u00bb _builder_version=\u00a0\u00bb4.10.5&Prime; _module_preset=\u00a0\u00bbdefault\u00a0\u00bb body_font_size=\u00a0\u00bb16px\u00a0\u00bb global_colors_info=\u00a0\u00bb{}\u00a0\u00bb open=\u00a0\u00bboff\u00a0\u00bb]<\/p>\n<p><span style=\"font-weight: 400;\">Pour la CNCDH, les applications de contact tracing comme l\u2019application TousAntiCovid sont <strong>dangereuses<\/strong> au regard de la <strong>vie priv\u00e9e.<\/strong> Bien que celle-ci se fasse sur la base du volontariat et de <\/span>l&rsquo;anonymat, les<span style=\"font-weight: 400;\"><strong> d\u00e9rives<\/strong> n\u2019en sont toutefois pas \u00e9cart\u00e9es. D\u2019autant plus que le <strong>bluetooth<\/strong> ne repr\u00e9sente en aucun cas un <strong>indicateur fiable<\/strong> de contamination et pr\u00e9sente au surplus diff\u00e9rents <strong>risques de s\u00e9curit\u00e9<\/strong> et de d\u00e9tournement des donn\u00e9es personnelles. <\/span><\/p>\n<p><span style=\"font-weight: 400;\">Pour la commission, l\u2019utilisation de l\u2019<strong>Intelligence artificielle<\/strong> et des donn\u00e9es personnelles traduit davantage un acte de <strong>surveillance<\/strong> des individus et donc d\u2019une atteinte aux droits et libert\u00e9s fondamentaux.<\/span><\/p>\n<p>[\/et_pb_accordion_item][\/et_pb_accordion][\/et_pb_column][\/et_pb_row][\/et_pb_section][et_pb_section fb_built=\u00a0\u00bb1&Prime; _builder_version=\u00a0\u00bb4.10.5&Prime; _module_preset=\u00a0\u00bbdefault\u00a0\u00bb width=\u00a0\u00bb100%\u00a0\u00bb max_width=\u00a0\u00bb100%\u00a0\u00bb custom_padding=\u00a0\u00bb0px||38px|||\u00a0\u00bb global_colors_info=\u00a0\u00bb{}\u00a0\u00bb][et_pb_row _builder_version=\u00a0\u00bb4.10.5&Prime; _module_preset=\u00a0\u00bbdefault\u00a0\u00bb width=\u00a0\u00bb75%\u00a0\u00bb max_width=\u00a0\u00bb2560px\u00a0\u00bb min_height=\u00a0\u00bb140px\u00a0\u00bb custom_padding=\u00a0\u00bb0px||0px||false|false\u00a0\u00bb global_colors_info=\u00a0\u00bb{}\u00a0\u00bb][et_pb_column type=\u00a0\u00bb4_4&Prime; _builder_version=\u00a0\u00bb4.10.5&Prime; _module_preset=\u00a0\u00bbdefault\u00a0\u00bb global_colors_info=\u00a0\u00bb{}\u00a0\u00bb][et_pb_testimonial author=\u00a0\u00bbLa CNCDH\u00a0\u00bb quote_icon_color=\u00a0\u00bb#03506f\u00a0\u00bb quote_icon_background_color=\u00a0\u00bb#FFFFFF\u00a0\u00bb _builder_version=\u00a0\u00bb4.10.5&Prime; _module_preset=\u00a0\u00bbdefault\u00a0\u00bb body_font_size=\u00a0\u00bb16px\u00a0\u00bb author_font=\u00a0\u00bbCabin|700|||||||\u00a0\u00bb author_text_align=\u00a0\u00bbright\u00a0\u00bb author_text_color=\u00a0\u00bb#03506f\u00a0\u00bb background_color=\u00a0\u00bb#FFFFFF\u00a0\u00bb custom_padding=\u00a0\u00bb25px|20px|25px|20px|false|true\u00a0\u00bb box_shadow_style=\u00a0\u00bbpreset2&Prime; global_colors_info=\u00a0\u00bb{}\u00a0\u00bb]<\/p>\n<p style=\"text-align: center;\"><em><span style=\"color: #03506f;\">La CNCDH estime que l\u2019application StopCovid, d\u2019efficacit\u00e9 incertaine, porte, dans ses modalit\u00e9s d\u2019acc\u00e8s et d\u2019utilisation, une atteinte manifestement disproportionn\u00e9e aux droits et libert\u00e9s de l\u2019ensemble des citoyens.<\/span><\/em><\/p>\n<p>[\/et_pb_testimonial][\/et_pb_column][\/et_pb_row][\/et_pb_section][et_pb_section fb_built=\u00a0\u00bb1&Prime; _builder_version=\u00a0\u00bb4.10.5&Prime; _module_preset=\u00a0\u00bbdefault\u00a0\u00bb background_color=\u00a0\u00bb#f0fbff\u00a0\u00bb min_height=\u00a0\u00bb149.8px\u00a0\u00bb global_colors_info=\u00a0\u00bb{}\u00a0\u00bb][et_pb_row _builder_version=\u00a0\u00bb4.10.5&Prime; _module_preset=\u00a0\u00bbdefault\u00a0\u00bb min_height=\u00a0\u00bb88.8px\u00a0\u00bb global_colors_info=\u00a0\u00bb{}\u00a0\u00bb][et_pb_column type=\u00a0\u00bb4_4&Prime; _builder_version=\u00a0\u00bb4.10.5&Prime; _module_preset=\u00a0\u00bbdefault\u00a0\u00bb global_colors_info=\u00a0\u00bb{}\u00a0\u00bb][et_pb_text module_id=\u00a0\u00bbquadrature\u00a0\u00bb _builder_version=\u00a0\u00bb4.10.5&Prime; _module_preset=\u00a0\u00bbdefault\u00a0\u00bb text_font=\u00a0\u00bbCabin||||||||\u00a0\u00bb text_text_color=\u00a0\u00bb#03506f\u00a0\u00bb text_font_size=\u00a0\u00bb35px\u00a0\u00bb text_line_height=\u00a0\u00bb1em\u00a0\u00bb global_colors_info=\u00a0\u00bb{}\u00a0\u00bb]<\/p>\n<p>La Quadrature du Net : donn\u00e9es personnelles sacrifi\u00e9es<\/p>\n<p>[\/et_pb_text][\/et_pb_column][\/et_pb_row][\/et_pb_section][et_pb_section fb_built=\u00a0\u00bb1&Prime; _builder_version=\u00a0\u00bb4.10.5&Prime; _module_preset=\u00a0\u00bbdefault\u00a0\u00bb background_color=\u00a0\u00bb#f0fbff\u00a0\u00bb min_height=\u00a0\u00bb950.6px\u00a0\u00bb custom_margin=\u00a0\u00bb||||false|false\u00a0\u00bb custom_padding=\u00a0\u00bb7px||37px|||\u00a0\u00bb global_colors_info=\u00a0\u00bb{}\u00a0\u00bb][et_pb_row column_structure=\u00a0\u00bb2_5,3_5&Prime; _builder_version=\u00a0\u00bb4.10.5&Prime; _module_preset=\u00a0\u00bbdefault\u00a0\u00bb custom_margin=\u00a0\u00bb|auto|10px|auto||\u00a0\u00bb custom_padding=\u00a0\u00bb0px|||||\u00a0\u00bb global_colors_info=\u00a0\u00bb{}\u00a0\u00bb][et_pb_column type=\u00a0\u00bb2_5&Prime; _builder_version=\u00a0\u00bb4.10.5&Prime; _module_preset=\u00a0\u00bbdefault\u00a0\u00bb global_colors_info=\u00a0\u00bb{}\u00a0\u00bb][et_pb_image src=\u00a0\u00bbhttps:\/\/mastercommunicationnumerique.fr\/2021-2022\/groupe3\/wp-content\/uploads\/2022\/03\/QUADRATURE-DU-NET.png\u00a0\u00bb _builder_version=\u00a0\u00bb4.10.5&Prime; _module_preset=\u00a0\u00bbdefault\u00a0\u00bb width=\u00a0\u00bb70%\u00a0\u00bb module_alignment=\u00a0\u00bbcenter\u00a0\u00bb animation_style=\u00a0\u00bbslide\u00a0\u00bb global_colors_info=\u00a0\u00bb{}\u00a0\u00bb][\/et_pb_image][\/et_pb_column][et_pb_column type=\u00a0\u00bb3_5&Prime; _builder_version=\u00a0\u00bb4.10.5&Prime; _module_preset=\u00a0\u00bbdefault\u00a0\u00bb global_colors_info=\u00a0\u00bb{}\u00a0\u00bb][et_pb_text _builder_version=\u00a0\u00bb4.10.5&Prime; _module_preset=\u00a0\u00bbdefault\u00a0\u00bb text_text_color=\u00a0\u00bb#03506f\u00a0\u00bb text_font_size=\u00a0\u00bb16px\u00a0\u00bb global_colors_info=\u00a0\u00bb{}\u00a0\u00bb]<\/p>\n<p><span style=\"font-weight: 400;\">D\u00e8s l\u2019annonce de ce projet d\u2019application, l\u2019association de d\u00e9fense et de promotion des droits et libert\u00e9s sur Internet, a pris fermement position sur le sujet. Ils remettent en question <strong>l\u2019utilit\u00e9<\/strong> de cette m\u00e9thode pour mettre fin \u00e0 la pand\u00e9mie. <\/span><\/p>\n<p><span style=\"font-weight: 400;\">L\u2019association \u00e9met un v\u00e9ritable signal d\u2019alerte : \u201c<em>StopCovid serait inutile, dangereuse pour nos libert\u00e9s et pourrait m\u00eame aggraver la situation sanitaire. L\u2019administration et le Parlement doivent cesser d\u2019investir toute ressource humaine ou \u00e9conomique dans ce projet vain et dangereux. L\u2019urgence est partout ailleurs<\/em>.\u201d <\/span><\/p>\n<p><span style=\"font-weight: 400;\">Afin d\u2019apporter des justifications \u00e0 leurs propos, l\u2019association a fait appel \u00e0 <strong>trois informaticiens<\/strong> pour r\u00e9aliser une <strong>analyse de risques de cette application<\/strong>. Selon eux, TousAntiCovid ne remplirait pas ses <strong>promesses<\/strong> concernant <strong>l\u2019anonymat<\/strong> et la protection de la vie priv\u00e9e des utilisateurs puisque beaucoup de statistiques d\u2019utilisation seraient <strong>collect\u00e9es et envoy\u00e9es au serveur.<\/strong><\/span><\/p>\n<p><span style=\"font-weight: 400;\"> De fait, ils font un lien fort entre l\u2019application et sa dangerosit\u00e9 pour la soci\u00e9t\u00e9 et les <strong>libert\u00e9s des individus,<\/strong> en qualifiant son efficacit\u00e9 de <strong>\u201chasardeuse\u201d,<\/strong> et en allant jusqu\u2019\u00e0 parler de <strong>\u201clibert\u00e9s inutilement sacrifi\u00e9es\u201d.<\/strong><\/span><\/p>\n<p>[\/et_pb_text][\/et_pb_column][\/et_pb_row][et_pb_row _builder_version=\u00a0\u00bb4.10.5&Prime; _module_preset=\u00a0\u00bbdefault\u00a0\u00bb animation_style=\u00a0\u00bbslide\u00a0\u00bb global_colors_info=\u00a0\u00bb{}\u00a0\u00bb][et_pb_column type=\u00a0\u00bb4_4&Prime; _builder_version=\u00a0\u00bb4.10.5&Prime; _module_preset=\u00a0\u00bbdefault\u00a0\u00bb global_colors_info=\u00a0\u00bb{}\u00a0\u00bb][et_pb_accordion open_toggle_background_color=\u00a0\u00bb#FFFFFF\u00a0\u00bb closed_toggle_background_color=\u00a0\u00bb#FFFFFF\u00a0\u00bb icon_color=\u00a0\u00bb#1aa6b7&Prime; _builder_version=\u00a0\u00bb4.10.5&Prime; _module_preset=\u00a0\u00bbdefault\u00a0\u00bb toggle_text_color=\u00a0\u00bb#1aa6b7&Prime; toggle_level=\u00a0\u00bbh4&Prime; toggle_font=\u00a0\u00bbCabin||||||||\u00a0\u00bb body_font=\u00a0\u00bbABeeZee||||||||\u00a0\u00bb body_text_color=\u00a0\u00bb#03506f\u00a0\u00bb border_radii=\u00a0\u00bbon|20px|20px|20px|20px\u00a0\u00bb border_color_all=\u00a0\u00bb#1aa6b7&Prime; global_colors_info=\u00a0\u00bb{}\u00a0\u00bb][et_pb_accordion_item title=\u00a0\u00bb  TousAntiCovid : \u201cune efficacit\u00e9 hasardeuse\u201d !\u00a0\u00bb open=\u00a0\u00bbon\u00a0\u00bb _builder_version=\u00a0\u00bb4.10.5&Prime; _module_preset=\u00a0\u00bbdefault\u00a0\u00bb body_font_size=\u00a0\u00bb16px\u00a0\u00bb global_colors_info=\u00a0\u00bb{}\u00a0\u00bb]<\/p>\n<p><span style=\"font-weight: 400;\">De la m\u00eame mani\u00e8re que la CNCDH, la quadrature du net juge l\u2019application TousAntiCovid <strong>inefficace<\/strong>. Toutefois, pour cette association, ce n\u2019est pas 60% mais <strong>80 \u00e0 100%<\/strong> de la population qui devrait utiliser l&rsquo;application pour qu\u2019elle fonctionne. \u00c0 cela, la quadrature du net met en avant la <strong>m\u00e9connaissance<\/strong> d\u2019une partie de la population quant aux pratiques num\u00e9riques sur smartphone.\u00a0<\/span><\/p>\n<p><span style=\"font-weight: 400;\">Au-del\u00e0 de ces diff\u00e9rents aspects, l\u2019association \u00e9voque les <strong>difficult\u00e9s technologiques<\/strong> notamment quant \u00e0 la pr\u00e9cision du champ de d\u00e9tection du Bluetooth. Celle-ci \u00e9tant <strong>variable<\/strong> d\u2019un appareil \u00e0 l\u2019autre, elle n\u2019offre donc pas des r\u00e9sultats fiables. Cette pratique \u00e0 travers le bluetooth augmente massivement le <strong>sentiment de d\u00e9fiance<\/strong>, de la part de la population, \u00e0 l&rsquo;\u00e9gard de<strong> l\u2019Etat<\/strong>. Ceci a pour effet que certaines personnes malades en viendraient \u00e0 <strong>cacher leurs sympt\u00f4mes aux services de sant\u00e9<\/strong>, par peur des cons\u00e9quences que cela pourrait avoir sur leur vie.<\/span><\/p>\n<p>[\/et_pb_accordion_item][et_pb_accordion_item title=\u00a0\u00bb\u201cDes libert\u00e9s inutilement sacrifi\u00e9es\u201d\u00a0\u00bb _builder_version=\u00a0\u00bb4.10.5&Prime; _module_preset=\u00a0\u00bbdefault\u00a0\u00bb body_font_size=\u00a0\u00bb16px\u00a0\u00bb global_colors_info=\u00a0\u00bb{}\u00a0\u00bb open=\u00a0\u00bboff\u00a0\u00bb]<\/p>\n<p><span style=\"font-weight: 400;\">Pour la Quadrature du Net, <\/span><i><span style=\"font-weight: 400;\">\u201cl\u2019objectif de l\u2019application \u201calerter des personnes cibl\u00e9es\u201d est par essence <strong>incompatible<\/strong> avec la notion juridique d\u2019anonymat \u2013 il s\u2019agit au mieux d\u2019un <strong>pseudonymat<\/strong>, qui ne prot\u00e8ge pas contre tout type de surveillance individuelle\u201d<\/span><\/i><span style=\"font-weight: 400;\">. <\/span><\/p>\n<p><span style=\"font-weight: 400;\">Selon l\u2019association, les donn\u00e9es aussi sensibles que l\u2019application engendre, n\u00e9cessiteraient que l\u2019on ait \u00e0 donner notre consentement, et que les informations fournies soient facilement compr\u00e9hensibles pour \u201cpermettre un consentement libre, sp\u00e9cifique, et \u00e9clair\u00e9\u201d. Pour la Quadrature, TousAntiCovid est alors une atteinte directe aux libert\u00e9s individuelles, au droit \u00e0 la vie priv\u00e9e et \u00e0 la confidentialit\u00e9 des donn\u00e9es de sant\u00e9.\u00a0<\/span><\/p>\n<p><span style=\"font-weight: 400;\">La Quadrature avance un second argument : TousAntiCovid vient consolider la certitude que la technologie ainsi que le tracing ne sont pas la solution \u00e0 la crise sanitaire. Les applications <strong>\u00e9loignent l\u2019attention<\/strong> de mesure qui pourrait avoir un <strong>r\u00e9el impact<\/strong> sur la pand\u00e9mie comme par exemple la recherche scientifique. La Quadrature du Net est en ce sens inqui\u00e8te face au <strong>solutionnisme technologique<\/strong> que le gouvernement promeut.<\/span><\/p>\n<p>[\/et_pb_accordion_item][\/et_pb_accordion][\/et_pb_column][\/et_pb_row][et_pb_row _builder_version=\u00a0\u00bb4.10.5&Prime; _module_preset=\u00a0\u00bbdefault\u00a0\u00bb width=\u00a0\u00bb75%\u00a0\u00bb max_width=\u00a0\u00bb2560px\u00a0\u00bb min_height=\u00a0\u00bb174px\u00a0\u00bb custom_padding=\u00a0\u00bb||0px|||\u00a0\u00bb global_colors_info=\u00a0\u00bb{}\u00a0\u00bb][et_pb_column type=\u00a0\u00bb4_4&Prime; _builder_version=\u00a0\u00bb4.10.5&Prime; _module_preset=\u00a0\u00bbdefault\u00a0\u00bb global_colors_info=\u00a0\u00bb{}\u00a0\u00bb][et_pb_testimonial author=\u00a0\u00bbLa Quadrature du Net\u00a0\u00bb quote_icon_color=\u00a0\u00bb#03506f\u00a0\u00bb _builder_version=\u00a0\u00bb4.10.5&Prime; _module_preset=\u00a0\u00bbdefault\u00a0\u00bb body_font=\u00a0\u00bbABeeZee||||||||\u00a0\u00bb body_text_color=\u00a0\u00bb#03506f\u00a0\u00bb body_font_size=\u00a0\u00bb16px\u00a0\u00bb author_text_align=\u00a0\u00bbright\u00a0\u00bb background_color=\u00a0\u00bb#FFFFFF\u00a0\u00bb custom_margin=\u00a0\u00bb||||false|false\u00a0\u00bb custom_padding=\u00a0\u00bb25px|20px|25px|20px|true|true\u00a0\u00bb box_shadow_style=\u00a0\u00bbpreset2&Prime; global_colors_info=\u00a0\u00bb{}\u00a0\u00bb]<\/p>\n<p><span class=\"s1\"><i>L\u2019utilisation d\u2019une application dont les objectifs, les techniques et les conditions m\u00eames d\u2019usage portent des risques cons\u00e9quents pour notre soci\u00e9t\u00e9 et nos libert\u00e9s, pour des r\u00e9sultats probablement m\u00e9diocres (voire contre-productifs), ne saurait \u00eatre consid\u00e9r\u00e9e comme acceptable pour nous \u2013 tout comme pour beaucoup de Fran\u00e7ais\u00b7es.<\/i><\/span><\/p>\n<p>[\/et_pb_testimonial][\/et_pb_column][\/et_pb_row][\/et_pb_section][et_pb_section fb_built=\u00a0\u00bb1&Prime; _builder_version=\u00a0\u00bb4.10.5&Prime; _module_preset=\u00a0\u00bbdefault\u00a0\u00bb global_colors_info=\u00a0\u00bb{}\u00a0\u00bb][et_pb_row _builder_version=\u00a0\u00bb4.10.5&Prime; _module_preset=\u00a0\u00bbdefault\u00a0\u00bb global_colors_info=\u00a0\u00bb{}\u00a0\u00bb][et_pb_column type=\u00a0\u00bb4_4&Prime; _builder_version=\u00a0\u00bb4.10.5&Prime; _module_preset=\u00a0\u00bbdefault\u00a0\u00bb global_colors_info=\u00a0\u00bb{}\u00a0\u00bb][et_pb_text _builder_version=\u00a0\u00bb4.10.5&Prime; _module_preset=\u00a0\u00bbdefault\u00a0\u00bb text_font=\u00a0\u00bbCabin||||||||\u00a0\u00bb text_text_color=\u00a0\u00bb#03506f\u00a0\u00bb text_font_size=\u00a0\u00bb35px\u00a0\u00bb text_line_height=\u00a0\u00bb1em\u00a0\u00bb global_colors_info=\u00a0\u00bb{}\u00a0\u00bb]<\/p>\n<p style=\"text-align: right;\">Et qu&rsquo;en pensent les personnes publiques ?<\/p>\n<p>[\/et_pb_text][\/et_pb_column][\/et_pb_row][et_pb_row _builder_version=\u00a0\u00bb4.10.5&Prime; _module_preset=\u00a0\u00bbdefault\u00a0\u00bb global_colors_info=\u00a0\u00bb{}\u00a0\u00bb][et_pb_column type=\u00a0\u00bb4_4&Prime; _builder_version=\u00a0\u00bb4.10.5&Prime; _module_preset=\u00a0\u00bbdefault\u00a0\u00bb global_colors_info=\u00a0\u00bb{}\u00a0\u00bb][et_pb_video src=\u00a0\u00bbhttps:\/\/www.youtube.com\/watch?v=ZvyR0DGAOUQ&#038;t=220s\u00a0\u00bb _builder_version=\u00a0\u00bb4.10.5&Prime; _module_preset=\u00a0\u00bbdefault\u00a0\u00bb width=\u00a0\u00bb55%\u00a0\u00bb module_alignment=\u00a0\u00bbcenter\u00a0\u00bb global_colors_info=\u00a0\u00bb{}\u00a0\u00bb][\/et_pb_video][\/et_pb_column][\/et_pb_row][et_pb_row _builder_version=\u00a0\u00bb4.10.5&Prime; _module_preset=\u00a0\u00bbdefault\u00a0\u00bb global_colors_info=\u00a0\u00bb{}\u00a0\u00bb][et_pb_column type=\u00a0\u00bb4_4&Prime; _builder_version=\u00a0\u00bb4.10.5&Prime; _module_preset=\u00a0\u00bbdefault\u00a0\u00bb global_colors_info=\u00a0\u00bb{}\u00a0\u00bb][et_pb_button button_text=\u00a0\u00bbLa Quadrature du Net\u00a0\u00bb button_alignment=\u00a0\u00bbright\u00a0\u00bb _builder_version=\u00a0\u00bb4.10.5&Prime; _module_preset=\u00a0\u00bbdefault\u00a0\u00bb custom_button=\u00a0\u00bbon\u00a0\u00bb button_text_size=\u00a0\u00bb17px\u00a0\u00bb button_text_color=\u00a0\u00bb#FFFFFF\u00a0\u00bb button_bg_color=\u00a0\u00bb#03506f\u00a0\u00bb button_border_width=\u00a0\u00bb0px\u00a0\u00bb button_border_radius=\u00a0\u00bb24px\u00a0\u00bb custom_padding=\u00a0\u00bb||||false|false\u00a0\u00bb hover_enabled=\u00a0\u00bb0&Prime; global_colors_info=\u00a0\u00bb{}\u00a0\u00bb button_bg_color__hover_enabled=\u00a0\u00bbon|hover\u00a0\u00bb button_bg_color__hover=\u00a0\u00bb#1aa6b7&Prime; button_bg_enable_color__hover=\u00a0\u00bbon\u00a0\u00bb button_url=\u00a0\u00bbhttps:\/\/mastercommunicationnumerique.fr\/2021-2022\/groupe3\/la-quadrature-du-net\/\u00a0\u00bb sticky_enabled=\u00a0\u00bb0&Prime;][\/et_pb_button][\/et_pb_column][\/et_pb_row][\/et_pb_section]<\/p>\n","protected":false},"excerpt":{"rendered":"<p>QUELQUES POINTS DE VUE D&rsquo;ACTEURS IMPORTANTSEntre s\u00e9curit\u00e9 des citoyens et libert\u00e9s individuelles, l\u2019application TousAntiCovid se retrouve au c\u0153ur des discussions et divise la soci\u00e9t\u00e9. Associations, entit\u00e9s gouvernementales ou \u00e9tablissements publics, divers acteurs entrent en jeu dans cette controverse et viennent nourrir le d\u00e9bat en mettant en avant leurs arguments, pour ou contre le d\u00e9ploiement de [&hellip;]<\/p>\n","protected":false},"author":4,"featured_media":0,"parent":0,"menu_order":0,"comment_status":"closed","ping_status":"closed","template":"","meta":{"_et_pb_use_builder":"on","_et_pb_old_content":"","_et_gb_content_width":"","footnotes":""},"class_list":["post-29385","page","type-page","status-publish","hentry"],"_links":{"self":[{"href":"https:\/\/mastercommunicationnumerique.fr\/2021-2022\/groupe3\/wp-json\/wp\/v2\/pages\/29385","targetHints":{"allow":["GET"]}}],"collection":[{"href":"https:\/\/mastercommunicationnumerique.fr\/2021-2022\/groupe3\/wp-json\/wp\/v2\/pages"}],"about":[{"href":"https:\/\/mastercommunicationnumerique.fr\/2021-2022\/groupe3\/wp-json\/wp\/v2\/types\/page"}],"author":[{"embeddable":true,"href":"https:\/\/mastercommunicationnumerique.fr\/2021-2022\/groupe3\/wp-json\/wp\/v2\/users\/4"}],"replies":[{"embeddable":true,"href":"https:\/\/mastercommunicationnumerique.fr\/2021-2022\/groupe3\/wp-json\/wp\/v2\/comments?post=29385"}],"version-history":[{"count":168,"href":"https:\/\/mastercommunicationnumerique.fr\/2021-2022\/groupe3\/wp-json\/wp\/v2\/pages\/29385\/revisions"}],"predecessor-version":[{"id":30856,"href":"https:\/\/mastercommunicationnumerique.fr\/2021-2022\/groupe3\/wp-json\/wp\/v2\/pages\/29385\/revisions\/30856"}],"wp:attachment":[{"href":"https:\/\/mastercommunicationnumerique.fr\/2021-2022\/groupe3\/wp-json\/wp\/v2\/media?parent=29385"}],"curies":[{"name":"wp","href":"https:\/\/api.w.org\/{rel}","templated":true}]}}