{"id":29149,"date":"2022-03-09T11:12:24","date_gmt":"2022-03-09T10:12:24","guid":{"rendered":"https:\/\/controverses-groupe3.mastercommunicationnumerique.fr\/?page_id=29149"},"modified":"2022-03-23T18:43:06","modified_gmt":"2022-03-23T17:43:06","slug":"fonctionnement-de-lapplication","status":"publish","type":"page","link":"https:\/\/mastercommunicationnumerique.fr\/2021-2022\/groupe3\/fonctionnement-de-lapplication\/","title":{"rendered":"Acteurs"},"content":{"rendered":"<p>[et_pb_section fb_built=\u00a0\u00bb1&Prime; fullwidth=\u00a0\u00bbon\u00a0\u00bb admin_label=\u00a0\u00bbSection\u00a0\u00bb module_id=\u00a0\u00bbhome\u00a0\u00bb _builder_version=\u00a0\u00bb4.10.5&Prime; background_enable_video_mp4=\u00a0\u00bboff\u00a0\u00bb custom_padding=\u00a0\u00bb0px|0px|0px|0px\u00a0\u00bb transparent_background=\u00a0\u00bboff\u00a0\u00bb make_fullwidth=\u00a0\u00bboff\u00a0\u00bb use_custom_width=\u00a0\u00bboff\u00a0\u00bb width_unit=\u00a0\u00bboff\u00a0\u00bb custom_width_px=\u00a0\u00bb1080px\u00a0\u00bb custom_width_percent=\u00a0\u00bb80%\u00a0\u00bb global_colors_info=\u00a0\u00bb{}\u00a0\u00bb][et_pb_fullwidth_slider admin_label=\u00a0\u00bbCurseur de d\u00e9filement plein \u00e9cran\u00a0\u00bb _builder_version=\u00a0\u00bb4.10.5&Prime; background_enable_image=\u00a0\u00bboff\u00a0\u00bb background_position=\u00a0\u00bbtop_left\u00a0\u00bb background_enable_video_mp4=\u00a0\u00bboff\u00a0\u00bb background_enable_video_webm=\u00a0\u00bboff\u00a0\u00bb custom_padding=\u00a0\u00bb||180px|||\u00a0\u00bb custom_padding_tablet=\u00a0\u00bb|||\u00a0\u00bb custom_padding_phone=\u00a0\u00bb|||\u00a0\u00bb remove_inner_shadow=\u00a0\u00bbon\u00a0\u00bb hide_content_on_mobile=\u00a0\u00bboff\u00a0\u00bb hide_cta_on_mobile=\u00a0\u00bboff\u00a0\u00bb show_inner_shadow=\u00a0\u00bboff\u00a0\u00bb button_border_radius_hover=\u00a0\u00bb0&Prime; button_letter_spacing_hover=\u00a0\u00bb0&Prime; global_colors_info=\u00a0\u00bb{}\u00a0\u00bb button_text_size__hover_enabled=\u00a0\u00bboff\u00a0\u00bb button_one_text_size__hover_enabled=\u00a0\u00bboff\u00a0\u00bb button_two_text_size__hover_enabled=\u00a0\u00bboff\u00a0\u00bb button_text_color__hover_enabled=\u00a0\u00bboff\u00a0\u00bb button_one_text_color__hover_enabled=\u00a0\u00bboff\u00a0\u00bb button_two_text_color__hover_enabled=\u00a0\u00bboff\u00a0\u00bb button_border_width__hover_enabled=\u00a0\u00bboff\u00a0\u00bb button_one_border_width__hover_enabled=\u00a0\u00bboff\u00a0\u00bb button_two_border_width__hover_enabled=\u00a0\u00bboff\u00a0\u00bb button_border_color__hover_enabled=\u00a0\u00bboff\u00a0\u00bb button_one_border_color__hover_enabled=\u00a0\u00bboff\u00a0\u00bb button_two_border_color__hover_enabled=\u00a0\u00bboff\u00a0\u00bb button_border_radius__hover_enabled=\u00a0\u00bbon\u00a0\u00bb button_border_radius__hover=\u00a0\u00bb0&Prime; button_one_border_radius__hover_enabled=\u00a0\u00bboff\u00a0\u00bb button_two_border_radius__hover_enabled=\u00a0\u00bboff\u00a0\u00bb button_letter_spacing__hover_enabled=\u00a0\u00bbon\u00a0\u00bb button_letter_spacing__hover=\u00a0\u00bb0&Prime; button_one_letter_spacing__hover_enabled=\u00a0\u00bboff\u00a0\u00bb button_two_letter_spacing__hover_enabled=\u00a0\u00bboff\u00a0\u00bb button_bg_color__hover_enabled=\u00a0\u00bboff\u00a0\u00bb button_one_bg_color__hover_enabled=\u00a0\u00bboff\u00a0\u00bb button_two_bg_color__hover_enabled=\u00a0\u00bboff\u00a0\u00bb][et_pb_slide heading=\u00a0\u00bbActeurs\u00a0\u00bb button_link=\u00a0\u00bb#about\u00a0\u00bb use_bg_overlay=\u00a0\u00bbon\u00a0\u00bb bg_overlay_color=\u00a0\u00bbrgba(0,0,0,0.5)\u00a0\u00bb use_text_overlay=\u00a0\u00bboff\u00a0\u00bb _builder_version=\u00a0\u00bb4.10.5&Prime; header_level=\u00a0\u00bbh1&Prime; header_font=\u00a0\u00bbCabin||||||||\u00a0\u00bb header_font_size=\u00a0\u00bb51px\u00a0\u00bb body_font=\u00a0\u00bb||||\u00a0\u00bb body_font_size=\u00a0\u00bb33px\u00a0\u00bb body_line_height=\u00a0\u00bb1.5em\u00a0\u00bb background_color=\u00a0\u00bbrgba(38,38,38,0)\u00a0\u00bb background_enable_color=\u00a0\u00bbon\u00a0\u00bb background_enable_image=\u00a0\u00bboff\u00a0\u00bb background_position=\u00a0\u00bbtop_left\u00a0\u00bb background_video_mp4=\u00a0\u00bbhttps:\/\/mastercommunicationnumerique.fr\/2021-2022\/groupe3\/wp-content\/uploads\/2022\/03\/Acteurs.mp4&Prime; background_enable_video_mp4=\u00a0\u00bbon\u00a0\u00bb background_enable_video_webm=\u00a0\u00bboff\u00a0\u00bb background_video_pause_outside_viewport=\u00a0\u00bboff\u00a0\u00bb custom_button=\u00a0\u00bbon\u00a0\u00bb button_text_size=\u00a0\u00bb16px\u00a0\u00bb button_text_color=\u00a0\u00bb#ffffff\u00a0\u00bb button_border_color=\u00a0\u00bb#ffffff\u00a0\u00bb button_font=\u00a0\u00bb||||\u00a0\u00bb button_use_icon=\u00a0\u00bboff\u00a0\u00bb header_font_size_tablet=\u00a0\u00bb80px\u00a0\u00bb header_font_size_phone=\u00a0\u00bb50px\u00a0\u00bb header_font_size_last_edited=\u00a0\u00bbon|phone\u00a0\u00bb body_font_size_tablet=\u00a0\u00bb\u00a0\u00bb body_font_size_phone=\u00a0\u00bb\u00a0\u00bb body_font_size_last_edited=\u00a0\u00bbon|tablet\u00a0\u00bb body_line_height_tablet=\u00a0\u00bb1.5em\u00a0\u00bb body_line_height_phone=\u00a0\u00bb1.5em\u00a0\u00bb button_text_size_tablet=\u00a0\u00bb16px\u00a0\u00bb button_text_size_phone=\u00a0\u00bb16px\u00a0\u00bb button_text_size_last_edited=\u00a0\u00bbon|desktop\u00a0\u00bb button_text_color_hover=\u00a0\u00bb#666666&Prime; button_bg_color_hover=\u00a0\u00bb#ffffff\u00a0\u00bb video_bg_mp4=\u00a0\u00bbhttps:\/\/mastercommunicationnumerique.fr\/2021-2022\/groupe3\/wp-content\/uploads\/2017\/02\/Office-Day-1080p.mp4&Prime; video_bg_webm=\u00a0\u00bbhttps:\/\/mastercommunicationnumerique.fr\/2021-2022\/groupe3\/wp-content\/uploads\/2017\/02\/Office-Day-1080p.webm\u00a0\u00bb global_colors_info=\u00a0\u00bb{}\u00a0\u00bb button_text_size__hover_enabled=\u00a0\u00bboff\u00a0\u00bb button_one_text_size__hover_enabled=\u00a0\u00bboff\u00a0\u00bb button_two_text_size__hover_enabled=\u00a0\u00bboff\u00a0\u00bb button_text_color__hover_enabled=\u00a0\u00bbon\u00a0\u00bb button_text_color__hover=\u00a0\u00bb#666666&Prime; button_one_text_color__hover_enabled=\u00a0\u00bboff\u00a0\u00bb button_two_text_color__hover_enabled=\u00a0\u00bboff\u00a0\u00bb button_border_width__hover_enabled=\u00a0\u00bboff\u00a0\u00bb button_one_border_width__hover_enabled=\u00a0\u00bboff\u00a0\u00bb button_two_border_width__hover_enabled=\u00a0\u00bboff\u00a0\u00bb button_border_color__hover_enabled=\u00a0\u00bboff\u00a0\u00bb button_one_border_color__hover_enabled=\u00a0\u00bboff\u00a0\u00bb button_two_border_color__hover_enabled=\u00a0\u00bboff\u00a0\u00bb button_border_radius__hover_enabled=\u00a0\u00bboff\u00a0\u00bb button_one_border_radius__hover_enabled=\u00a0\u00bboff\u00a0\u00bb button_two_border_radius__hover_enabled=\u00a0\u00bboff\u00a0\u00bb button_letter_spacing__hover_enabled=\u00a0\u00bboff\u00a0\u00bb button_one_letter_spacing__hover_enabled=\u00a0\u00bboff\u00a0\u00bb button_two_letter_spacing__hover_enabled=\u00a0\u00bboff\u00a0\u00bb button_bg_color__hover_enabled=\u00a0\u00bbon\u00a0\u00bb button_bg_color__hover=\u00a0\u00bb#ffffff\u00a0\u00bb button_one_bg_color__hover_enabled=\u00a0\u00bboff\u00a0\u00bb button_two_bg_color__hover_enabled=\u00a0\u00bboff\u00a0\u00bb sticky_transition=\u00a0\u00bbon\u00a0\u00bb]<\/p>\n<h1><\/h1>\n<p>[\/et_pb_slide][\/et_pb_fullwidth_slider][\/et_pb_section][et_pb_section fb_built=\u00a0\u00bb1&Prime; next_background_color=\u00a0\u00bb#f0fbff\u00a0\u00bb _builder_version=\u00a0\u00bb4.10.5&Prime; _module_preset=\u00a0\u00bbdefault\u00a0\u00bb background_color=\u00a0\u00bb#1aa6b7&Prime; custom_padding=\u00a0\u00bb||103px|||\u00a0\u00bb bottom_divider_style=\u00a0\u00bbslant2&Prime; global_colors_info=\u00a0\u00bb{}\u00a0\u00bb][et_pb_row _builder_version=\u00a0\u00bb4.10.5&Prime; _module_preset=\u00a0\u00bbdefault\u00a0\u00bb global_colors_info=\u00a0\u00bb{}\u00a0\u00bb][et_pb_column type=\u00a0\u00bb4_4&Prime; _builder_version=\u00a0\u00bb4.10.5&Prime; _module_preset=\u00a0\u00bbdefault\u00a0\u00bb global_colors_info=\u00a0\u00bb{}\u00a0\u00bb][et_pb_text _builder_version=\u00a0\u00bb4.10.5&Prime; _module_preset=\u00a0\u00bbdefault\u00a0\u00bb text_text_color=\u00a0\u00bb#ffffff\u00a0\u00bb text_font_size=\u00a0\u00bb16px\u00a0\u00bb background_color=\u00a0\u00bbRGBA(0,0,0,0)\u00a0\u00bb inline_fonts=\u00a0\u00bbABeeZee\u00a0\u00bb global_colors_info=\u00a0\u00bb{}\u00a0\u00bb]<\/p>\n<p><span style=\"font-weight: 400;\">D\u00e8s l\u2019annonce de la mise en place d\u2019une application bas\u00e9e sur le contact tracing, des <strong>points de vue divergents<\/strong> ont vu le jour notamment s\u2019agissant de l\u2019<strong>utilit\u00e9<\/strong> et de la n\u00e9cessit\u00e9 d\u2019une telle mesure. Plus encore, de nombreux d\u00e9bats ont \u00e9merg\u00e9 s\u2019agissant de la s\u00e9curit\u00e9 et de la<strong> protection des donn\u00e9es personnelles<\/strong> et des libert\u00e9s individuelles.\u00a0<\/span><\/p>\n<p><span style=\"font-weight: 400;\">Ainsi, plusieurs <strong>acteurs <\/strong>se sont empar\u00e9s de ces questions. Certains mettent en avant le caract\u00e8re <strong>dangereux<\/strong> de l\u2019application TousAntiCovid, l\u00e0 ou d\u2019autres y voient une <strong>mesure essentielle<\/strong> pour endiguer la pand\u00e9mie.<\/span><\/p>\n<p><span style=\"font-weight: 400;\"><\/span><\/p>\n<p><span style=\"font-weight: 400;\"><\/span><\/p>\n<p style=\"text-align: left;\"><span style=\"font-size: x-large; font-family: ABeeZee;\"><b>Mais qui sont ces acteurs ?<\/b><\/span><\/p>\n<p>[\/et_pb_text][\/et_pb_column][\/et_pb_row][\/et_pb_section][et_pb_section fb_built=\u00a0\u00bb1&Prime; _builder_version=\u00a0\u00bb4.10.5&Prime; _module_preset=\u00a0\u00bbdefault\u00a0\u00bb background_color=\u00a0\u00bb#f0fbff\u00a0\u00bb global_colors_info=\u00a0\u00bb{}\u00a0\u00bb][et_pb_row _builder_version=\u00a0\u00bb4.10.5&Prime; _module_preset=\u00a0\u00bbdefault\u00a0\u00bb global_colors_info=\u00a0\u00bb{}\u00a0\u00bb][et_pb_column type=\u00a0\u00bb4_4&Prime; _builder_version=\u00a0\u00bb4.10.5&Prime; _module_preset=\u00a0\u00bbdefault\u00a0\u00bb global_colors_info=\u00a0\u00bb{}\u00a0\u00bb][et_pb_image src=\u00a0\u00bbhttps:\/\/mastercommunicationnumerique.fr\/2021-2022\/groupe3\/wp-content\/uploads\/2022\/03\/Cartographie-copie-copie-5.png\u00a0\u00bb _builder_version=\u00a0\u00bb4.10.5&Prime; _module_preset=\u00a0\u00bbdefault\u00a0\u00bb background_color=\u00a0\u00bb#f0fbff\u00a0\u00bb width_tablet=\u00a0\u00bb\u00a0\u00bb width_phone=\u00a0\u00bb\u00a0\u00bb width_last_edited=\u00a0\u00bbon|desktop\u00a0\u00bb module_alignment=\u00a0\u00bbcenter\u00a0\u00bb hover_enabled=\u00a0\u00bb0&Prime; global_colors_info=\u00a0\u00bb{}\u00a0\u00bb sticky_enabled=\u00a0\u00bb0&Prime;][\/et_pb_image][\/et_pb_column][\/et_pb_row][\/et_pb_section][et_pb_section fb_built=\u00a0\u00bb1&Prime; _builder_version=\u00a0\u00bb4.10.5&Prime; _module_preset=\u00a0\u00bbdefault\u00a0\u00bb custom_padding=\u00a0\u00bb||17px|||\u00a0\u00bb global_colors_info=\u00a0\u00bb{}\u00a0\u00bb][et_pb_row _builder_version=\u00a0\u00bb4.10.5&Prime; _module_preset=\u00a0\u00bbdefault\u00a0\u00bb custom_padding=\u00a0\u00bb||0px|||\u00a0\u00bb global_colors_info=\u00a0\u00bb{}\u00a0\u00bb][et_pb_column type=\u00a0\u00bb4_4&Prime; _builder_version=\u00a0\u00bb4.10.5&Prime; _module_preset=\u00a0\u00bbdefault\u00a0\u00bb global_colors_info=\u00a0\u00bb{}\u00a0\u00bb][et_pb_text _builder_version=\u00a0\u00bb4.10.5&Prime; _module_preset=\u00a0\u00bbdefault\u00a0\u00bb text_font=\u00a0\u00bbCabin||||||||\u00a0\u00bb text_text_color=\u00a0\u00bb#03506f\u00a0\u00bb header_2_font_size=\u00a0\u00bb27px\u00a0\u00bb global_colors_info=\u00a0\u00bb{}\u00a0\u00bb]<\/p>\n<h2><span style=\"color: #03506f;\">QUELQUES ACTEURS DE LA CONTROVERSE<\/span><\/h2>\n<p>[\/et_pb_text][et_pb_divider color=\u00a0\u00bb#03506f\u00a0\u00bb divider_weight=\u00a0\u00bb2px\u00a0\u00bb _builder_version=\u00a0\u00bb4.10.5&Prime; _module_preset=\u00a0\u00bbdefault\u00a0\u00bb max_width=\u00a0\u00bb54%\u00a0\u00bb global_colors_info=\u00a0\u00bb{}\u00a0\u00bb][\/et_pb_divider][\/et_pb_column][\/et_pb_row][\/et_pb_section][et_pb_section fb_built=\u00a0\u00bb1&Prime; fullwidth=\u00a0\u00bbon\u00a0\u00bb _builder_version=\u00a0\u00bb4.10.5&Prime; _module_preset=\u00a0\u00bbdefault\u00a0\u00bb global_colors_info=\u00a0\u00bb{}\u00a0\u00bb][et_pb_fullwidth_slider _builder_version=\u00a0\u00bb4.10.5&Prime; _module_preset=\u00a0\u00bbdefault\u00a0\u00bb background_enable_image=\u00a0\u00bboff\u00a0\u00bb background_size=\u00a0\u00bbcontain\u00a0\u00bb width=\u00a0\u00bb100%\u00a0\u00bb module_alignment=\u00a0\u00bbcenter\u00a0\u00bb custom_padding=\u00a0\u00bb0px||91px||false|false\u00a0\u00bb global_colors_info=\u00a0\u00bb{}\u00a0\u00bb][et_pb_slide heading=\u00a0\u00bbSANT\u00c9 PUBLIQUE FRANCE\u00a0\u00bb button_text=\u00a0\u00bbEn savoir plus\u00a0\u00bb button_link=\u00a0\u00bbhttps:\/\/www.santepubliquefrance.fr\/\u00a0\u00bb image=\u00a0\u00bbhttps:\/\/mastercommunicationnumerique.fr\/2021-2022\/groupe3\/wp-content\/uploads\/2022\/03\/LOGO-SANTE\u0301-PUBLIQUE.png\u00a0\u00bb _builder_version=\u00a0\u00bb4.10.5&Prime; _module_preset=\u00a0\u00bbdefault\u00a0\u00bb header_level=\u00a0\u00bbh2&Prime; header_font=\u00a0\u00bbCabin||||||||\u00a0\u00bb header_text_color=\u00a0\u00bb#03506f\u00a0\u00bb body_font=\u00a0\u00bbABeeZee||||||||\u00a0\u00bb body_text_color=\u00a0\u00bb#03506f\u00a0\u00bb background_color=\u00a0\u00bbRGBA(0,0,0,0)\u00a0\u00bb background_enable_color=\u00a0\u00bbon\u00a0\u00bb custom_button=\u00a0\u00bbon\u00a0\u00bb button_text_color=\u00a0\u00bb#FFFFFF\u00a0\u00bb button_bg_color=\u00a0\u00bb#03506f\u00a0\u00bb button_border_color=\u00a0\u00bbRGBA(0,0,0,0)\u00a0\u00bb button_border_radius=\u00a0\u00bb80px\u00a0\u00bb button_font=\u00a0\u00bbABeeZee||||||||\u00a0\u00bb background_layout=\u00a0\u00bblight\u00a0\u00bb header_font_size_tablet=\u00a0\u00bb\u00a0\u00bb header_font_size_phone=\u00a0\u00bb\u00a0\u00bb header_font_size_last_edited=\u00a0\u00bbon|phone\u00a0\u00bb global_colors_info=\u00a0\u00bb{}\u00a0\u00bb button_bg_color__hover_enabled=\u00a0\u00bbon|hover\u00a0\u00bb button_bg_color__hover=\u00a0\u00bb#1aa6b7&Prime; button_bg_enable_color__hover=\u00a0\u00bbon\u00a0\u00bb sticky_transition=\u00a0\u00bbon\u00a0\u00bb]<\/p>\n<p style=\"text-align: left;\"><span style=\"font-weight: 400;\"><\/span><\/p>\n<p style=\"text-align: left;\"><span style=\"font-weight: 400;\">Sant\u00e9 publique France est un organisme public fran\u00e7ais qui d\u00e9pend du Minist\u00e8re des Solidarit\u00e9s et de la Sant\u00e9. Sa mission principale est d\u2019am\u00e9liorer et prot\u00e9ger la sant\u00e9 de la population. Pr\u00e9cis\u00e9ment, cette mission s&rsquo;articule autour de trois grands axes : \u201canticiper, comprendre, agir\u201d.<\/span><\/p>\n<p>[\/et_pb_slide][et_pb_slide heading=\u00a0\u00bbCNIL\u00a0\u00bb button_text=\u00a0\u00bbEn savoir plus\u00a0\u00bb button_link=\u00a0\u00bbhttps:\/\/www.cnil.fr\/\u00a0\u00bb image=\u00a0\u00bbhttps:\/\/mastercommunicationnumerique.fr\/2021-2022\/groupe3\/wp-content\/uploads\/2022\/03\/800px-Commission_nationale_de_linformatique_et_des_liberte\u0301s_logo.svg_.png\u00a0\u00bb _builder_version=\u00a0\u00bb4.10.5&Prime; _module_preset=\u00a0\u00bbdefault\u00a0\u00bb header_font=\u00a0\u00bbCabin||||||||\u00a0\u00bb header_text_color=\u00a0\u00bb#03506f\u00a0\u00bb body_font=\u00a0\u00bbABeeZee||||||||\u00a0\u00bb body_text_align=\u00a0\u00bbleft\u00a0\u00bb body_text_color=\u00a0\u00bb#03506f\u00a0\u00bb background_color=\u00a0\u00bb#FFFFFF\u00a0\u00bb background_enable_color=\u00a0\u00bboff\u00a0\u00bb custom_button=\u00a0\u00bbon\u00a0\u00bb button_text_color=\u00a0\u00bb#ffffff\u00a0\u00bb button_bg_color=\u00a0\u00bb#03506f\u00a0\u00bb button_border_width=\u00a0\u00bb0px\u00a0\u00bb button_border_color=\u00a0\u00bbRGBA(0,0,0,0)\u00a0\u00bb button_border_radius=\u00a0\u00bb24px\u00a0\u00bb button_font=\u00a0\u00bbABeeZee||||||||\u00a0\u00bb button_icon_placement=\u00a0\u00bbright\u00a0\u00bb background_layout=\u00a0\u00bblight\u00a0\u00bb box_shadow_style_button=\u00a0\u00bbpreset3&Prime; global_colors_info=\u00a0\u00bb{}\u00a0\u00bb button_bg_color__hover_enabled=\u00a0\u00bbon|hover\u00a0\u00bb button_bg_color__hover=\u00a0\u00bb#1aa6b7&Prime; button_bg_enable_color__hover=\u00a0\u00bbon\u00a0\u00bb sticky_transition=\u00a0\u00bbon\u00a0\u00bb]<\/p>\n<p><span style=\"font-weight: 400;\"><\/span><\/p>\n<p><span style=\"font-weight: 400;\">Cr\u00e9\u00e9e par la loi Informatique et Libert\u00e9s du 6 avril 1978, la CNIL est une autorit\u00e9 administrative ind\u00e9pendante charg\u00e9e de veiller \u00e0 la protection des donn\u00e9es personnelles. <\/span><span style=\"font-weight: 400;\">Dans l&rsquo;univers num\u00e9rique, la Commission nationale de l&rsquo;informatique et des libert\u00e9s (CNIL) est le r\u00e9gulateur des donn\u00e9es personnelles. Son objectif premier est de veiller au respect du RGPD et de la loi informatique et libert\u00e9. Toutefois, la CNIL v\u00e9rifie \u00e9galement que d\u2019autres textes, \u00e0 l\u2019instar du code de la sant\u00e9 publique, soient bien respect\u00e9s.\u00a0<\/span><\/p>\n<p><span style=\"font-weight: 400;\">Elle dispose en ce sens d\u2019un pouvoir de contr\u00f4le sur les organismes et en cas de manquements, elle peut d\u00e9livrer un certain nombre de sanctions.<\/span><\/p>\n<p>[\/et_pb_slide][et_pb_slide heading=\u00a0\u00bbQUADRATURE DU NET\u00a0\u00bb button_text=\u00a0\u00bbEn savoir plus\u00a0\u00bb button_link=\u00a0\u00bbhttps:\/\/www.laquadrature.net\/\u00a0\u00bb image=\u00a0\u00bbhttps:\/\/mastercommunicationnumerique.fr\/2021-2022\/groupe3\/wp-content\/uploads\/2022\/03\/1200px-La_Quadrature_du_Net.svg_.png\u00a0\u00bb _builder_version=\u00a0\u00bb4.10.5&Prime; _module_preset=\u00a0\u00bbdefault\u00a0\u00bb header_font=\u00a0\u00bbCabin||||||||\u00a0\u00bb header_text_color=\u00a0\u00bb#03506f\u00a0\u00bb body_font=\u00a0\u00bbABeeZee||||||||\u00a0\u00bb body_text_align=\u00a0\u00bbleft\u00a0\u00bb body_text_color=\u00a0\u00bb#03506f\u00a0\u00bb background_color=\u00a0\u00bb#FFFFFF\u00a0\u00bb background_enable_color=\u00a0\u00bboff\u00a0\u00bb custom_button=\u00a0\u00bbon\u00a0\u00bb button_text_color=\u00a0\u00bb#ffffff\u00a0\u00bb button_bg_color=\u00a0\u00bb#03506f\u00a0\u00bb button_border_width=\u00a0\u00bb0px\u00a0\u00bb button_border_color=\u00a0\u00bbRGBA(0,0,0,0)\u00a0\u00bb button_border_radius=\u00a0\u00bb24px\u00a0\u00bb button_font=\u00a0\u00bbABeeZee||||||||\u00a0\u00bb button_icon_placement=\u00a0\u00bbright\u00a0\u00bb background_layout=\u00a0\u00bblight\u00a0\u00bb box_shadow_style_button=\u00a0\u00bbpreset3&Prime; global_colors_info=\u00a0\u00bb{}\u00a0\u00bb button_bg_color__hover_enabled=\u00a0\u00bbon|hover\u00a0\u00bb button_bg_color__hover=\u00a0\u00bb#1aa6b7&Prime; button_bg_enable_color__hover=\u00a0\u00bbon\u00a0\u00bb sticky_transition=\u00a0\u00bbon\u00a0\u00bb]<\/p>\n<p><span style=\"font-weight: 400;\"><\/span><\/p>\n<p><span style=\"font-weight: 400;\">Fond\u00e9e en 2008, la Quadrature du Net est une association qui \u0153uvre pour la d\u00e9fense des droits et libert\u00e9s sur internet. Elle intervient dans plusieurs d\u00e9bats relatifs \u00e0 la libert\u00e9 d\u2019expression, le droit \u00e0 l&rsquo;auteur, la r\u00e9gulation<\/span><span style=\"font-weight: 400;\"> du secteur des t\u00e9l\u00e9communications, ou encore le respect de la vie priv\u00e9e sur Internet.<\/span><span style=\"font-weight: 400;\"> Pr\u00e9cis\u00e9ment, la Quadrature du Net <\/span><span style=\"font-weight: 400;\">lutte contre la censure et la surveillance, que celles-ci viennent des \u00c9tats ou des entreprises priv\u00e9es. Elle \u0153uvre ainsi pour un Internet libre, d\u00e9centralis\u00e9 et \u00e9mancipateur.<\/span><\/p>\n<p><span style=\"font-weight: 400;\">Elle questionne, par ailleurs, la fa\u00e7on dont le num\u00e9rique et la soci\u00e9t\u00e9 s\u2019influencent mutuellement.<\/span><\/p>\n<p>[\/et_pb_slide][et_pb_slide heading=\u00a0\u00bbCNCDH\u00a0\u00bb button_text=\u00a0\u00bbEn savoir plus\u00a0\u00bb button_link=\u00a0\u00bbhttps:\/\/www.cncdh.fr\/\u00a0\u00bb image=\u00a0\u00bbhttps:\/\/mastercommunicationnumerique.fr\/2021-2022\/groupe3\/wp-content\/uploads\/2022\/03\/20180923134829-a54096d527f64f1e4612436dca00b677.jpg\u00a0\u00bb _builder_version=\u00a0\u00bb4.10.5&Prime; _module_preset=\u00a0\u00bbdefault\u00a0\u00bb header_font=\u00a0\u00bbCabin||||||||\u00a0\u00bb header_text_color=\u00a0\u00bb#03506f\u00a0\u00bb body_font=\u00a0\u00bbABeeZee||||||||\u00a0\u00bb body_text_align=\u00a0\u00bbleft\u00a0\u00bb body_text_color=\u00a0\u00bb#03506f\u00a0\u00bb background_color=\u00a0\u00bb#FFFFFF\u00a0\u00bb background_enable_color=\u00a0\u00bboff\u00a0\u00bb custom_button=\u00a0\u00bbon\u00a0\u00bb button_text_color=\u00a0\u00bb#ffffff\u00a0\u00bb button_bg_color=\u00a0\u00bb#03506f\u00a0\u00bb button_border_width=\u00a0\u00bb0px\u00a0\u00bb button_border_color=\u00a0\u00bbRGBA(0,0,0,0)\u00a0\u00bb button_border_radius=\u00a0\u00bb24px\u00a0\u00bb button_font=\u00a0\u00bbABeeZee||||||||\u00a0\u00bb button_icon_placement=\u00a0\u00bbright\u00a0\u00bb background_layout=\u00a0\u00bblight\u00a0\u00bb box_shadow_style_button=\u00a0\u00bbpreset3&Prime; global_colors_info=\u00a0\u00bb{}\u00a0\u00bb button_bg_color__hover_enabled=\u00a0\u00bbon|hover\u00a0\u00bb button_bg_color__hover=\u00a0\u00bb#1aa6b7&Prime; button_bg_enable_color__hover=\u00a0\u00bbon\u00a0\u00bb sticky_transition=\u00a0\u00bbon\u00a0\u00bb]<\/p>\n<p><span style=\"font-weight: 400;\"><\/span><\/p>\n<p><span style=\"font-weight: 400;\">La Commission Nationale Consultative des Droits de l\u2019Homme est l\u2019institution nationale fran\u00e7aise de protection et de promotion des droits de l\u2019Homme, accr\u00e9dit\u00e9e de statut A aupr\u00e8s des Nations unies. Autorit\u00e9 administrative ind\u00e9pendante, la CNCDH assure un r\u00f4le de conseil et de proposition aupr\u00e8s du gouvernement et du Parlement, notamment en mati\u00e8re de libert\u00e9s publiques. \u00c0 ce titre, la CNCDH a cinq grandes missions :<\/span><\/p>\n<p><span style=\"font-weight: 400;\"><\/span><\/p>\n<p><span style=\"font-weight: 400;\"><\/span><\/p>\n<ul>\n<li style=\"font-weight: 400;\" aria-level=\"1\"><span style=\"font-weight: 400;\">Veiller au respect par la France de ses engagements institutionnels et internationaux.<\/span><\/li>\n<li style=\"font-weight: 400;\" aria-level=\"1\"><span style=\"font-weight: 400;\">Conseiller le gouvernement et le parlement sur des projets et propositions de loi.<\/span><\/li>\n<li style=\"font-weight: 400;\" aria-level=\"1\"><span style=\"font-weight: 400;\">Favoriser la concertation entre les pouvoirs publics et la soci\u00e9t\u00e9 civile.<\/span><\/li>\n<li style=\"font-weight: 400;\" aria-level=\"1\"><span style=\"font-weight: 400;\">Alerter l\u2019opinion et sensibiliser le grand public.<\/span><\/li>\n<li style=\"font-weight: 400;\" aria-level=\"1\"><span style=\"font-weight: 400;\">Participer \u00e0 l\u2019\u00e9ducation et \u00e0 la formation au respect des droits de l\u2019Homme.<\/span><\/li>\n<\/ul>\n<p>[\/et_pb_slide][et_pb_slide heading=\u00a0\u00bbCEPD\u00a0\u00bb button_text=\u00a0\u00bbEn savoir plus\u00a0\u00bb button_link=\u00a0\u00bbhttps:\/\/edps.europa.eu\/_fr\u00a0\u00bb image=\u00a0\u00bbhttps:\/\/mastercommunicationnumerique.fr\/2021-2022\/groupe3\/wp-content\/uploads\/2022\/03\/EDPS_new_logo.jpg\u00a0\u00bb _builder_version=\u00a0\u00bb4.10.5&Prime; _module_preset=\u00a0\u00bbdefault\u00a0\u00bb header_font=\u00a0\u00bbCabin||||||||\u00a0\u00bb header_text_color=\u00a0\u00bb#03506f\u00a0\u00bb body_font=\u00a0\u00bbABeeZee||||||||\u00a0\u00bb body_text_align=\u00a0\u00bbleft\u00a0\u00bb body_text_color=\u00a0\u00bb#03506f\u00a0\u00bb background_color=\u00a0\u00bb#FFFFFF\u00a0\u00bb background_enable_color=\u00a0\u00bboff\u00a0\u00bb custom_button=\u00a0\u00bbon\u00a0\u00bb button_text_color=\u00a0\u00bb#ffffff\u00a0\u00bb button_bg_color=\u00a0\u00bb#03506f\u00a0\u00bb button_border_width=\u00a0\u00bb0px\u00a0\u00bb button_border_color=\u00a0\u00bbRGBA(0,0,0,0)\u00a0\u00bb button_border_radius=\u00a0\u00bb24px\u00a0\u00bb button_font=\u00a0\u00bbABeeZee||||||||\u00a0\u00bb button_icon_placement=\u00a0\u00bbright\u00a0\u00bb background_layout=\u00a0\u00bblight\u00a0\u00bb box_shadow_style_button=\u00a0\u00bbpreset3&Prime; global_colors_info=\u00a0\u00bb{}\u00a0\u00bb button_bg_color__hover_enabled=\u00a0\u00bbon|hover\u00a0\u00bb button_bg_color__hover=\u00a0\u00bb#1aa6b7&Prime; button_bg_enable_color__hover=\u00a0\u00bbon\u00a0\u00bb sticky_transition=\u00a0\u00bbon\u00a0\u00bb]<\/p>\n<p><span style=\"font-weight: 400;\"><\/span><\/p>\n<p><span style=\"font-weight: 400;\">Le Comit\u00e9 europ\u00e9en de la protection des donn\u00e9es est un organe ind\u00e9pendant qui veille \u00e0 l\u2019application coh\u00e9rente du r\u00e8glement g\u00e9n\u00e9ral sur la protection des donn\u00e9es par les Etats-membres de l\u2019Union Europ\u00e9enne. Elle promeut \u00e9galement la coop\u00e9ration entre les autorit\u00e9s de protection des donn\u00e9es pr\u00e9sentes sur ce m\u00eame territoire.<\/span><\/p>\n<p>[\/et_pb_slide][et_pb_slide heading=\u00a0\u00bbCONSEIL SCIENTIFIQUE \u00a0\u00bb button_text=\u00a0\u00bbEn savoir plus\u00a0\u00bb button_link=\u00a0\u00bbhttps:\/\/solidarites-sante.gouv.fr\/actualites\/presse\/dossiers-de-presse\/article\/conseil-scientifique-covid-19&Prime; image=\u00a0\u00bbhttps:\/\/mastercommunicationnumerique.fr\/2021-2022\/groupe3\/wp-content\/uploads\/2022\/03\/images.png\u00a0\u00bb _builder_version=\u00a0\u00bb4.10.5&Prime; _module_preset=\u00a0\u00bbdefault\u00a0\u00bb header_font=\u00a0\u00bbCabin||||||||\u00a0\u00bb header_text_color=\u00a0\u00bb#03506f\u00a0\u00bb body_font=\u00a0\u00bbABeeZee||||||||\u00a0\u00bb body_text_align=\u00a0\u00bbleft\u00a0\u00bb body_text_color=\u00a0\u00bb#03506f\u00a0\u00bb background_color=\u00a0\u00bb#FFFFFF\u00a0\u00bb background_enable_color=\u00a0\u00bboff\u00a0\u00bb custom_button=\u00a0\u00bbon\u00a0\u00bb button_text_color=\u00a0\u00bb#ffffff\u00a0\u00bb button_bg_color=\u00a0\u00bb#03506f\u00a0\u00bb button_border_width=\u00a0\u00bb0px\u00a0\u00bb button_border_color=\u00a0\u00bbRGBA(0,0,0,0)\u00a0\u00bb button_border_radius=\u00a0\u00bb24px\u00a0\u00bb button_font=\u00a0\u00bbABeeZee||||||||\u00a0\u00bb button_icon_placement=\u00a0\u00bbright\u00a0\u00bb background_layout=\u00a0\u00bblight\u00a0\u00bb box_shadow_style_button=\u00a0\u00bbpreset3&Prime; global_colors_info=\u00a0\u00bb{}\u00a0\u00bb button_bg_color__hover_enabled=\u00a0\u00bbon|hover\u00a0\u00bb button_bg_color__hover=\u00a0\u00bb#1aa6b7&Prime; button_bg_enable_color__hover=\u00a0\u00bbon\u00a0\u00bb sticky_transition=\u00a0\u00bbon\u00a0\u00bb]<\/p>\n<p><span style=\"font-weight: 400;\"><\/span><\/p>\n<p><span style=\"font-weight: 400;\">Le conseil scientifique Covid-19 est une organisation cr\u00e9\u00e9e \u00e0 la demande du pr\u00e9sident de la R\u00e9publique Emmanuel Macron. Compos\u00e9e d\u2019une dizaine de scientifiques, cette organisation est charg\u00e9e d&rsquo;\u00e9clairer la d\u00e9cision publique pour lutter contre la pand\u00e9mie de Covid-19 en France. Elle aborde ainsi les questions relatives au maintien des infrastructures \u00e9lectriques, num\u00e9riques, et au maintien de l&rsquo;ordre.<\/span><\/p>\n<p>[\/et_pb_slide][\/et_pb_fullwidth_slider][\/et_pb_section]<\/p>\n","protected":false},"excerpt":{"rendered":"<p>D\u00e8s l\u2019annonce de la mise en place d\u2019une application bas\u00e9e sur le contact tracing, des points de vue divergents ont vu le jour notamment s\u2019agissant de l\u2019utilit\u00e9 et de la n\u00e9cessit\u00e9 d\u2019une telle mesure. Plus encore, de nombreux d\u00e9bats ont \u00e9merg\u00e9 s\u2019agissant de la s\u00e9curit\u00e9 et de la protection des donn\u00e9es personnelles et des libert\u00e9s [&hellip;]<\/p>\n","protected":false},"author":4,"featured_media":0,"parent":0,"menu_order":0,"comment_status":"closed","ping_status":"closed","template":"","meta":{"_et_pb_use_builder":"on","_et_pb_old_content":"","_et_gb_content_width":"","footnotes":""},"class_list":["post-29149","page","type-page","status-publish","hentry"],"_links":{"self":[{"href":"https:\/\/mastercommunicationnumerique.fr\/2021-2022\/groupe3\/wp-json\/wp\/v2\/pages\/29149","targetHints":{"allow":["GET"]}}],"collection":[{"href":"https:\/\/mastercommunicationnumerique.fr\/2021-2022\/groupe3\/wp-json\/wp\/v2\/pages"}],"about":[{"href":"https:\/\/mastercommunicationnumerique.fr\/2021-2022\/groupe3\/wp-json\/wp\/v2\/types\/page"}],"author":[{"embeddable":true,"href":"https:\/\/mastercommunicationnumerique.fr\/2021-2022\/groupe3\/wp-json\/wp\/v2\/users\/4"}],"replies":[{"embeddable":true,"href":"https:\/\/mastercommunicationnumerique.fr\/2021-2022\/groupe3\/wp-json\/wp\/v2\/comments?post=29149"}],"version-history":[{"count":41,"href":"https:\/\/mastercommunicationnumerique.fr\/2021-2022\/groupe3\/wp-json\/wp\/v2\/pages\/29149\/revisions"}],"predecessor-version":[{"id":30827,"href":"https:\/\/mastercommunicationnumerique.fr\/2021-2022\/groupe3\/wp-json\/wp\/v2\/pages\/29149\/revisions\/30827"}],"wp:attachment":[{"href":"https:\/\/mastercommunicationnumerique.fr\/2021-2022\/groupe3\/wp-json\/wp\/v2\/media?parent=29149"}],"curies":[{"name":"wp","href":"https:\/\/api.w.org\/{rel}","templated":true}]}}