{"id":28839,"date":"2021-11-19T15:16:26","date_gmt":"2021-11-19T14:16:26","guid":{"rendered":"https:\/\/controverses-groupe3.mastercommunicationnumerique.fr\/?page_id=28839"},"modified":"2022-03-23T19:02:16","modified_gmt":"2022-03-23T18:02:16","slug":"cv-ines","status":"publish","type":"page","link":"https:\/\/mastercommunicationnumerique.fr\/2021-2022\/groupe3\/cv-ines\/","title":{"rendered":"CV In\u00e8s"},"content":{"rendered":"<p>[et_pb_section fb_built=\u00a0\u00bb1&Prime; _builder_version=\u00a0\u00bb4.10.5&Prime; _module_preset=\u00a0\u00bbdefault\u00a0\u00bb custom_padding=\u00a0\u00bb8px|||||\u00a0\u00bb global_colors_info=\u00a0\u00bb{}\u00a0\u00bb][et_pb_row column_structure=\u00a0\u00bb1_3,1_3,1_3&Prime; use_custom_gutter=\u00a0\u00bbon\u00a0\u00bb gutter_width=\u00a0\u00bb2&Prime; make_equal=\u00a0\u00bbon\u00a0\u00bb _builder_version=\u00a0\u00bb4.10.5&Prime; _module_preset=\u00a0\u00bbdefault\u00a0\u00bb custom_padding=\u00a0\u00bb0px|||||\u00a0\u00bb global_colors_info=\u00a0\u00bb{}\u00a0\u00bb][et_pb_column type=\u00a0\u00bb1_3&Prime; _builder_version=\u00a0\u00bb4.10.5&Prime; _module_preset=\u00a0\u00bbdefault\u00a0\u00bb background_color=\u00a0\u00bb#f9cccc\u00a0\u00bb background_enable_image=\u00a0\u00bboff\u00a0\u00bb background_size=\u00a0\u00bbcontain\u00a0\u00bb global_colors_info=\u00a0\u00bb{}\u00a0\u00bb][et_pb_text _builder_version=\u00a0\u00bb4.10.5&Prime; _module_preset=\u00a0\u00bbdefault\u00a0\u00bb background_enable_image=\u00a0\u00bboff\u00a0\u00bb background_size=\u00a0\u00bbinitial\u00a0\u00bb min_height=\u00a0\u00bb11px\u00a0\u00bb custom_margin=\u00a0\u00bb1px|||||\u00a0\u00bb custom_padding=\u00a0\u00bb70px|30px||30px|false|false\u00a0\u00bb global_colors_info=\u00a0\u00bb{}\u00a0\u00bb]<\/p>\n<h3 style=\"text-align: center;\"><strong>Contact<\/strong><\/h3>\n<p>[\/et_pb_text][et_pb_text _builder_version=\u00a0\u00bb4.10.5&Prime; _module_preset=\u00a0\u00bbdefault\u00a0\u00bb background_enable_image=\u00a0\u00bboff\u00a0\u00bb background_size=\u00a0\u00bbinitial\u00a0\u00bb min_height=\u00a0\u00bb89px\u00a0\u00bb custom_padding=\u00a0\u00bb0px|30px|70px|30px|false|false\u00a0\u00bb hover_enabled=\u00a0\u00bb0&Prime; global_colors_info=\u00a0\u00bb{}\u00a0\u00bb sticky_enabled=\u00a0\u00bb0&Prime;]<\/p>\n<p><img loading=\"lazy\" decoding=\"async\" src=\"https:\/\/mastercommunicationnumerique.fr\/2021-2022\/groupe3\/wp-content\/uploads\/2022\/03\/Sans-titre-4.png\" width=\"18\" height=\"18\" alt=\"\" class=\"wp-image-30459 alignnone size-full\" srcset=\"https:\/\/mastercommunicationnumerique.fr\/2021-2022\/groupe3\/wp-content\/uploads\/2022\/03\/Sans-titre-4.png 168w, https:\/\/mastercommunicationnumerique.fr\/2021-2022\/groupe3\/wp-content\/uploads\/2022\/03\/Sans-titre-4-150x150.png 150w\" sizes=\"auto, (max-width: 18px) 100vw, 18px\" \/>\u00a0 5 Rue des lamparos, 66 000 Perpignan<\/p>\n<p><img loading=\"lazy\" decoding=\"async\" src=\"https:\/\/mastercommunicationnumerique.fr\/2021-2022\/groupe3\/wp-content\/uploads\/2022\/03\/Sans-tie-4.png\" width=\"18\" height=\"18\" alt=\"\" class=\"wp-image-30458 alignnone size-full\" srcset=\"https:\/\/mastercommunicationnumerique.fr\/2021-2022\/groupe3\/wp-content\/uploads\/2022\/03\/Sans-tie-4.png 237w, https:\/\/mastercommunicationnumerique.fr\/2021-2022\/groupe3\/wp-content\/uploads\/2022\/03\/Sans-tie-4-150x150.png 150w\" sizes=\"auto, (max-width: 18px) 100vw, 18px\" \/>\u00a0 06 14 86 27 93<\/p>\n<p><img loading=\"lazy\" decoding=\"async\" src=\"https:\/\/mastercommunicationnumerique.fr\/2021-2022\/groupe3\/wp-content\/uploads\/2022\/03\/Sans-titr-4.png\" width=\"17\" height=\"19\" alt=\"\" class=\"wp-image-30460 alignnone size-full\" \/>\u00a0 salahines66@gmail.com<\/p>\n<p>[\/et_pb_text][\/et_pb_column][et_pb_column type=\u00a0\u00bb1_3&Prime; _builder_version=\u00a0\u00bb4.10.5&Prime; _module_preset=\u00a0\u00bbdefault\u00a0\u00bb global_colors_info=\u00a0\u00bb{}\u00a0\u00bb][et_pb_image src=\u00a0\u00bbhttps:\/\/mastercommunicationnumerique.fr\/2021-2022\/groupe3\/wp-content\/uploads\/2021\/11\/Sans-titre-11-3.png\u00a0\u00bb title_text=\u00a0\u00bbSans titre &#8211; 11&Prime; align=\u00a0\u00bbcenter\u00a0\u00bb _builder_version=\u00a0\u00bb4.10.5&Prime; _module_preset=\u00a0\u00bbdefault\u00a0\u00bb width=\u00a0\u00bb70%\u00a0\u00bb min_height=\u00a0\u00bb166px\u00a0\u00bb custom_padding=\u00a0\u00bb6px|||||\u00a0\u00bb global_colors_info=\u00a0\u00bb{}\u00a0\u00bb][\/et_pb_image][\/et_pb_column][et_pb_column type=\u00a0\u00bb1_3&Prime; _builder_version=\u00a0\u00bb4.10.5&Prime; _module_preset=\u00a0\u00bbdefault\u00a0\u00bb custom_padding=\u00a0\u00bb0px||||false|false\u00a0\u00bb global_colors_info=\u00a0\u00bb{}\u00a0\u00bb][et_pb_text _builder_version=\u00a0\u00bb4.10.5&Prime; _module_preset=\u00a0\u00bbdefault\u00a0\u00bb text_font_size=\u00a0\u00bb13px\u00a0\u00bb background_color=\u00a0\u00bb#f9cccc\u00a0\u00bb background_enable_image=\u00a0\u00bboff\u00a0\u00bb background_size=\u00a0\u00bbcontain\u00a0\u00bb width=\u00a0\u00bb100%\u00a0\u00bb min_height=\u00a0\u00bb302px\u00a0\u00bb custom_margin=\u00a0\u00bb0px||0px||false|false\u00a0\u00bb custom_padding=\u00a0\u00bb50px|20px|50px|20px|false|false\u00a0\u00bb hover_enabled=\u00a0\u00bb0&Prime; global_colors_info=\u00a0\u00bb{}\u00a0\u00bb sticky_enabled=\u00a0\u00bb0&Prime;]<\/p>\n<h3 style=\"text-align: justify;\"><\/h3>\n<h3 style=\"text-align: center;\"><strong>In\u00e8s Salah<\/strong><\/h3>\n<p style=\"text-align: center;\">Ambitieuse et dynamique, je suis \u00e9tudiante en Master 2 de Communication dans le Num\u00e9rique. Je suis \u00e0 la recherche d&rsquo;un poste en tant que community manager au sein d&rsquo;une agence.<\/p>\n<p>[\/et_pb_text][\/et_pb_column][\/et_pb_row][et_pb_row column_structure=\u00a0\u00bb2_5,3_5&Prime; use_custom_gutter=\u00a0\u00bbon\u00a0\u00bb gutter_width=\u00a0\u00bb2&Prime; _builder_version=\u00a0\u00bb4.10.5&Prime; _module_preset=\u00a0\u00bbdefault\u00a0\u00bb custom_margin=\u00a0\u00bb35px|auto||auto||\u00a0\u00bb global_colors_info=\u00a0\u00bb{}\u00a0\u00bb][et_pb_column type=\u00a0\u00bb2_5&Prime; _builder_version=\u00a0\u00bb4.10.5&Prime; _module_preset=\u00a0\u00bbdefault\u00a0\u00bb global_colors_info=\u00a0\u00bb{}\u00a0\u00bb][et_pb_text _builder_version=\u00a0\u00bb4.10.5&Prime; _module_preset=\u00a0\u00bbdefault\u00a0\u00bb background_color=\u00a0\u00bb#f9cccc\u00a0\u00bb width=\u00a0\u00bb29%\u00a0\u00bb border_radii=\u00a0\u00bbon|28px|28px|28px|28px\u00a0\u00bb global_colors_info=\u00a0\u00bb{}\u00a0\u00bb]<\/p>\n<p style=\"text-align: center;\"><strong>Qualit\u00e9s<\/strong><\/p>\n<p>[\/et_pb_text][et_pb_image src=\u00a0\u00bbhttps:\/\/mastercommunicationnumerique.fr\/2021-2022\/groupe3\/wp-content\/uploads\/2022\/01\/Capture-decran-2022-01-14-a-15.20.07.png\u00a0\u00bb title_text=\u00a0\u00bbCapture d\u2019\u00e9cran 2022-01-14 \u00e0 15.20.07&Prime; _builder_version=\u00a0\u00bb4.10.5&Prime; _module_preset=\u00a0\u00bbdefault\u00a0\u00bb width=\u00a0\u00bb71%\u00a0\u00bb module_alignment=\u00a0\u00bbleft\u00a0\u00bb global_colors_info=\u00a0\u00bb{}\u00a0\u00bb][\/et_pb_image][et_pb_text _builder_version=\u00a0\u00bb4.10.5&Prime; _module_preset=\u00a0\u00bbdefault\u00a0\u00bb background_color=\u00a0\u00bb#f9cccc\u00a0\u00bb width=\u00a0\u00bb56%\u00a0\u00bb border_radii=\u00a0\u00bbon|17px|17px|17px|17px\u00a0\u00bb global_colors_info=\u00a0\u00bb{}\u00a0\u00bb]<\/p>\n<p style=\"text-align: center;\"><strong>Comp\u00e9tences techniques<\/strong><\/p>\n<p>[\/et_pb_text][et_pb_image src=\u00a0\u00bbhttps:\/\/mastercommunicationnumerique.fr\/2021-2022\/groupe3\/wp-content\/uploads\/2022\/03\/Compe\u0301tences.png\u00a0\u00bb title_text=\u00a0\u00bbCompe\u0301tences\u00a0\u00bb _builder_version=\u00a0\u00bb4.10.5&Prime; _module_preset=\u00a0\u00bbdefault\u00a0\u00bb width=\u00a0\u00bb74%\u00a0\u00bb global_colors_info=\u00a0\u00bb{}\u00a0\u00bb][\/et_pb_image][et_pb_text _builder_version=\u00a0\u00bb4.10.5&Prime; _module_preset=\u00a0\u00bbdefault\u00a0\u00bb background_color=\u00a0\u00bb#f9cccc\u00a0\u00bb width=\u00a0\u00bb56%\u00a0\u00bb border_radii=\u00a0\u00bbon|20px|20px|20px|20px\u00a0\u00bb global_colors_info=\u00a0\u00bb{}\u00a0\u00bb]<\/p>\n<p style=\"text-align: center;\"><strong>Comp\u00e9tences linguistiques\u00a0<\/strong><\/p>\n<p>[\/et_pb_text][et_pb_image src=\u00a0\u00bbhttps:\/\/mastercommunicationnumerique.fr\/2021-2022\/groupe3\/wp-content\/uploads\/2022\/03\/langue.png\u00a0\u00bb title_text=\u00a0\u00bblangue\u00a0\u00bb _builder_version=\u00a0\u00bb4.10.5&Prime; _module_preset=\u00a0\u00bbdefault\u00a0\u00bb width=\u00a0\u00bb67%\u00a0\u00bb module_alignment=\u00a0\u00bbleft\u00a0\u00bb custom_padding=\u00a0\u00bb0px||0px|||\u00a0\u00bb global_colors_info=\u00a0\u00bb{}\u00a0\u00bb][\/et_pb_image][et_pb_text _builder_version=\u00a0\u00bb4.10.5&Prime; _module_preset=\u00a0\u00bbdefault\u00a0\u00bb background_color=\u00a0\u00bb#f9cccc\u00a0\u00bb width=\u00a0\u00bb56%\u00a0\u00bb border_radii=\u00a0\u00bbon|20px|20px|20px|20px\u00a0\u00bb global_colors_info=\u00a0\u00bb{}\u00a0\u00bb]<\/p>\n<p style=\"text-align: center;\"><strong>Int\u00e9r\u00eats<\/strong><\/p>\n<p>[\/et_pb_text][et_pb_image src=\u00a0\u00bbhttps:\/\/mastercommunicationnumerique.fr\/2021-2022\/groupe3\/wp-content\/uploads\/2022\/03\/interets.png\u00a0\u00bb title_text=\u00a0\u00bbinterets\u00a0\u00bb _builder_version=\u00a0\u00bb4.10.5&Prime; _module_preset=\u00a0\u00bbdefault\u00a0\u00bb width=\u00a0\u00bb77%\u00a0\u00bb global_colors_info=\u00a0\u00bb{}\u00a0\u00bb][\/et_pb_image][\/et_pb_column][et_pb_column type=\u00a0\u00bb3_5&Prime; _builder_version=\u00a0\u00bb4.10.5&Prime; _module_preset=\u00a0\u00bbdefault\u00a0\u00bb global_colors_info=\u00a0\u00bb{}\u00a0\u00bb][et_pb_text _builder_version=\u00a0\u00bb4.10.5&Prime; _module_preset=\u00a0\u00bbdefault\u00a0\u00bb background_color=\u00a0\u00bb#f9cccc\u00a0\u00bb width=\u00a0\u00bb29%\u00a0\u00bb border_radii=\u00a0\u00bbon|28px|28px|28px|28px\u00a0\u00bb global_colors_info=\u00a0\u00bb{}\u00a0\u00bb]<\/p>\n<p style=\"text-align: center;\"><strong>Exp\u00e9riences<\/strong><\/p>\n<p>[\/et_pb_text][et_pb_text _builder_version=\u00a0\u00bb4.10.5&Prime; _module_preset=\u00a0\u00bbdefault\u00a0\u00bb min_height=\u00a0\u00bb388px\u00a0\u00bb custom_margin=\u00a0\u00bb39px|||||\u00a0\u00bb custom_padding=\u00a0\u00bb4px|||||\u00a0\u00bb global_colors_info=\u00a0\u00bb{}\u00a0\u00bb]<\/p>\n<p><span style=\"color: #f9cccc;\"><strong>Pilotage de site web &#8211; Association Une lettre d\u2019espoir<\/strong><\/span><br \/><strong><span style=\"color: #bcb3b3;\">Toulouse &#8211; 2021<\/span><\/strong><br \/>Refonte de site Web, r\u00e9aliser la conception fonctionnelle et technique du site.<\/p>\n<p><span style=\"color: #f9cccc;\"><strong>Strat\u00e9gie de communication &#8211; Association R\u00eaves32<\/strong><\/span><br \/><span style=\"color: #bcb3b3;\"><strong>Toulouse &#8211; 2020<\/strong><\/span><br \/>Expliciter le besoin de l\u2019organisation, formuler un diagnostic et des pr\u00e9conisatio, gestion des r\u00e9seaux sociaux.<\/p>\n<p><span style=\"color: #f9cccc;\"><strong>Assistance r\u00e9alisation audiovisuelle &#8211; Entreprise Donoma Guerilla<\/strong><\/span><br \/><span style=\"color: #bcb3b3;\"><strong>Perpignan &#8211; 2016<\/strong><\/span><br \/>Montage vid\u00e9o, Gestion des r\u00e9seaux sociaux, \u00e9venementiel.<\/p>\n<p><span style=\"color: #f9cccc;\"><strong>Equipi\u00e8re &#8211; Quick<\/strong><\/span><br \/><span style=\"color: #bcb3b3;\"><strong>Perpignan &#8211; 2018<\/strong><\/span><br \/>Renseigner le client, conseils produits, vente et encaissement.<\/p>\n<p>[\/et_pb_text][et_pb_text _builder_version=\u00a0\u00bb4.10.5&Prime; _module_preset=\u00a0\u00bbdefault\u00a0\u00bb background_color=\u00a0\u00bb#f9cccc\u00a0\u00bb width=\u00a0\u00bb29%\u00a0\u00bb border_radii=\u00a0\u00bbon|28px|28px|28px|28px\u00a0\u00bb global_colors_info=\u00a0\u00bb{}\u00a0\u00bb]<\/p>\n<p style=\"text-align: center;\"><strong>Education<\/strong><\/p>\n<p>[\/et_pb_text][et_pb_text _builder_version=\u00a0\u00bb4.10.5&Prime; _module_preset=\u00a0\u00bbdefault\u00a0\u00bb custom_padding=\u00a0\u00bb|48px|35px|||\u00a0\u00bb global_colors_info=\u00a0\u00bb{}\u00a0\u00bb]<\/p>\n<p><span style=\"color: #f9cccc;\"><strong>Master 2 &#8211; Information Communication<\/strong> <\/span><strong><span style=\"color: #bcb3b3;\">Parcours Communication et Culturne Num\u00e9rique<\/span><\/strong> &#8211; En cours<\/p>\n<p><span style=\"color: #f9cccc;\"><strong>Master 1 &#8211; Information Communication<\/strong><\/span> Mention Bien<br \/>Universit\u00e9 Toulouse 1 capitole &#8211; 2020\/2021<\/p>\n<p><span style=\"color: #f9cccc;\"><strong>Licence Sciences Humaines et Sociales Parcours<\/strong> <strong>Sociologie<\/strong><\/span> &#8211; Mention Tr\u00e8s Bien<br \/>Universit\u00e9 de Bordeaux &#8211; 2017\/2020<\/p>\n<p><span style=\"color: #f9cccc;\"><strong>Baccalaur\u00e9at \u00c9conomique et Social<\/strong><\/span> <span style=\"color: #bcb3b3;\"><strong>Option Sciences Politiques<\/strong><\/span><br \/>Lyc\u00e9e Pablo Picasso, Perpignan- 2016<\/p>\n<p>[\/et_pb_text][\/et_pb_column][\/et_pb_row][\/et_pb_section]<\/p>\n","protected":false},"excerpt":{"rendered":"<p>Contact\u00a0 5 Rue des lamparos, 66 000 Perpignan \u00a0 06 14 86 27 93 \u00a0 salahines66@gmail.com In\u00e8s Salah Ambitieuse et dynamique, je suis \u00e9tudiante en Master 2 de Communication dans le Num\u00e9rique. Je suis \u00e0 la recherche d&rsquo;un poste en tant que community manager au sein d&rsquo;une agence.Qualit\u00e9sComp\u00e9tences techniquesComp\u00e9tences linguistiques\u00a0Int\u00e9r\u00eatsExp\u00e9riencesPilotage de site web &#8211; Association [&hellip;]<\/p>\n","protected":false},"author":5,"featured_media":0,"parent":0,"menu_order":0,"comment_status":"closed","ping_status":"closed","template":"","meta":{"_et_pb_use_builder":"on","_et_pb_old_content":"","_et_gb_content_width":"","footnotes":""},"class_list":["post-28839","page","type-page","status-publish","hentry"],"_links":{"self":[{"href":"https:\/\/mastercommunicationnumerique.fr\/2021-2022\/groupe3\/wp-json\/wp\/v2\/pages\/28839","targetHints":{"allow":["GET"]}}],"collection":[{"href":"https:\/\/mastercommunicationnumerique.fr\/2021-2022\/groupe3\/wp-json\/wp\/v2\/pages"}],"about":[{"href":"https:\/\/mastercommunicationnumerique.fr\/2021-2022\/groupe3\/wp-json\/wp\/v2\/types\/page"}],"author":[{"embeddable":true,"href":"https:\/\/mastercommunicationnumerique.fr\/2021-2022\/groupe3\/wp-json\/wp\/v2\/users\/5"}],"replies":[{"embeddable":true,"href":"https:\/\/mastercommunicationnumerique.fr\/2021-2022\/groupe3\/wp-json\/wp\/v2\/comments?post=28839"}],"version-history":[{"count":11,"href":"https:\/\/mastercommunicationnumerique.fr\/2021-2022\/groupe3\/wp-json\/wp\/v2\/pages\/28839\/revisions"}],"predecessor-version":[{"id":30840,"href":"https:\/\/mastercommunicationnumerique.fr\/2021-2022\/groupe3\/wp-json\/wp\/v2\/pages\/28839\/revisions\/30840"}],"wp:attachment":[{"href":"https:\/\/mastercommunicationnumerique.fr\/2021-2022\/groupe3\/wp-json\/wp\/v2\/media?parent=28839"}],"curies":[{"name":"wp","href":"https:\/\/api.w.org\/{rel}","templated":true}]}}